{"id":1925,"date":"2018-08-13T14:20:52","date_gmt":"2018-08-13T12:20:52","guid":{"rendered":"https:\/\/www.buendnerfleisch.swiss\/?page_id=1925"},"modified":"2024-10-16T13:53:26","modified_gmt":"2024-10-16T11:53:26","slug":"privacy-policy","status":"publish","type":"page","link":"https:\/\/www.buendnerfleisch.swiss\/en\/privacy-policy\/","title":{"rendered":"Privacy Policy"},"content":{"rendered":"<div  class='flex_column av-b9rled-217e47391c7346ccc928587136eeb40d av_one_fifth  avia-builder-el-0  el_before_av_three_fifth  avia-builder-el-first  first flex_column_div  '     ><\/div>\n<div  class='flex_column av-8l4xx1-638d09d339c803974d10585147997ca5 av_three_fifth  avia-builder-el-1  el_after_av_one_fifth  el_before_av_one_fifth  flex_column_div  '     ><p>\n<style type=\"text\/css\" data-created_by=\"avia_inline_auto\" id=\"style-css-av-7wf8lh-7eb7187749bad6a19573576c3b977999\">\n#top .hr.hr-invisible.av-7wf8lh-7eb7187749bad6a19573576c3b977999{\nheight:50px;\n}\n<\/style>\n<div  class='hr av-7wf8lh-7eb7187749bad6a19573576c3b977999 hr-invisible  avia-builder-el-2  el_before_av_textblock  avia-builder-el-first '><span class='hr-inner '><span class=\"hr-inner-style\"><\/span><\/span><\/div><br \/>\n<section  class='av_textblock_section av-lzscrr2w-1984bc60803ff935f799ebe24e60f22a '   itemscope=\"itemscope\" itemtype=\"https:\/\/schema.org\/CreativeWork\" ><div class='avia_textblock'  itemprop=\"text\" ><h1>Privacy Policy<\/h1>\n<\/div><\/section><br \/>\n\n<style type=\"text\/css\" data-created_by=\"avia_inline_auto\" id=\"style-css-av-55rhxx-8a050c28063cac0132526f63d9db9104\">\n#top .hr.hr-invisible.av-55rhxx-8a050c28063cac0132526f63d9db9104{\nheight:50px;\n}\n<\/style>\n<div  class='hr av-55rhxx-8a050c28063cac0132526f63d9db9104 hr-invisible  avia-builder-el-4  el_after_av_textblock  el_before_av_textblock '><span class='hr-inner '><span class=\"hr-inner-style\"><\/span><\/span><\/div><br \/>\n<section  class='av_textblock_section av-4ie0qd-fc956da1292593c6b78e1db6be552c4e '   itemscope=\"itemscope\" itemtype=\"https:\/\/schema.org\/CreativeWork\" ><div class='avia_textblock'  itemprop=\"text\" ><p>Mit dieser <strong>Datenschutzerkl\u00e4rung<\/strong> informieren wir \u00fcber die Bearbeitung von Personendaten im Zusammenhang mit unseren <strong>Aktivit\u00e4ten und T\u00e4tigkeiten <\/strong> einschliesslich unserer <strong>buendnerfleisch.swiss-Website<\/strong>. Wir informieren insbesondere, wof\u00fcr, wie und wo wir welche Personendaten bearbeiten. Wir informieren ausserdem \u00fcber die Rechte von Personen, deren Daten wir bearbeiten.<\/p>\n<p>F\u00fcr einzelne oder zus\u00e4tzliche Aktivit\u00e4ten und T\u00e4tigkeiten k\u00f6nnen weitere Datenschutzerkl\u00e4rungen oder sonstige Informationen zum Datenschutz gelten.<\/p>\n<p>Wir unterliegen dem schweizerischen Datenschutzrecht sowie allenfalls anwendbarem ausl\u00e4ndischem Datenschutz\u00adrecht wie insbesondere jenem der Europ\u00e4ischen Union\u00a0(EU) mit der europ\u00e4ischen Datenschutz-Grund\u00adverordnung\u00a0(DSGVO).<\/p>\n<p>Die Europ\u00e4ische Kommission anerkannte mit <a href=\"https:\/\/eur-lex.europa.eu\/legal-content\/DE\/TXT\/?uri=CELEX%3A32000D0518\" target=\"_blank\" rel=\"nofollow noopener noreferrer\">Entscheidung vom 26.\u00a0Juli 2000<\/a>, dass das schweizerische Datenschutzrecht einen angemessenen Datenschutz gew\u00e4hrleistet. Mit <a href=\"https:\/\/ec.europa.eu\/commission\/presscorner\/detail\/de\/ip_24_161\" target=\"_blank\" rel=\"nofollow noopener noreferrer\">Bericht vom 15.\u00a0Januar 2024<\/a> best\u00e4tigte die Europ\u00e4ische Kommission diesen Angemessenheits\u00adbeschluss.<\/p>\n<h2 id=\"kontaktadressen\">1. Kontakt\u00adadressen<\/h2>\n<p>Verantwortung f\u00fcr die Bearbeitung von Personendaten:<\/p>\n<p><strong id=\"verantwortlicher\">Verband B\u00fcndner Fleischfabrikanten VBF<br \/>\n<\/strong>Postfach 614<br \/>\n7007 Chur<\/p>\n<p><a href=\"mailto:info@buendnerfleisch.swiss\">info@buendnerfleisch.swiss<\/a><\/p>\n<p>Im Einzelfall k\u00f6nnen Dritte f\u00fcr die Bearbeitung von Personendaten verantwortlich sein oder es kann eine gemeinsame Verantwortlichkeit mit Dritten bestehen.<\/p>\n<h3 id=\"datenschutzbeauftragte\">Daten\u00adschutz\u00adbeauftragte bzw. Daten\u00adschutz\u00adberater<\/h3>\n<p>Wir verf\u00fcgen \u00fcber die nachfolgende Daten\u00adschutz\u00adbeauftragte bzw. den nachfolgenden Daten\u00adschutz\u00adberater als Anlauf\u00adstelle f\u00fcr betroffene Personen und Beh\u00f6rden bei Anfragen im Zusammenhang mit dem Daten\u00adschutz:<\/p>\n<p><strong>Gianina Br\u00fcgger<br \/>\n<\/strong>Postfach 614<br \/>\n7007 Chur<\/p>\n<p><a href=\"mailto:info@buendnerfleisch.swiss\">info@buendnerfleisch.swiss<\/a><\/p>\n<h2 id=\"begriffe-rechtsgrundlagen\">2. Begriffe und Rechts\u00adgrundlagen<\/h2>\n<h3 id=\"begriffe\">2.1 Begriffe<\/h3>\n<p><strong>Betroffene Person:<\/strong> Nat\u00fcrliche Person, \u00fcber die wir Personen\u00addaten bearbeiten.<\/p>\n<p><strong>Personen\u00addaten:<\/strong> <em>Alle<\/em> Angaben, die sich auf eine bestimmte oder bestimmbare nat\u00fcrliche Person beziehen.<\/p>\n<p><strong>Besonders sch\u00fctzenswerte Personen\u00addaten:<\/strong> Daten \u00fcber gewerk\u00adschaftliche, politische, religi\u00f6se oder welt\u00adanschauliche Ansichten und T\u00e4tigkeiten, Daten \u00fcber die Gesund\u00adheit, die Intim\u00adsph\u00e4re oder die Zugeh\u00f6rigkeit zu einer Ethnie oder Rasse, genetische Daten, biometrische Daten, die eine nat\u00fcrliche Person eindeutig identifizieren, Daten \u00fcber straf- und verwaltungs\u00adrechtliche Sanktionen oder Verfolgungen, und Daten \u00fcber Mass\u00adnahmen der sozialen Hilfe.<\/p>\n<p><strong>Bearbeiten:<\/strong> <em>Jeden<\/em> Umgang mit Personen\u00addaten, <em>unabh\u00e4ngig<\/em> von den angewandten Mitteln und Verfahren, beispielsweise das Abfragen, Abgleichen, Anpassen, Archivieren, Aufbewahren, Auslesen, Bekannt\u00adgeben, Beschaffen, Erfassen, Erheben, L\u00f6schen, Offenlegen, Ordnen, Organisieren, Speichern, Ver\u00e4ndern, Verbreiten, Verkn\u00fcpfen, Vernichten und Verwenden von Personen\u00addaten.<\/p>\n<p><strong>Europ\u00e4ischer Wirtschafts\u00adraum\u00a0(EWR):<\/strong> <a href=\"https:\/\/de.wikipedia.org\/wiki\/Mitgliedstaaten_der_Europ%C3%A4ischen_Union\" target=\"_blank\" rel=\"nofollow noopener\">Mitglied\u00adstaaten der Europ\u00e4ischen Union<\/a>\u00a0(EU) sowie das F\u00fcrstentum Liechten\u00adstein, Island und Norwegen.<\/p>\n<p><strong>Hinweis:<\/strong> Die europ\u00e4ische Daten\u00adschutz-Grund\u00adverordnung\u00a0(DSGVO) bezeichnet die Bearbeitung von Personen\u00addaten als Verarbeitung personen\u00adbezogener Daten und die Bearbeitung von besonders sch\u00fctzenswerten Personen\u00addaten als Verarbeitung besonderer Kategorien personen\u00adbezogener Daten <a href=\"https:\/\/www.datenschutzpartner.ch\/dsgvo\/dsgvo-9\/\" target=\"_blank\" rel=\"nofollow noopener\">(Art.\u00a09 DSGVO)<\/a>.<\/p>\n<h3 id=\"rechtsgrundlagen\">2.2 Rechts\u00adgrundlagen<\/h3>\n<p>Wir bearbeiten Personen\u00addaten im Einklang mit dem schweizerischen Daten\u00adschutz\u00adrecht wie insbesondere dem <a href=\"https:\/\/www.fedlex.admin.ch\/eli\/oc\/2022\/491\/de\" target=\"_blank\" rel=\"nofollow noopener noreferrer\">Bundes\u00adgesetz \u00fcber den Daten\u00adschutz<\/a> (Daten\u00adschutz\u00adgesetz, DSG) und der <a href=\"https:\/\/www.fedlex.admin.ch\/eli\/oc\/2022\/568\/de\" target=\"_blank\" rel=\"nofollow noopener\">Verordnung \u00fcber den Daten\u00adschutz<\/a> (Daten\u00adschutz\u00adverordnung, DSV).<\/p>\n<p><span id=\"rechtsgrundlagen-dsgvo\">Wir bearbeiten\u00a0\u2013 sofern und soweit die Daten\u00adschutz-Grund\u00adverordnung (DSGVO) anwendbar ist\u00a0\u2013 Personen\u00addaten bzw. personenbezogene Daten gem\u00e4ss <em>mindestens<\/em> einer der folgenden Rechts\u00adgrundlagen:<\/span><\/p>\n<ul>\n<li><a href=\"https:\/\/www.datenschutzpartner.ch\/dsgvo\/dsgvo-6\/\" target=\"_blank\" rel=\"nofollow noopener noreferrer\">Art.\u00a06 Abs.\u00a01 lit.\u00a0b DSGVO<\/a> f\u00fcr die erforderliche Bearbeitung personen\u00adbezogener Daten zur Erf\u00fcllung eines Vertrags mit der betroffenen Person sowie zur Durch\u00adf\u00fchrung vor\u00advertraglicher Mass\u00adnahmen.<\/li>\n<li>Art.\u00a06 Abs.\u00a01 lit.\u00a0f DSGVO f\u00fcr die erforderliche Bearbeitung personen\u00adbezogener Daten, um berechtigte Interessen\u00a0\u2013 auch die berechtigten Interessen Dritter\u00a0\u2013 zu wahren, sofern nicht die Grund\u00adfreiheiten und Grund\u00adrechte sowie Interessen der betroffenen Person \u00fcberwiegen. Solche Interessen sind insbesondere die dauerhafte, menschen\u00adfreundliche, sichere und zuverl\u00e4ssige Aus\u00fcbung unserer Aktivit\u00e4ten und T\u00e4tig\u00adkeiten, die Gew\u00e4hr\u00adleistung der Informations\u00adsicherheit, der Schutz vor Miss\u00adbrauch, die Durch\u00adsetzung eigener recht\u00adlicher Anspr\u00fcche und die Ein\u00adhaltung von schweizerischem Recht.<\/li>\n<li>Art.\u00a06 Abs.\u00a01 lit.\u00a0c DSGVO f\u00fcr die erforderliche Bearbeitung personen\u00adbezogener Daten zur Erf\u00fcllung einer recht\u00adlichen Ver\u00adpflichtung, der wir gem\u00e4ss allen\u00adfalls anwendbarem Recht von Mitgliedstaaten im Europ\u00e4ischen Wirtschafts\u00adraum\u00a0(EWR) unterliegen.<\/li>\n<li>Art.\u00a06 Abs.\u00a01 lit\u00a0e DSGVO f\u00fcr die erforderliche Bearbeitung personen\u00adbezogener Daten zur Wahr\u00adnehmung einer Aufgabe, die im \u00f6ffent\u00adlichen Interesse liegt.<\/li>\n<li>Art.\u00a06 Abs.\u00a01 lit.\u00a0a DSGVO f\u00fcr die Bearbeitung personen\u00adbezogener Daten mit Ein\u00adwilligung der betroffenen Person.<\/li>\n<li>Art.\u00a06 Abs.\u00a01 lit.\u00a0d DSGVO f\u00fcr die erforderliche Bearbeitung personen\u00adbezogener Daten, um lebens\u00adwichtige Interessen der betroffenen Person oder einer anderen nat\u00fcrlichen Person zu sch\u00fctzen.<\/li>\n<li><a href=\"https:\/\/www.datenschutzpartner.ch\/dsgvo\/dsgvo-9\/\" target=\"_blank\" rel=\"nofollow noopener noreferrer\">Art.\u00a09 Abs.\u00a02\u00a0ff. DSGVO<\/a> f\u00fcr die Bearbeitung besonderer Kategorien personen\u00adbezogener Daten insbesondere mit Ein\u00adwilligung der betroffenen Personen.<\/li>\n<\/ul>\n<h2 id=\"art-umfang-zweck\">3. Art, Umfang und Zweck der Bearbeitung von Personen\u00addaten<\/h2>\n<p>Wir bearbeiten jene Personen\u00addaten, die <em>erforderlich<\/em> sind, um unsere Aktivit\u00e4ten und T\u00e4tig\u00adkeiten dauerhaft, menschen\u00adfreundlich, sicher und zuverl\u00e4ssig aus\u00fcben zu k\u00f6nnen. Die bearbeiteten Personen\u00addaten k\u00f6nnen insbesondere in die Kategorien von Browser- und Ger\u00e4tedaten, Inhaltsdaten, Kommunikations\u00addaten, Metadaten, Nutzungsdaten, Stammdaten einschliesslich Bestandes- und Kontakt\u00addaten, Standortdaten, Transaktions\u00addaten, Vertrags\u00addaten und Zahlungs\u00addaten fallen.<\/p>\n<p>Wir bearbeiten auch Personen\u00addaten, die wir von Dritten erhalten, aus \u00f6ffentlich zug\u00e4nglichen Quellen beschaffen oder bei der Aus\u00fcbung unserer Aktivit\u00e4ten und T\u00e4tigkeiten erheben, soweit eine solche Bearbeitung aus rechtlichen Gr\u00fcnden zul\u00e4ssig ist.<\/p>\n<p>Wir bearbeiten Personen\u00addaten, soweit erforderlich, mit Einwilligung der betroffenen Personen. Wir k\u00f6nnen Personen\u00addaten in vielen F\u00e4llen ohne Einwilligung bearbeiten, beispielsweise um rechtliche Verpflichtungen zu erf\u00fcllen oder \u00fcberwiegende Interessen zu wahren. Wir k\u00f6nnen betroffene Personen auch um ihre Einwilligung ersuchen, wenn ihre Einwilligung nicht erforderlich ist.<\/p>\n<p>Wir bearbeiten Personen\u00addaten f\u00fcr die <em>Dauer<\/em>, die f\u00fcr den jeweiligen Zweck erforderlich ist. Wir anonymisieren bzw. l\u00f6schen Personen\u00addaten insbesondere in Abh\u00e4ngigkeit von gesetzlichen Aufbewahrungs- und Verj\u00e4hrungs\u00adfristen.<\/p>\n<h2 id=\"bekanntgabe\">4. Bekanntgabe von Personen\u00addaten<\/h2>\n<p>Wir k\u00f6nnen Personen\u00addaten <em>an Dritte bekanntgeben<\/em>, durch Dritte bearbeiten lassen oder gemeinsam mit Dritten bearbeiten. Bei solchen Dritten handelt es sich insbesondere um spezialisierte Anbieter, deren Leistungen wir in Anspruch nehmen.<\/p>\n<p>Wir k\u00f6nnen Personen\u00addaten beispielsweise an Banken und andere Finanz\u00addienstleister, Beh\u00f6rden, Bildungs- und Forschungs\u00adeinrichtungen, Berater und Rechtsanw\u00e4lte, Interessen\u00advertretungen, IT-Dienstleister, Kooperations\u00adpartner, Kredit- und Wirtschaft\u00adsauskunfteien, Logistik- und Versand\u00adunternehmen, Marketing- und Werbe\u00adagenturen, Medien, Organisationen und Verb\u00e4nde, soziale Einrichtungen, Telekommunikations\u00adunternehmen und Versicherungen bekanntgeben.<\/p>\n<h2 id=\"kommunikation\">5. Kommunikation<\/h2>\n<p>Wir bearbeiten Personendaten, um mit Dritten kommunizieren zu k\u00f6nnen. Wir bearbeiten in diesem Rahmen insbesondere Daten, die eine betroffene Person bei der Kontaktaufnahme \u00fcbermittelt, zum Beispiel per Briefpost oder E-Mail. Wir k\u00f6nnen solche Daten in einem Adressbuch oder mit vergleichbaren Hilfsmitteln speichern.<\/p>\n<p>Dritte, die Daten \u00fcber andere Personen \u00fcbermitteln, sind verpflichtet, den Datenschutz gegen\u00fcber solchen betroffenen Personen zu gew\u00e4hrleisten. Daf\u00fcr muss unter anderem die Richtigkeit der \u00fcbermittelten Personendaten sichergestellt werden.<\/p>\n<h2 id=\"sicherheit\">6. Daten\u00adsicherheit<\/h2>\n<p>Wir treffen geeignete technische und organisatorische Mass\u00adnahmen, um eine dem jeweiligen Risiko angemessene Daten\u00adsicherheit zu gew\u00e4hr\u00adleisten. Mit unseren Mass\u00adnahmen gew\u00e4hr\u00adleisten wir insbesondere die Ver\u00adtraulichkeit, Ver\u00adf\u00fcgbarkeit, Nach\u00advollzieh\u00adbarkeit und Integrit\u00e4t der bearbeiteten Personen\u00addaten, ohne aber absolute Daten\u00adsicherheit gew\u00e4hrleisten zu k\u00f6nnen.<\/p>\n<p>Der Zugriff auf unsere Website und unsere sonstige Online-Pr\u00e4senz erfolgt mittels Transport\u00adverschl\u00fcsselung (<a href=\"https:\/\/de.wikipedia.org\/wiki\/Transport_Layer_Security\" target=\"_blank\" rel=\"nofollow noopener noreferrer\">SSL\u00a0\/ TLS<\/a>, insbesondere mit dem <a href=\"https:\/\/de.wikipedia.org\/wiki\/Hypertext_Transfer_Protocol_Secure\" target=\"_blank\" rel=\"nofollow noopener noreferrer\">Hypertext Transfer Protocol Secure, abgek\u00fcrzt HTTPS<\/a>). Die meisten Browser warnen vor dem Besuch von Websites ohne Transport\u00adverschl\u00fcsselung.<\/p>\n<p>Unsere digitale Kommunikation unterliegt\u00a0\u2013 wie <em>grunds\u00e4tzlich<\/em> jede digitale Kommunikation\u00a0\u2013 der Massen\u00ad\u00fcberwachung ohne Anlass und Verdacht durch Sicher\u00adheitsbeh\u00f6rden in der Schweiz, im \u00fcbrigen Europa, in den Vereinigten Staaten von Amerika\u00a0(USA) und in anderen L\u00e4ndern. Wir k\u00f6nnen keinen direkten Einfluss auf die entsprechende Bearbeitung von Personen\u00addaten durch Geheim\u00addienste, Polizei\u00adstellen und andere Sicherheits\u00adbeh\u00f6rden nehmen. Wir k\u00f6nnen auch nicht ausschliessen, dass eine betroffene Personen gezielt \u00fcberwacht wird.<\/p>\n<h2 id=\"ausland\">7. Personen\u00addaten im Ausland<\/h2>\n<p>Wir bearbeiten Personendaten <em>grunds\u00e4tzlich<\/em> in der Schweiz und im Europ\u00e4ischen Wirtschafts\u00adraum\u00a0(EWR). Wir k\u00f6nnen Personendaten aber auch in andere Staaten exportieren bzw. \u00fcbermitteln, insbesondere um sie dort zu bearbeiten oder bearbeiten zu lassen.<\/p>\n<p>Wir k\u00f6nnen Personendaten in alle <a href=\"https:\/\/de.wikipedia.org\/wiki\/Liste_der_Staaten_der_Erde#Liste\" target=\"_blank\" rel=\"nofollow noopener noreferrer\">Staaten und Territorien auf der Erde<\/a> exportieren, sofern das dortige Recht gem\u00e4ss <a href=\"https:\/\/www.fedlex.admin.ch\/eli\/cc\/2022\/568\/de#annex_1\" target=\"_blank\" rel=\"nofollow noopener noreferrer\">Beschluss des Schweizerischen Bundesrates<\/a> und\u00a0\u2013 sofern und soweit die Datenschutz-Grund\u00adverordnung\u00a0(DSGVO) anwendbar ist\u00a0\u2013 auch gem\u00e4ss <a href=\"https:\/\/commission.europa.eu\/law\/law-topic\/data-protection\/international-dimension-data-protection\/adequacy-decisions_de\" target=\"_blank\" rel=\"nofollow noopener noreferrer\">Beschluss der Europ\u00e4ischen Kommission<\/a> einen angemessenen Datenschutz gew\u00e4hrleistet.<\/p>\n<p>Wir k\u00f6nnen Personendaten in Staaten, deren Recht keinen angemessenen Datenschutz gew\u00e4hrleistet, \u00fcbermitteln, sofern der Datenschutz aus anderen Gr\u00fcnden gew\u00e4hrleistet ist, insbesondere auf Grundlage von Standard\u00addatenschutzklauseln oder mit anderen geeigneten Garantien. Ausnahmsweise k\u00f6nnen wir Personendaten in Staaten ohne angemessenen oder geeigneten Datenschutz exportieren, wenn daf\u00fcr die besonderen datenschutz\u00adrechtlichen Voraussetzungen erf\u00fcllt sind, beispielsweise die ausdr\u00fcckliche Einwilligung der betroffenen Personen oder ein unmittelbarer Zusammenhang mit dem Abschluss oder der Abwicklung eines Vertrages. Wir geben betroffenen Personen auf Nachfrage gerne Auskunft \u00fcber allf\u00e4llige Garantien oder liefern eine Kopie allf\u00e4lliger Garantien.<\/p>\n<h2 id=\"rechte\">8. Rechte von betroffenen Personen<\/h2>\n<h3 id=\"ansprueche\">8.1 Daten\u00adschutz\u00adrechtliche Anspr\u00fcche<\/h3>\n<p>Wir gew\u00e4hren betroffenen Personen s\u00e4mtliche Anspr\u00fcche gem\u00e4ss dem anwendbaren Datenschutzrecht. Betroffene Personen verf\u00fcgen insbesondere \u00fcber folgende Rechte:<\/p>\n<ul>\n<li><strong>Auskunft:<\/strong> Betroffene Personen k\u00f6nnen Auskunft verlangen, ob wir Personendaten \u00fcber sie bearbeiten, und falls ja, um welche Personendaten es sich handelt. Betroffene Personen erhalten ferner jene Informationen, die erforderlich sind, um ihre datenschutzrechtlichen Anspr\u00fcche geltend zu machen und Transparenz zu gew\u00e4hrleisten. Dazu z\u00e4hlen die bearbeiteten Personendaten als solche, aber unter anderem auch Angaben zum Bearbeitungszweck, zur Dauer der Aufbewahrung, zu einer allf\u00e4lligen Bekanntgabe bzw. einem allf\u00e4lligen Export von Daten in andere Staaten und zur Herkunft der Personendaten.<\/li>\n<li><strong>Berichtigung und Einschr\u00e4nkung:<\/strong> Betroffene Personen k\u00f6nnen unrichtige Personendaten berichtigen, unvollst\u00e4ndige Daten vervollst\u00e4ndigen und die Bearbeitung ihrer Daten einschr\u00e4nken lassen.<\/li>\n<li><strong>L\u00f6schung und Widerspruch:<\/strong> Betroffene Personen k\u00f6nnen Personendaten l\u00f6schen lassen (\u00abRecht auf Vergessen\u00bb) und der Bearbeitung ihrer Daten mit Wirkung f\u00fcr die Zukunft widersprechen.<\/li>\n<li><strong>Datenherausgabe und Daten\u00fcbertragung:<\/strong> Betroffene Personen k\u00f6nnen die Herausgabe von Personendaten oder die \u00dcbertragung ihrer Daten an einen anderen Verantwortlichen verlangen.<\/li>\n<\/ul>\n<p>Wir k\u00f6nnen die Aus\u00fcbung der Rechte von betroffenen Personen im rechtlich zul\u00e4ssigen Rahmen aufschieben, einschr\u00e4nken oder verweigern. Wir k\u00f6nnen betroffene Personen auf allenfalls zu erf\u00fcllende Voraussetzungen f\u00fcr die Aus\u00fcbung ihrer datenschutzrechtlichen Anspr\u00fcche hinweisen. Wir k\u00f6nnen beispielsweise die Auskunft mit Verweis auf Gesch\u00e4ftsgeheimnisse oder den Schutz anderer Personen ganz oder teilweise verweigern. Wir k\u00f6nnen beispielsweise auch die L\u00f6schung von Personendaten mit Verweis auf gesetzliche Aufbewahrungspflichten ganz oder teilweise verweigern.<\/p>\n<p>Wir k\u00f6nnen f\u00fcr die Aus\u00fcbung der Rechte <em>ausnahmsweise<\/em> Kosten vorsehen. Wir informieren betroffene Personen vorg\u00e4ngig \u00fcber allf\u00e4llige Kosten.<\/p>\n<p>Wir sind verpflichtet, betroffene Personen, die Auskunft verlangen oder andere Rechte geltend machen, mit angemessenen Massnahmen zu identifizieren. Betroffene Personen sind zur Mitwirkung verpflichtet.<\/p>\n<h3 id=\"rechtsschutz\">8.2 Rechtsschutz<\/h3>\n<p>Betroffene Personen haben das Recht, ihre datenschutz\u00adrechtlichen Anspr\u00fcche auf dem Rechtsweg durchzusetzen oder Anzeige bzw. Beschwerde bei einer Datenschutz-Aufsichtsbeh\u00f6rde zu erheben.<\/p>\n<p>Datenschutz-Aufsichtsbeh\u00f6rde f\u00fcr private Verantwortliche und Bundesorgane in der Schweiz ist der <a href=\"https:\/\/www.edoeb.admin.ch\/\" target=\"_blank\" rel=\"nofollow noopener noreferrer\">Eidgen\u00f6ssische Datenschutz- und \u00d6ffentlichkeits\u00adbeauftragte<\/a>\u00a0(ED\u00d6B).<\/p>\n<p>Europ\u00e4ische Datenschutz-Aufsichtsbeh\u00f6rden sind als <a href=\"https:\/\/edpb.europa.eu\/about-edpb\/about-edpb\/members_de\" target=\"_blank\" rel=\"nofollow noopener noreferrer\">Mitglieder im Europ\u00e4ischen Datenschutz\u00adausschuss<\/a>\u00a0(EDSA) organisiert. In einigen Mitgliedstaaten im Europ\u00e4ischen Wirtschafts\u00adraum\u00a0(EWR) sind die Datenschutz-Aufsichtsbeh\u00f6rden f\u00f6deral strukturiert, <a href=\"https:\/\/www.bfdi.bund.de\/DE\/Service\/Anschriften\/Laender\/Laender-node.html\" target=\"_blank\" rel=\"nofollow noopener noreferrer\">insbesondere in Deutschland<\/a>.<\/p>\n<h2 id=\"website\">9. Nutzung der Website<\/h2>\n<h3 id=\"cookies\">9.1 Cookies<\/h3>\n<p>Wir k\u00f6nnen Cookies verwenden. Bei Cookies\u00a0\u2013 eigenen Cookies (First-Party-Cookies) als auch Cookies von Dritten, deren Dienste wir nutzen (Third-Party-Cookies)\u00a0\u2013 handelt es sich um Daten, die im Browser gespeichert werden. Solche gespeicherten Daten m\u00fcssen nicht auf traditionelle Cookies in Textform beschr\u00e4nkt sein.<\/p>\n<p>Cookies k\u00f6nnen im Browser tempor\u00e4r als \u00abSession Cookies\u00bb oder f\u00fcr einen bestimmten Zeitraum als sogenannte permanente Cookies gespeichert werden. \u00abSession Cookies\u00bb werden automatisch gel\u00f6scht, wenn der Browser geschlossen wird. Permanente Cookies haben eine bestimmte Speicherdauer. Cookies erm\u00f6glichen insbesondere, einen Browser beim n\u00e4chsten Besuch unserer Website wiederzuerkennen und dadurch beispielsweise die Reichweite unserer Website zu messen. Permanente Cookies k\u00f6nnen aber beispielsweise auch f\u00fcr Online-Marketing verwendet werden.<\/p>\n<p>Cookies k\u00f6nnen in den Browser-Einstellungen jederzeit ganz oder teilweise deaktiviert sowie gel\u00f6scht werden. Ohne Cookies steht unsere Website allenfalls nicht mehr in vollem Umfang zur Verf\u00fcgung. Wir ersuchen\u00a0\u2013 mindestens sofern und soweit erforderlich\u00a0\u2013 aktiv um die ausdr\u00fcckliche Einwilligung in die Verwendung von Cookies.<\/p>\n<p>Bei Cookies, die f\u00fcr die Erfolgs- und Reichweitenmessung oder f\u00fcr Werbung verwendet werden, ist f\u00fcr zahlreiche Dienste ein allgemeiner Widerspruch (\u00abOpt-out\u00bb) \u00fcber die <a href=\"https:\/\/youradchoices.ca\/\" target=\"_blank\" rel=\"nofollow noopener noreferrer\">AdChoices<\/a> (Digital Advertising Alliance of Canada), die <a href=\"https:\/\/optout.networkadvertising.org\/\" target=\"_blank\" rel=\"nofollow noopener noreferrer\">Network Advertising Initiative<\/a> (NAI), <a href=\"https:\/\/optout.aboutads.info\/\" target=\"_blank\" rel=\"nofollow noopener noreferrer\">YourAdChoices<\/a> (Digital Advertising Alliance) oder <a href=\"https:\/\/www.youronlinechoices.com\/\" target=\"_blank\" rel=\"nofollow noopener noreferrer\">Your Online Choices<\/a> (European Interactive Digital Advertising Alliance, EDAA) m\u00f6glich.<\/p>\n<h3 id=\"protokollierung\">9.2 Protokollierung<\/h3>\n<p>Wir k\u00f6nnen f\u00fcr jeden Zugriff auf unsere Website und unsere sonstige Online-Pr\u00e4senz mindestens nachfolgende Angaben protokollieren, sofern diese bei solchen Zugriffen an unsere digitale Infrastruktur \u00fcbermittelt werden: Datum und Zeit einschliesslich Zeitzone, <a href=\"https:\/\/de.wikipedia.org\/wiki\/IP-Adresse\" target=\"_blank\" rel=\"nofollow noopener noreferrer\">IP-Adresse<\/a>, Zugriffsstatus (HTTP-Statuscode), Betriebs\u00adsystem einschliesslich Benutzer\u00adoberfl\u00e4che und Version, Browser einschliesslich Sprache und Version, aufgerufene einzelne Unter-Seite unserer Website einschliesslich \u00fcbertragener Daten\u00admenge, zuletzt im gleichen Browser-Fenster aufgerufene Webseite (Referer bzw. Referrer).<\/p>\n<p>Wir protokollieren solche Angaben, die auch Personendaten darstellen k\u00f6nnen, in Log\u00addateien. Die Angaben sind erforderlich, um unsere Online-Pr\u00e4senz dauerhaft, menschen\u00adfreundlich und zuverl\u00e4ssig bereitstellen zu k\u00f6nnen. Die Angaben sind ferner erforderlich, um die Datensicherheit gew\u00e4hrleisten zu k\u00f6nnen\u00a0\u2013 auch durch Dritte oder mit Hilfe von Dritten.<\/p>\n<h3 id=\"zaehlpixel\">9.3 Z\u00e4hlpixel<\/h3>\n<p>Wir k\u00f6nnen Z\u00e4hlpixel in unsere Online-Pr\u00e4senz einbinden. Z\u00e4hlpixel werden auch als Web-Beacons bezeichnet. Bei Z\u00e4hlpixeln\u00a0\u2013 auch von Dritten, deren Dienste wir nutzen\u00a0\u2013 handelt es sich \u00fcblicherweise um kleine, nicht sichtbare Bilder oder in JavaScript formulierte Skripte, die beim Zugriff auf unsere Online-Pr\u00e4senz automatisch abgerufen werden. Mit Z\u00e4hlpixeln k\u00f6nnen mindestens die gleichen Angaben wie in Log\u00addateien erfasst werden.<\/p>\n<h2 id=\"dienste\">10. Dienste von Dritten<\/h2>\n<p>Wir nutzen Dienste von spezialisierten Dritten, um unsere Aktivit\u00e4ten und T\u00e4tigkeiten dauerhaft, menschen\u00adfreundlich, sicher und zuverl\u00e4ssig aus\u00fcben zu k\u00f6nnen. Mit solchen Diensten k\u00f6nnen wir unter anderem Funktionen und Inhalte in unsere Website einbetten. Bei einer solchen Einbettung erfassen die genutzten Dienste aus technisch zwingenden Gr\u00fcnden mindestens zeitweilig die <a href=\"https:\/\/de.wikipedia.org\/wiki\/IP-Adresse\" target=\"_blank\" rel=\"nofollow noopener noreferrer\">IP-Adressen<\/a> der Nutzerinnen und Nutzer.<\/p>\n<p>F\u00fcr erforderliche sicherheitsrelevante, statistische und technische Zwecke k\u00f6nnen Dritte, deren Dienste wir nutzen, Daten im Zusammenhang mit unseren Aktivit\u00e4ten und T\u00e4tigkeiten aggregiert, anonymisiert oder pseudonymisiert bearbeiten. Es handelt sich beispielsweise um Leistungs- oder Nutzungsdaten, um den jeweiligen Dienst anbieten zu k\u00f6nnen.<\/p>\n<p>Wir nutzen insbesondere:<\/p>\n<ul>\n<li><strong><a href=\"https:\/\/about.google\/products\/?hl=de\" target=\"_blank\" rel=\"nofollow noopener noreferrer\">Dienste von Google:<\/a><\/strong> Anbieterinnen: Google\u00a0LLC (USA)\u00a0\/ Google Ireland Limited (Irland) teilweise f\u00fcr Nutzerinnen und Nutzer im Europ\u00e4ischen Wirtschafts\u00adraum\u00a0(EWR) und in der Schweiz; Allgemeine Angaben zum Daten\u00adschutz: <a href=\"https:\/\/safety.google\/intl\/de\/principles\/\" target=\"_blank\" rel=\"nofollow noopener noreferrer\">\u00abGrunds\u00e4tze zu Daten\u00adschutz und Sicherheit\u00bb<\/a>, <a href=\"https:\/\/business.safety.google\/privacy\/?hl=de\" target=\"_blank\" rel=\"nofollow noopener noreferrer\">\u00abInformationen, wie Google personen\u00adbezogene Daten verwendet\u00bb<\/a>, <a href=\"https:\/\/policies.google.com\/privacy?hl=de\" target=\"_blank\" rel=\"nofollow noopener noreferrer\">Datenschutzerkl\u00e4rung<\/a>, <a href=\"https:\/\/business.safety.google\/intl\/de\/compliance\/\" target=\"_blank\" rel=\"nofollow noopener noreferrer\">\u00abGoogle ist der Einhaltung der anwendbaren Datenschutz\u00adgesetze verpflichtet\u00bb<\/a>, <a href=\"https:\/\/policies.google.com\/technologies\/product-privacy?hl=de\" target=\"_blank\" rel=\"nofollow noopener noreferrer\">\u00abLeit\u00adfaden zum Daten\u00adschutz in Google-Produkten\u00bb<\/a>, <a href=\"https:\/\/policies.google.com\/technologies\/partner-sites?hl=de\" target=\"_blank\" rel=\"nofollow noopener noreferrer\">\u00abWie wir Daten von Websites oder Apps verwenden, auf bzw. in denen unsere Dienste genutzt werden\u00bb<\/a>, <a href=\"https:\/\/policies.google.com\/technologies\/cookies?hl=de\" target=\"_blank\" rel=\"nofollow noopener noreferrer\">\u00abArten von Cookies und \u00e4hnliche Technologien, die Google verwendet\u00bb<\/a>, <a href=\"https:\/\/myadcenter.google.com\/?hl=de\" target=\"_blank\" rel=\"nofollow noopener noreferrer\">\u00abWerbung, auf die du Einfluss hast\u00bb (\u00abPersonalisierte Werbung\u00bb)<\/a>.<\/li>\n<\/ul>\n<h3 id=\"infrastruktur\">10.1 Digitale Infrastruktur<\/h3>\n<p>Wir nutzen Dienste von spezialisierten Dritten, um ben\u00f6tigte digitale Infrastruktur im Zusammenhang mit unseren Aktivit\u00e4ten und T\u00e4tigkeiten in Anspruch nehmen zu k\u00f6nnen. Dazu z\u00e4hlen beispielsweise Hosting- und Speicherdienste von ausgew\u00e4hlten Anbietern.<\/p>\n<p>Wir nutzen insbesondere:<\/p>\n<ul>\n<li><strong><a href=\"https:\/\/www.exigo.ch\/de\/\" target=\"_blank\" rel=\"nofollow noopener noreferrer\">exigo:<\/a><\/strong> Hosting; Anbieterin: exigo ag (Schweiz); Angaben zum Datenschutz: <a href=\"https:\/\/www.exigo.ch\/de\/ueber-die-exigo-ag\/offizielles\/datenschutzerklaerung\/\" target=\"_blank\" rel=\"nofollow noopener noreferrer\">Datenschutzerkl\u00e4rung<\/a>, <a href=\"https:\/\/www.exigo.ch\/de\/datenschutz-sicherheit\/\" target=\"_blank\" rel=\"nofollow noopener noreferrer\">\u00abDatenschutz\u00a0\/ -sicherheit\u00bb<\/a>.<\/li>\n<\/ul>\n<h3 id=\"kartenmaterial\">10.2 Kartenmaterial<\/h3>\n<p>Wir nutzen Dienste von Dritten, um Karten in unsere Website einbetten zu k\u00f6nnen.<\/p>\n<p>Wir nutzen insbesondere:<\/p>\n<ul>\n<li><strong><a href=\"https:\/\/www.google.com\/maps\" target=\"_blank\" rel=\"nofollow noopener noreferrer\">Google Maps<\/a><\/strong> einschliesslich <strong><a href=\"https:\/\/mapsplatform.google.com\/\" target=\"_blank\" rel=\"nofollow noopener noreferrer\">Google Maps Platform:<\/a><\/strong> Kartendienst; Anbieterin: Google; Google Maps-spezifische Angaben: <a href=\"https:\/\/policies.google.com\/technologies\/location-data?hl=de\" target=\"_blank\" rel=\"nofollow noopener noreferrer\">\u00abWie Google Standortinformationen verwendet\u00bb<\/a>.<\/li>\n<\/ul>\n<h3 id=\"medien\">10.3 Digitale Audio- und Video-Inhalte<\/h3>\n<p>Wir nutzen Dienste von spezialisierten Dritten, um das direkte Abspielen von digitalen Audio- und Video-Inhalten wie beispielsweise Musik oder Podcasts zu erm\u00f6glichen.<\/p>\n<p>Wir nutzen insbesondere:<\/p>\n<ul>\n<li><strong><a href=\"https:\/\/vimeo.com\/de\/\" target=\"_blank\" rel=\"nofollow noopener noreferrer\">Vimeo:<\/a><\/strong> Video-Plattform; Anbieterin: Vimeo\u00a0Inc. (USA); Angaben zum Datenschutz: <a href=\"https:\/\/vimeo.com\/privacy\" target=\"_blank\" rel=\"nofollow noopener noreferrer\">Datenschutzerkl\u00e4rung<\/a>, <a href=\"https:\/\/vimeo.com\/de\/features\/video-privacy\" target=\"_blank\" rel=\"nofollow noopener noreferrer\">\u00abPrivates Video-Hosting\u00bb<\/a>.<\/li>\n<li><strong><a href=\"https:\/\/www.youtube.com\/\" target=\"_blank\" rel=\"nofollow noopener noreferrer\">YouTube:<\/a><\/strong> Video-Plattform; Anbieterin: Google; YouTube-spezifische Angaben: <a href=\"https:\/\/support.google.com\/youtube\/topic\/2803240?hl=de\" target=\"_blank\" rel=\"nofollow noopener noreferrer\">\u00abDaten\u00adschutz- und Sicherheits\u00adcenter\u00bb<\/a>, <a href=\"https:\/\/support.google.com\/youtube\/answer\/9315727?hl=de\" target=\"_blank\" rel=\"nofollow noopener noreferrer\">\u00abMeine Daten auf YouTube\u00bb<\/a>.<\/li>\n<\/ul>\n<h2 id=\"erfolgs-und-reichweitenmessung\">11. Erfolgs- und Reichweiten\u00admessung<\/h2>\n<p>Wir versuchen, den Erfolg und die Reich\u00adweite unserer Aktivit\u00e4ten und T\u00e4tig\u00adkeiten zu messen. In diesem Rahmen k\u00f6nnen wir auch die Wirkung von Hinweisen Dritter messen oder pr\u00fcfen, wie unter\u00adschiedliche Teile oder Versionen unseres Online-Angebots genutzt werden (\u00abA\/B-Test\u00bb-Methode). Wir k\u00f6nnen aufgrund der Ergebnisse der Erfolgs- und Reichweiten\u00admessung insbesondere Fehler beheben, beliebte Inhalte st\u00e4rken oder Verbesserungen vornehmen.<\/p>\n<p>F\u00fcr die Erfolgs- und Reichweiten\u00admessung werden in den meisten F\u00e4llen die <a href=\"https:\/\/de.wikipedia.org\/wiki\/IP-Adresse\" target=\"_blank\" rel=\"nofollow noopener noreferrer\">IP-Adressen<\/a> von einzelnen Nutzerinnen und Nutzern erfasst. IP-Adressen werden in diesem Fall <em>grunds\u00e4tzlich<\/em> gek\u00fcrzt (\u00abIP-Masking\u00bb), um durch die entsprechende Pseudo\u00adnymisierung dem Grundsatz der Daten\u00adsparsamkeit zu folgen.<\/p>\n<p>Bei der Erfolgs- und Reichweiten\u00admessung k\u00f6nnen Cookies zum Einsatz kommen und Nutzer\u00adprofile erstellt werden. Allenfalls erstellte Nutzer\u00adprofile umfassen beispiels\u00adweise die besuchten einzelnen Seiten oder betrachteten Inhalte auf unserer Website, Angaben zur Gr\u00f6sse des Bild\u00adschirms oder des Browser-Fensters und den\u00a0\u2013 zumindest ungef\u00e4hren\u00a0\u2013 Standort. <em>Grunds\u00e4tzlich<\/em> werden allf\u00e4llige Nutzer\u00adprofile ausschliesslich pseudo\u00adnymisiert erstellt und nicht f\u00fcr die Identi\u00adfizierung einzelner Nutzerinnen und Nutzer verwendet. Einzelne Dienste von Dritten, bei denen Nutzerinnen oder Nutzer angemeldet sind, k\u00f6nnen die Nutzung unseres Online-Angebotes allenfalls dem Nutzerkonto oder Nutzerprofil beim jeweiligen Dienst zuordnen.<\/p>\n<p>Wir nutzen insbesondere:<\/p>\n<ul>\n<li><strong><a href=\"https:\/\/marketingplatform.google.com\/about\/analytics\/\" target=\"_blank\" rel=\"nofollow noopener noreferrer\">Google Marketing Platform:<\/a><\/strong> Erfolgs- und Reich\u00adweiten\u00admessung, insbesondere mit Google Analytics; Anbieterin: Google; Google Marketing Platform-spezifische Angaben: Messung auch \u00fcber verschiedene Browser und Ger\u00e4te hinweg <strong>(Cross-Device Tracking)<\/strong> mit pseudonymisierten IP-Adressen, die nur <em>ausnahmsweise<\/em> vollst\u00e4ndig an Google in den USA \u00fcbertragen werden, <a href=\"https:\/\/support.google.com\/analytics\/answer\/6004245\" target=\"_blank\" rel=\"nofollow noopener noreferrer\">Daten\u00adschutz\u00aderkl\u00e4rung f\u00fcr Google Analytics<\/a>, <a href=\"https:\/\/tools.google.com\/dlpage\/gaoptout\" target=\"_blank\" rel=\"nofollow noopener noreferrer\">\u00abBrowser Add-on zur Deaktivierung von Google Analytics\u00bb<\/a>.<\/li>\n<\/ul>\n<h2 id=\"schlussbestimmungen\">12. Schluss\u00adbestimmungen<\/h2>\n<p>Wir k\u00f6nnen diese Daten\u00adschutz\u00aderkl\u00e4rung jederzeit anpassen und erg\u00e4nzen. Wir werden \u00fcber solche Anpassungen und Erg\u00e4nzungen in geeigneter Form informieren, insbesondere durch Ver\u00f6ffentlichung der jeweils aktuellen Daten\u00adschutz\u00aderkl\u00e4rung auf unserer Website.<\/p>\n<\/div><\/section><\/p><\/div><div  class='flex_column av-8qwd1-6dd56a521ab4d29a99c96a2002a68c5f av_one_fifth  avia-builder-el-6  el_after_av_three_fifth  avia-builder-el-last  flex_column_div  '     ><\/div><\/p>\n","protected":false},"excerpt":{"rendered":"","protected":false},"author":1,"featured_media":0,"parent":0,"menu_order":1,"comment_status":"closed","ping_status":"closed","template":"","meta":{"inline_featured_image":false,"footnotes":""},"class_list":["post-1925","page","type-page","status-publish","hentry"],"yoast_head":"<!-- This site is optimized with the Yoast SEO plugin v23.4 - https:\/\/yoast.com\/wordpress\/plugins\/seo\/ -->\n<title>Privacy Policy - B\u00fcndnerfleisch<\/title>\n<meta name=\"robots\" content=\"index, follow, max-snippet:-1, max-image-preview:large, max-video-preview:-1\" \/>\n<link rel=\"canonical\" href=\"https:\/\/www.buendnerfleisch.swiss\/en\/privacy-policy\/\" \/>\n<meta property=\"og:locale\" content=\"en_US\" \/>\n<meta property=\"og:type\" content=\"article\" \/>\n<meta property=\"og:title\" content=\"Privacy Policy - B\u00fcndnerfleisch\" \/>\n<meta property=\"og:url\" content=\"https:\/\/www.buendnerfleisch.swiss\/en\/privacy-policy\/\" \/>\n<meta property=\"og:site_name\" content=\"B\u00fcndnerfleisch\" \/>\n<meta property=\"article:modified_time\" content=\"2024-10-16T11:53:26+00:00\" \/>\n<meta name=\"twitter:card\" content=\"summary_large_image\" \/>\n<meta name=\"twitter:label1\" content=\"Est. reading time\" \/>\n\t<meta name=\"twitter:data1\" content=\"15 minutes\" \/>\n<script type=\"application\/ld+json\" class=\"yoast-schema-graph\">{\"@context\":\"https:\/\/schema.org\",\"@graph\":[{\"@type\":\"WebPage\",\"@id\":\"https:\/\/www.buendnerfleisch.swiss\/en\/privacy-policy\/\",\"url\":\"https:\/\/www.buendnerfleisch.swiss\/en\/privacy-policy\/\",\"name\":\"Privacy Policy - B\u00fcndnerfleisch\",\"isPartOf\":{\"@id\":\"https:\/\/www.buendnerfleisch.swiss\/#website\"},\"datePublished\":\"2018-08-13T12:20:52+00:00\",\"dateModified\":\"2024-10-16T11:53:26+00:00\",\"breadcrumb\":{\"@id\":\"https:\/\/www.buendnerfleisch.swiss\/en\/privacy-policy\/#breadcrumb\"},\"inLanguage\":\"en-US\",\"potentialAction\":[{\"@type\":\"ReadAction\",\"target\":[\"https:\/\/www.buendnerfleisch.swiss\/en\/privacy-policy\/\"]}]},{\"@type\":\"BreadcrumbList\",\"@id\":\"https:\/\/www.buendnerfleisch.swiss\/en\/privacy-policy\/#breadcrumb\",\"itemListElement\":[{\"@type\":\"ListItem\",\"position\":1,\"name\":\"Startseite\",\"item\":\"https:\/\/www.buendnerfleisch.swiss\/en\/\"},{\"@type\":\"ListItem\",\"position\":2,\"name\":\"Privacy Policy\"}]},{\"@type\":\"WebSite\",\"@id\":\"https:\/\/www.buendnerfleisch.swiss\/#website\",\"url\":\"https:\/\/www.buendnerfleisch.swiss\/\",\"name\":\"B\u00fcndnerfleisch\",\"description\":\"Verband B\u00fcndner Fleischfabrikanten  VBF\",\"potentialAction\":[{\"@type\":\"SearchAction\",\"target\":{\"@type\":\"EntryPoint\",\"urlTemplate\":\"https:\/\/www.buendnerfleisch.swiss\/?s={search_term_string}\"},\"query-input\":{\"@type\":\"PropertyValueSpecification\",\"valueRequired\":true,\"valueName\":\"search_term_string\"}}],\"inLanguage\":\"en-US\"}]}<\/script>\n<!-- \/ Yoast SEO plugin. -->","yoast_head_json":{"title":"Privacy Policy - B\u00fcndnerfleisch","robots":{"index":"index","follow":"follow","max-snippet":"max-snippet:-1","max-image-preview":"max-image-preview:large","max-video-preview":"max-video-preview:-1"},"canonical":"https:\/\/www.buendnerfleisch.swiss\/en\/privacy-policy\/","og_locale":"en_US","og_type":"article","og_title":"Privacy Policy - B\u00fcndnerfleisch","og_url":"https:\/\/www.buendnerfleisch.swiss\/en\/privacy-policy\/","og_site_name":"B\u00fcndnerfleisch","article_modified_time":"2024-10-16T11:53:26+00:00","twitter_card":"summary_large_image","twitter_misc":{"Est. reading time":"15 minutes"},"schema":{"@context":"https:\/\/schema.org","@graph":[{"@type":"WebPage","@id":"https:\/\/www.buendnerfleisch.swiss\/en\/privacy-policy\/","url":"https:\/\/www.buendnerfleisch.swiss\/en\/privacy-policy\/","name":"Privacy Policy - B\u00fcndnerfleisch","isPartOf":{"@id":"https:\/\/www.buendnerfleisch.swiss\/#website"},"datePublished":"2018-08-13T12:20:52+00:00","dateModified":"2024-10-16T11:53:26+00:00","breadcrumb":{"@id":"https:\/\/www.buendnerfleisch.swiss\/en\/privacy-policy\/#breadcrumb"},"inLanguage":"en-US","potentialAction":[{"@type":"ReadAction","target":["https:\/\/www.buendnerfleisch.swiss\/en\/privacy-policy\/"]}]},{"@type":"BreadcrumbList","@id":"https:\/\/www.buendnerfleisch.swiss\/en\/privacy-policy\/#breadcrumb","itemListElement":[{"@type":"ListItem","position":1,"name":"Startseite","item":"https:\/\/www.buendnerfleisch.swiss\/en\/"},{"@type":"ListItem","position":2,"name":"Privacy Policy"}]},{"@type":"WebSite","@id":"https:\/\/www.buendnerfleisch.swiss\/#website","url":"https:\/\/www.buendnerfleisch.swiss\/","name":"B\u00fcndnerfleisch","description":"Verband B\u00fcndner Fleischfabrikanten  VBF","potentialAction":[{"@type":"SearchAction","target":{"@type":"EntryPoint","urlTemplate":"https:\/\/www.buendnerfleisch.swiss\/?s={search_term_string}"},"query-input":{"@type":"PropertyValueSpecification","valueRequired":true,"valueName":"search_term_string"}}],"inLanguage":"en-US"}]}},"_links":{"self":[{"href":"https:\/\/www.buendnerfleisch.swiss\/en\/wp-json\/wp\/v2\/pages\/1925"}],"collection":[{"href":"https:\/\/www.buendnerfleisch.swiss\/en\/wp-json\/wp\/v2\/pages"}],"about":[{"href":"https:\/\/www.buendnerfleisch.swiss\/en\/wp-json\/wp\/v2\/types\/page"}],"author":[{"embeddable":true,"href":"https:\/\/www.buendnerfleisch.swiss\/en\/wp-json\/wp\/v2\/users\/1"}],"replies":[{"embeddable":true,"href":"https:\/\/www.buendnerfleisch.swiss\/en\/wp-json\/wp\/v2\/comments?post=1925"}],"version-history":[{"count":9,"href":"https:\/\/www.buendnerfleisch.swiss\/en\/wp-json\/wp\/v2\/pages\/1925\/revisions"}],"predecessor-version":[{"id":3911,"href":"https:\/\/www.buendnerfleisch.swiss\/en\/wp-json\/wp\/v2\/pages\/1925\/revisions\/3911"}],"wp:attachment":[{"href":"https:\/\/www.buendnerfleisch.swiss\/en\/wp-json\/wp\/v2\/media?parent=1925"}],"curies":[{"name":"wp","href":"https:\/\/api.w.org\/{rel}","templated":true}]}}