{"id":1229,"date":"2018-08-09T08:17:15","date_gmt":"2018-08-09T06:17:15","guid":{"rendered":"https:\/\/www.buendnerfleisch.swiss\/?post_type=portfolio&#038;p=1229"},"modified":"2024-08-08T11:01:00","modified_gmt":"2024-08-08T09:01:00","slug":"joerg-bruegger-co","status":"publish","type":"portfolio","link":"https:\/\/www.buendnerfleisch.swiss\/en\/rezept\/mitglieder\/joerg-bruegger-co\/","title":{"rendered":"J\u00f6rg Br\u00fcgger &#038; Co."},"content":{"rendered":"<div   class='avia-fullscreen-slider main_color   avia-builder-el-0  el_before_av_one_fifth  avia-builder-el-first  container_wrap fullsize'  ><div  class='avia-slideshow av-r9mob1-e5e6d73249b2ece4f23fdbb0d0935bce avia-slideshow-extra_large av_fullscreen avia-slide-slider av-slideshow-ui av-control-hidden av-no-slider-navigation av-hide-nav-arrows av-slideshow-manual av-loop-once av-loop-manual-endless av-default-height-applied   avia-slideshow-1' data-slideshow-options=\"{&quot;animation&quot;:&quot;slide&quot;,&quot;autoplay&quot;:false,&quot;loop_autoplay&quot;:&quot;once&quot;,&quot;interval&quot;:5,&quot;loop_manual&quot;:&quot;manual-endless&quot;,&quot;autoplay_stopper&quot;:false,&quot;noNavigation&quot;:true,&quot;bg_slider&quot;:true,&quot;keep_padding&quot;:false,&quot;hoverpause&quot;:false,&quot;show_slide_delay&quot;:0,&quot;slide_height&quot;:&quot;100&quot;,&quot;image_attachment&quot;:&quot;scroll&quot;}\"  itemprop=\"image\" itemscope=\"itemscope\" itemtype=\"https:\/\/schema.org\/ImageObject\" ><ul class='avia-slideshow-inner ' style='padding-bottom: 56.266666666667%;'><li style='background-position:center center;' data-img-url='https:\/\/www.buendnerfleisch.swiss\/wp-content\/uploads\/2018\/07\/Q01A6035-1500x844.jpg' class='avia-slideshow-slide av-r9mob1-e5e6d73249b2ece4f23fdbb0d0935bce__0  av-single-slide slide-1 slide-odd'><div data-rel='slideshow-1' class='avia-slide-wrap '   ><\/div><\/li><\/ul><div class='av-slideshow-caption av-r9mob1-e5e6d73249b2ece4f23fdbb0d0935bce__0 caption_fullwidth caption_bottom'><div class=\"container caption_container\"><div class=\"slideshow_caption\"><div class=\"slideshow_inner_caption\"><div class=\"slideshow_align_caption\"><h2 class='avia-caption-title '  itemprop=\"name\" >J\u00f6rg Br\u00fcgger &amp; Co.<\/h2><div class='avia-caption-content '  itemprop=\"description\" ><p>Dry-cured beef from the Grisons<\/p>\n<\/div><\/div><\/div><\/div><\/div><\/div><\/div><\/div><div id='after_full_slider_1'  class='main_color av_default_container_wrap container_wrap fullsize'  ><div class='container av-section-cont-open' ><div class='template-page content  av-content-full alpha units'><div class='post-entry post-entry-type-page post-entry-1229'><div class='entry-content-wrapper clearfix'>\n<div  class='flex_column av-odnj7x-482fea355b98d13721578b40950a93f6 av_one_fifth  avia-builder-el-1  el_after_av_fullscreen  el_before_av_three_fifth  avia-builder-el-first  first flex_column_div  '     ><\/div>\n<div  class='flex_column av-myi6n1-b3e360fe6a688c6c16f6d010f397b546 av_three_fifth  avia-builder-el-2  el_after_av_one_fifth  el_before_av_one_fifth  flex_column_div  '     ><section  class='av_textblock_section av-lz87djun-9aa164a4068e737f23cec800926053c6 '   itemscope=\"itemscope\" itemtype=\"https:\/\/schema.org\/CreativeWork\" ><div class='avia_textblock lead'  itemprop=\"text\" ><p>In Br\u00fcgger since 1892: Engelhard Br\u00fcgger is considered as a founder of the professional meat dry-curing industry. His great-grandson J\u00f6rg Br\u00fcgger also works as a professional &#8211; and with the same approach. Why? \u00abBecause I love craft and tradition. And because local and high-quality products have a future.\u00bb<\/p>\n<\/div><\/section><\/div>\n<div  class='flex_column av-kmq2e5-cbf29de53e55e1e4599cdcc7c89c4720 av_one_fifth  avia-builder-el-4  el_after_av_three_fifth  el_before_av_section  avia-builder-el-last  flex_column_div  '     ><\/div>\n<\/div><\/div><\/div><!-- close content main div --><\/div><\/div><div id='kurzportrait'  class='avia-section av-inz4kt-0aa1d8cc70469be19880ba5c416994f2 main_color avia-section-no-padding avia-no-border-styling  avia-builder-el-5  el_after_av_one_fifth  el_before_av_section  avia-bg-style-scroll container_wrap fullsize'  ><div class='container av-section-cont-open' ><div class='template-page content  av-content-full alpha units'><div class='post-entry post-entry-type-page post-entry-1229'><div class='entry-content-wrapper clearfix'>\n<div class='flex_column_table av-hshq3x-dae78ea419f82be0ca3d11dd453b1ecc sc-av_one_full av-equal-height-column-flextable'>\n<style type=\"text\/css\" data-created_by=\"avia_inline_auto\" id=\"style-css-av-hshq3x-dae78ea419f82be0ca3d11dd453b1ecc\">\n.flex_column.av-hshq3x-dae78ea419f82be0ca3d11dd453b1ecc{\nborder-radius:0px 0px 0px 0px;\npadding:0px 0px 0px 0px;\n}\n<\/style>\n<div  class='flex_column av-hshq3x-dae78ea419f82be0ca3d11dd453b1ecc av_one_full  avia-builder-el-6  avia-builder-el-no-sibling  first no_margin flex_column_table_cell av-equal-height-column av-align-top av-zero-column-padding  '     ><section  class='av_textblock_section av-lyzt51ws-7fb64ed64bab997465d39612cd0b9519 '   itemscope=\"itemscope\" itemtype=\"https:\/\/schema.org\/CreativeWork\" ><div class='avia_textblock'  itemprop=\"text\" ><h2>Short Portrait<\/h2>\n<h3>J\u00f6rg Br\u00fcgger &amp; Co.<\/h3>\n<\/div><\/section><br \/>\n<div  class='avia-builder-widget-area clearfix  avia-builder-el-8  el_after_av_textblock  avia-builder-el-last '><div id=\"text-2\" class=\"widget clearfix widget_text\">\t\t\t<div class=\"textwidget\"><ul class=\"m--advantages\"><\/ul>\n<\/div>\n\t\t<\/div><\/div><\/p><\/div><\/div><!--close column table wrapper. Autoclose: 1 -->\n\n<\/div><\/div><\/div><!-- close content main div --><\/div><\/div><div id='av_section_2'  class='avia-section av-dp5sr1-cb734b449ed2666b71e99b2b8c5777c3 main_color avia-section-default avia-no-border-styling  avia-builder-el-9  el_after_av_section  el_before_av_section  galerie_outer avia-bg-style-scroll container_wrap fullsize'  ><div class='container av-section-cont-open' ><div class='template-page content  av-content-full alpha units'><div class='post-entry post-entry-type-page post-entry-1229'><div class='entry-content-wrapper clearfix'>\n\n<style type=\"text\/css\" data-created_by=\"avia_inline_auto\" id=\"style-css-av-c0sg0d-891f92a5b71e7933d8ae7b31eca00e49\">\n#top .avia-gallery.av-c0sg0d-891f92a5b71e7933d8ae7b31eca00e49 .avia-gallery-thumb a{\nwidth:20%;\n}\n<\/style>\n<div class='m-gallery' data-t-name='Gallery'><ul class=\"m-gallery__list js-list count-5\"><li class=\"m-gallery__item js-item\"><a href=\"https:\/\/www.buendnerfleisch.swiss\/wp-content\/uploads\/2018\/06\/26Q4794-1030x687.jpg\" data-srcset=\"https:\/\/www.buendnerfleisch.swiss\/wp-content\/uploads\/2018\/06\/26Q4794-1030x687.jpg 1030w, https:\/\/www.buendnerfleisch.swiss\/wp-content\/uploads\/2018\/06\/26Q4794-300x200.jpg 300w, https:\/\/www.buendnerfleisch.swiss\/wp-content\/uploads\/2018\/06\/26Q4794-768x512.jpg 768w, https:\/\/www.buendnerfleisch.swiss\/wp-content\/uploads\/2018\/06\/26Q4794-705x470.jpg 705w, https:\/\/www.buendnerfleisch.swiss\/wp-content\/uploads\/2018\/06\/26Q4794-450x300.jpg 450w, https:\/\/www.buendnerfleisch.swiss\/wp-content\/uploads\/2018\/06\/26Q4794.jpg 1209w\" data-sizes=\"(max-width: 1030px) 100vw, 1030px\" data-rel='gallery-1' data-prev-img='https:\/\/www.buendnerfleisch.swiss\/wp-content\/uploads\/2018\/06\/26Q4794-495x400.jpg' class='lightbox ' data-onclick='5' data-title='Bruegger Parpan'  itemprop=\"thumbnailUrl\"  ><figure class=\"m-gallery__img-wrapper\"><img decoding=\"async\" src=\"https:\/\/www.buendnerfleisch.swiss\/wp-content\/uploads\/2018\/06\/26Q4794-1030x687.jpg\" data-src='https:\/\/www.buendnerfleisch.swiss\/wp-content\/uploads\/2018\/06\/26Q4794-1030x687.jpg' alt='' class='m-gallery__img js-img js-a-image-lazyload'><noscript><img decoding=\"async\" src=\"https:\/\/www.buendnerfleisch.swiss\/wp-content\/uploads\/2018\/06\/26Q4794-495x400.jpg\" alt='' class='m-gallery__img js-img'><\/noscript><\/figure><span class=\"m-gallery__item-resizer\"><\/span><div class=\"m-gallery__img-ct-outer\"><div class=\"m-gallery__img-ct-inner\"><div class=\"m-gallery__caption-ct\"><span class='m-gallery__caption'>Show all 5 images<\/span><\/div><\/div><\/div><\/a><\/li><li class=\"m-gallery__item js-item\"><a href=\"https:\/\/www.buendnerfleisch.swiss\/wp-content\/uploads\/2018\/06\/Q01A5852-1030x686.jpg\" data-srcset=\"https:\/\/www.buendnerfleisch.swiss\/wp-content\/uploads\/2018\/06\/Q01A5852-1030x686.jpg 1030w, https:\/\/www.buendnerfleisch.swiss\/wp-content\/uploads\/2018\/06\/Q01A5852-300x200.jpg 300w, https:\/\/www.buendnerfleisch.swiss\/wp-content\/uploads\/2018\/06\/Q01A5852-768x512.jpg 768w, https:\/\/www.buendnerfleisch.swiss\/wp-content\/uploads\/2018\/06\/Q01A5852-1500x1000.jpg 1500w, https:\/\/www.buendnerfleisch.swiss\/wp-content\/uploads\/2018\/06\/Q01A5852-705x470.jpg 705w, https:\/\/www.buendnerfleisch.swiss\/wp-content\/uploads\/2018\/06\/Q01A5852-450x300.jpg 450w, https:\/\/www.buendnerfleisch.swiss\/wp-content\/uploads\/2018\/06\/Q01A5852.jpg 1613w\" data-sizes=\"(max-width: 1030px) 100vw, 1030px\" data-rel='gallery-1' data-prev-img='https:\/\/www.buendnerfleisch.swiss\/wp-content\/uploads\/2018\/06\/Q01A5852-495x400.jpg' class='lightbox ' data-onclick='5' data-title='Bruegger Parpan'  itemprop=\"thumbnailUrl\"  ><figure class=\"m-gallery__img-wrapper\"><img decoding=\"async\" src=\"https:\/\/www.buendnerfleisch.swiss\/wp-content\/uploads\/2018\/06\/Q01A5852-1030x686.jpg\" data-src='https:\/\/www.buendnerfleisch.swiss\/wp-content\/uploads\/2018\/06\/Q01A5852-1030x686.jpg' alt='' class='m-gallery__img js-img js-a-image-lazyload'><noscript><img decoding=\"async\" src=\"https:\/\/www.buendnerfleisch.swiss\/wp-content\/uploads\/2018\/06\/Q01A5852-495x400.jpg\" alt='' class='m-gallery__img js-img'><\/noscript><\/figure><span class=\"m-gallery__item-resizer\"><\/span><div class=\"m-gallery__img-ct-outer\"><div class=\"m-gallery__img-ct-inner\"><div class=\"m-gallery__caption-ct\"><span class='m-gallery__caption'>Show all 5 images<\/span><\/div><\/div><\/div><\/a><\/li><li class=\"m-gallery__item js-item\"><a href=\"https:\/\/www.buendnerfleisch.swiss\/wp-content\/uploads\/2018\/06\/Q01A6236-1030x687.jpg\" data-srcset=\"https:\/\/www.buendnerfleisch.swiss\/wp-content\/uploads\/2018\/06\/Q01A6236-1030x687.jpg 1030w, https:\/\/www.buendnerfleisch.swiss\/wp-content\/uploads\/2018\/06\/Q01A6236-300x200.jpg 300w, https:\/\/www.buendnerfleisch.swiss\/wp-content\/uploads\/2018\/06\/Q01A6236-768x512.jpg 768w, https:\/\/www.buendnerfleisch.swiss\/wp-content\/uploads\/2018\/06\/Q01A6236-1500x1000.jpg 1500w, https:\/\/www.buendnerfleisch.swiss\/wp-content\/uploads\/2018\/06\/Q01A6236-705x470.jpg 705w, https:\/\/www.buendnerfleisch.swiss\/wp-content\/uploads\/2018\/06\/Q01A6236-450x300.jpg 450w, https:\/\/www.buendnerfleisch.swiss\/wp-content\/uploads\/2018\/06\/Q01A6236.jpg 1597w\" data-sizes=\"(max-width: 1030px) 100vw, 1030px\" data-rel='gallery-1' data-prev-img='https:\/\/www.buendnerfleisch.swiss\/wp-content\/uploads\/2018\/06\/Q01A6236-495x400.jpg' class='lightbox ' data-onclick='5' data-title='Bruegger Parpan'  itemprop=\"thumbnailUrl\"  ><figure class=\"m-gallery__img-wrapper\"><img decoding=\"async\" src=\"https:\/\/www.buendnerfleisch.swiss\/wp-content\/uploads\/2018\/06\/Q01A6236-1030x687.jpg\" data-src='https:\/\/www.buendnerfleisch.swiss\/wp-content\/uploads\/2018\/06\/Q01A6236-1030x687.jpg' alt='' class='m-gallery__img js-img js-a-image-lazyload'><noscript><img decoding=\"async\" src=\"https:\/\/www.buendnerfleisch.swiss\/wp-content\/uploads\/2018\/06\/Q01A6236-495x400.jpg\" alt='' class='m-gallery__img js-img'><\/noscript><\/figure><span class=\"m-gallery__item-resizer\"><\/span><div class=\"m-gallery__img-ct-outer\"><div class=\"m-gallery__img-ct-inner\"><div class=\"m-gallery__caption-ct\"><span class='m-gallery__caption'>Show all 5 images<\/span><\/div><\/div><\/div><\/a><\/li><li class=\"m-gallery__item js-item\"><a href=\"https:\/\/www.buendnerfleisch.swiss\/wp-content\/uploads\/2018\/07\/Q01A5638-1030x579.jpg\" data-srcset=\"https:\/\/www.buendnerfleisch.swiss\/wp-content\/uploads\/2018\/07\/Q01A5638-1030x579.jpg 1030w, https:\/\/www.buendnerfleisch.swiss\/wp-content\/uploads\/2018\/07\/Q01A5638-300x169.jpg 300w, https:\/\/www.buendnerfleisch.swiss\/wp-content\/uploads\/2018\/07\/Q01A5638-768x432.jpg 768w, https:\/\/www.buendnerfleisch.swiss\/wp-content\/uploads\/2018\/07\/Q01A5638-1500x844.jpg 1500w, https:\/\/www.buendnerfleisch.swiss\/wp-content\/uploads\/2018\/07\/Q01A5638-705x397.jpg 705w, https:\/\/www.buendnerfleisch.swiss\/wp-content\/uploads\/2018\/07\/Q01A5638-450x253.jpg 450w, https:\/\/www.buendnerfleisch.swiss\/wp-content\/uploads\/2018\/07\/Q01A5638.jpg 2000w\" data-sizes=\"(max-width: 1030px) 100vw, 1030px\" data-rel='gallery-1' data-prev-img='https:\/\/www.buendnerfleisch.swiss\/wp-content\/uploads\/2018\/07\/Q01A5638-495x400.jpg' class='lightbox ' data-onclick='5' data-title='buendnerfleisch_neues'  itemprop=\"thumbnailUrl\"  ><figure class=\"m-gallery__img-wrapper\"><img decoding=\"async\" src=\"https:\/\/www.buendnerfleisch.swiss\/wp-content\/uploads\/2018\/07\/Q01A5638-1030x579.jpg\" data-src='https:\/\/www.buendnerfleisch.swiss\/wp-content\/uploads\/2018\/07\/Q01A5638-1030x579.jpg' alt='' class='m-gallery__img js-img js-a-image-lazyload'><noscript><img decoding=\"async\" src=\"https:\/\/www.buendnerfleisch.swiss\/wp-content\/uploads\/2018\/07\/Q01A5638-495x400.jpg\" alt='' class='m-gallery__img js-img'><\/noscript><\/figure><span class=\"m-gallery__item-resizer\"><\/span><div class=\"m-gallery__img-ct-outer\"><div class=\"m-gallery__img-ct-inner\"><div class=\"m-gallery__caption-ct\"><span class='m-gallery__caption'>Show all 5 images<\/span><\/div><\/div><\/div><\/a><\/li><li class=\"m-gallery__item js-item\"><a href=\"https:\/\/www.buendnerfleisch.swiss\/wp-content\/uploads\/2018\/06\/26Q4933-1030x687.jpg\" data-srcset=\"https:\/\/www.buendnerfleisch.swiss\/wp-content\/uploads\/2018\/06\/26Q4933-1030x687.jpg 1030w, https:\/\/www.buendnerfleisch.swiss\/wp-content\/uploads\/2018\/06\/26Q4933-300x200.jpg 300w, https:\/\/www.buendnerfleisch.swiss\/wp-content\/uploads\/2018\/06\/26Q4933-768x512.jpg 768w, https:\/\/www.buendnerfleisch.swiss\/wp-content\/uploads\/2018\/06\/26Q4933-705x470.jpg 705w, https:\/\/www.buendnerfleisch.swiss\/wp-content\/uploads\/2018\/06\/26Q4933-450x300.jpg 450w, https:\/\/www.buendnerfleisch.swiss\/wp-content\/uploads\/2018\/06\/26Q4933.jpg 1218w\" data-sizes=\"(max-width: 1030px) 100vw, 1030px\" data-rel='gallery-1' data-prev-img='https:\/\/www.buendnerfleisch.swiss\/wp-content\/uploads\/2018\/06\/26Q4933-495x400.jpg' class='lightbox ' data-onclick='5' data-title='Bruegger Parpan'  itemprop=\"thumbnailUrl\"  ><figure class=\"m-gallery__img-wrapper\"><img decoding=\"async\" src=\"https:\/\/www.buendnerfleisch.swiss\/wp-content\/uploads\/2018\/06\/26Q4933-1030x687.jpg\" data-src='https:\/\/www.buendnerfleisch.swiss\/wp-content\/uploads\/2018\/06\/26Q4933-1030x687.jpg' alt='' class='m-gallery__img js-img js-a-image-lazyload'><noscript><img decoding=\"async\" src=\"https:\/\/www.buendnerfleisch.swiss\/wp-content\/uploads\/2018\/06\/26Q4933-495x400.jpg\" alt='' class='m-gallery__img js-img'><\/noscript><\/figure><span class=\"m-gallery__item-resizer\"><\/span><div class=\"m-gallery__img-ct-outer\"><div class=\"m-gallery__img-ct-inner\"><div class=\"m-gallery__caption-ct\"><span class='m-gallery__caption'>Show all 5 images<\/span><\/div><\/div><\/div><\/a><\/li><\/ul><\/div>\n\n<\/div><\/div><\/div><!-- close content main div --><\/div><\/div><div id='kontakt'  class='avia-section av-ba40e5-8d5901293472e9ecfa15b868e9314b67 main_color avia-section-no-padding avia-no-border-styling  avia-builder-el-11  el_after_av_section  avia-builder-el-last  avia-bg-style-scroll container_wrap fullsize'  ><div class='container av-section-cont-open' ><div class='template-page content  av-content-full alpha units'><div class='post-entry post-entry-type-page post-entry-1229'><div class='entry-content-wrapper clearfix'>\n<div class='flex_column_table av-9tsngt-cfd82cee9e66560ddd5f69a4d6ac42bb sc-av_three_fifth av-equal-height-column-flextable'>\n<style type=\"text\/css\" data-created_by=\"avia_inline_auto\" id=\"style-css-av-9tsngt-cfd82cee9e66560ddd5f69a4d6ac42bb\">\n.flex_column.av-9tsngt-cfd82cee9e66560ddd5f69a4d6ac42bb{\nborder-radius:0px 0px 0px 0px;\npadding:0px 0px 0px 0px;\n}\n<\/style>\n<div  class='flex_column av-9tsngt-cfd82cee9e66560ddd5f69a4d6ac42bb av_three_fifth  avia-builder-el-12  el_before_av_two_fifth  avia-builder-el-first  first no_margin flex_column_table_cell av-equal-height-column av-align-top av-zero-column-padding  '     ><div  class='av_gmaps_sc_main_wrap av_gmaps_main_wrap '><div id='av_gmap_0' class='avia-google-map-container avia-google-map-sc av_gmaps_show_unconditionally av-no-fallback-img ' data-mapid='av_gmap_0'  style='padding-bottom: 100%;'><a class=\"av_gmaps_browser_disabled av_text_confirm_link av_text_confirm_link_visible\" href=\"https:\/\/www.google.com\/maps\/search\/?api=1&#038;query=Hauptstrasse%206%20%207076%20Parpan\" target=\"_blank\" rel=\"noopener\">Maps were disabled by the visitor on this site. Click to open the map in a new window.<\/a><\/div><\/div><\/div>\n<style type=\"text\/css\" data-created_by=\"avia_inline_auto\" id=\"style-css-av-3j556l-91382073ad0970dc41140cb025c10785\">\n.flex_column.av-3j556l-91382073ad0970dc41140cb025c10785{\nborder-radius:0px 0px 0px 0px;\npadding:0px 0px 0px 0px;\nbackground-color:#ffffff;\n}\n<\/style>\n<div  class='flex_column av-3j556l-91382073ad0970dc41140cb025c10785 av_two_fifth  avia-builder-el-14  el_after_av_three_fifth  avia-builder-el-last  no_margin flex_column_table_cell av-equal-height-column av-align-top av-zero-column-padding  '     ><p>\n<style type=\"text\/css\" data-created_by=\"avia_inline_auto\" id=\"style-css-av-2lfkwt-cfb4c1b4fa42d3de57b3cd7451949996\">\n.avia-image-container.av-2lfkwt-cfb4c1b4fa42d3de57b3cd7451949996 img.avia_image{\nbox-shadow:none;\n}\n.avia-image-container.av-2lfkwt-cfb4c1b4fa42d3de57b3cd7451949996 .av-image-caption-overlay-center{\ncolor:#ffffff;\n}\n<\/style>\n<div  class='avia-image-container av-2lfkwt-cfb4c1b4fa42d3de57b3cd7451949996 av-styling-no-styling avia-align-left  avia-builder-el-15  el_before_av_textblock  avia-builder-el-first '   itemprop=\"image\" itemscope=\"itemscope\" itemtype=\"https:\/\/schema.org\/ImageObject\" ><div class=\"avia-image-container-inner\"><div class=\"avia-image-overlay-wrap\"><img decoding=\"async\" fetchpriority=\"high\" class='wp-image-676 avia-img-lazy-loading-not-676 avia_image ' src=\"https:\/\/www.buendnerfleisch.swiss\/wp-content\/uploads\/2018\/06\/RZ_Logo_Bruegger_20170721-300x150.jpg\" alt='' title='ogo_Bruegger'  height=\"150\" width=\"300\"  itemprop=\"thumbnailUrl\" srcset=\"https:\/\/www.buendnerfleisch.swiss\/wp-content\/uploads\/2018\/06\/RZ_Logo_Bruegger_20170721-300x150.jpg 300w, https:\/\/www.buendnerfleisch.swiss\/wp-content\/uploads\/2018\/06\/RZ_Logo_Bruegger_20170721-768x384.jpg 768w, https:\/\/www.buendnerfleisch.swiss\/wp-content\/uploads\/2018\/06\/RZ_Logo_Bruegger_20170721-1030x515.jpg 1030w, https:\/\/www.buendnerfleisch.swiss\/wp-content\/uploads\/2018\/06\/RZ_Logo_Bruegger_20170721-705x353.jpg 705w, https:\/\/www.buendnerfleisch.swiss\/wp-content\/uploads\/2018\/06\/RZ_Logo_Bruegger_20170721-450x225.jpg 450w, https:\/\/www.buendnerfleisch.swiss\/wp-content\/uploads\/2018\/06\/RZ_Logo_Bruegger_20170721.jpg 1181w\" sizes=\"(max-width: 300px) 100vw, 300px\" \/><\/div><\/div><\/div><br \/>\n<section  class='av_textblock_section av-lyzt579n-8fdff93f0188d257ea3822ca8bbb0f8d '   itemscope=\"itemscope\" itemtype=\"https:\/\/schema.org\/CreativeWork\" ><div class='avia_textblock'  itemprop=\"text\" ><h2>Contact<\/h2>\n<p>J\u00f6rg Br\u00fcgger &amp; Co.<br \/>\nB\u00fcndner Trockenfleisch-Manufaktur<br \/>\nHauptstrasse 6<br \/>\n7076 Parpan<\/p>\n<p>Tel.: 081 382 11 36<br \/>\nFax: 081 382 18 22<br \/>\n<a href=\"mailto:info@bruegger-parpan.ch\">info@bruegger-parpan.ch<\/a><br \/>\n<a href=\"https:\/\/bruegger-parpan.ch\/\" target=\"_blank\" rel=\"noopener\">www.bruegger-parpan.ch<\/a><\/p>\n<\/div><\/section><\/p><\/div><\/div><!--close column table wrapper. Autoclose: 1 -->\n\n","protected":false},"excerpt":{"rendered":"","protected":false},"featured_media":1237,"comment_status":"closed","ping_status":"closed","template":"","tags":[51,48,39,38,49,41,79,44,45,47,50],"portfolio_entries":[],"class_list":["post-1229","portfolio","type-portfolio","status-publish","has-post-thumbnail","hentry","tag-bio-en","tag-company-visit","tag-meat-from-grisons","tag-meat-from-switzerland","tag-natural-drying-process","tag-production","tag-verkauf-en","tag-retail-in-switzerland","tag-retail-locally","tag-supplies-supplies-from-swiss-suppliers","tag-switzerland"],"yoast_head":"<!-- This site is optimized with the Yoast SEO plugin v23.4 - https:\/\/yoast.com\/wordpress\/plugins\/seo\/ -->\n<title>J\u00f6rg Br\u00fcgger &amp; Co. - B\u00fcndnerfleisch<\/title>\n<meta name=\"robots\" content=\"index, follow, max-snippet:-1, max-image-preview:large, max-video-preview:-1\" \/>\n<link rel=\"canonical\" href=\"https:\/\/www.buendnerfleisch.swiss\/en\/rezept\/mitglieder\/joerg-bruegger-co\/\" \/>\n<meta property=\"og:locale\" content=\"en_US\" \/>\n<meta property=\"og:type\" content=\"article\" \/>\n<meta property=\"og:title\" content=\"J\u00f6rg Br\u00fcgger &amp; Co. - B\u00fcndnerfleisch\" \/>\n<meta property=\"og:url\" content=\"https:\/\/www.buendnerfleisch.swiss\/en\/rezept\/mitglieder\/joerg-bruegger-co\/\" \/>\n<meta property=\"og:site_name\" content=\"B\u00fcndnerfleisch\" \/>\n<meta property=\"article:modified_time\" content=\"2024-08-08T09:01:00+00:00\" \/>\n<meta property=\"og:image\" content=\"https:\/\/www.buendnerfleisch.swiss\/wp-content\/uploads\/2018\/06\/Q01A6236.jpg\" \/>\n\t<meta property=\"og:image:width\" content=\"1597\" \/>\n\t<meta property=\"og:image:height\" content=\"1065\" \/>\n\t<meta property=\"og:image:type\" content=\"image\/jpeg\" \/>\n<meta name=\"twitter:card\" content=\"summary_large_image\" \/>\n<meta name=\"twitter:label1\" content=\"Est. reading time\" \/>\n\t<meta name=\"twitter:data1\" content=\"2 minutes\" \/>\n<script type=\"application\/ld+json\" class=\"yoast-schema-graph\">{\"@context\":\"https:\/\/schema.org\",\"@graph\":[{\"@type\":\"WebPage\",\"@id\":\"https:\/\/www.buendnerfleisch.swiss\/en\/rezept\/mitglieder\/joerg-bruegger-co\/\",\"url\":\"https:\/\/www.buendnerfleisch.swiss\/en\/rezept\/mitglieder\/joerg-bruegger-co\/\",\"name\":\"J\u00f6rg Br\u00fcgger & Co. - B\u00fcndnerfleisch\",\"isPartOf\":{\"@id\":\"https:\/\/www.buendnerfleisch.swiss\/#website\"},\"primaryImageOfPage\":{\"@id\":\"https:\/\/www.buendnerfleisch.swiss\/en\/rezept\/mitglieder\/joerg-bruegger-co\/#primaryimage\"},\"image\":{\"@id\":\"https:\/\/www.buendnerfleisch.swiss\/en\/rezept\/mitglieder\/joerg-bruegger-co\/#primaryimage\"},\"thumbnailUrl\":\"https:\/\/www.buendnerfleisch.swiss\/wp-content\/uploads\/2018\/06\/Q01A6236.jpg\",\"datePublished\":\"2018-08-09T06:17:15+00:00\",\"dateModified\":\"2024-08-08T09:01:00+00:00\",\"breadcrumb\":{\"@id\":\"https:\/\/www.buendnerfleisch.swiss\/en\/rezept\/mitglieder\/joerg-bruegger-co\/#breadcrumb\"},\"inLanguage\":\"en-US\",\"potentialAction\":[{\"@type\":\"ReadAction\",\"target\":[\"https:\/\/www.buendnerfleisch.swiss\/en\/rezept\/mitglieder\/joerg-bruegger-co\/\"]}]},{\"@type\":\"ImageObject\",\"inLanguage\":\"en-US\",\"@id\":\"https:\/\/www.buendnerfleisch.swiss\/en\/rezept\/mitglieder\/joerg-bruegger-co\/#primaryimage\",\"url\":\"https:\/\/www.buendnerfleisch.swiss\/wp-content\/uploads\/2018\/06\/Q01A6236.jpg\",\"contentUrl\":\"https:\/\/www.buendnerfleisch.swiss\/wp-content\/uploads\/2018\/06\/Q01A6236.jpg\",\"width\":1597,\"height\":1065,\"caption\":\"Bruegger Parpan\"},{\"@type\":\"BreadcrumbList\",\"@id\":\"https:\/\/www.buendnerfleisch.swiss\/en\/rezept\/mitglieder\/joerg-bruegger-co\/#breadcrumb\",\"itemListElement\":[{\"@type\":\"ListItem\",\"position\":1,\"name\":\"Startseite\",\"item\":\"https:\/\/www.buendnerfleisch.swiss\/en\/\"},{\"@type\":\"ListItem\",\"position\":2,\"name\":\"J\u00f6rg Br\u00fcgger &#038; Co.\"}]},{\"@type\":\"WebSite\",\"@id\":\"https:\/\/www.buendnerfleisch.swiss\/#website\",\"url\":\"https:\/\/www.buendnerfleisch.swiss\/\",\"name\":\"B\u00fcndnerfleisch\",\"description\":\"Verband B\u00fcndner Fleischfabrikanten  VBF\",\"potentialAction\":[{\"@type\":\"SearchAction\",\"target\":{\"@type\":\"EntryPoint\",\"urlTemplate\":\"https:\/\/www.buendnerfleisch.swiss\/?s={search_term_string}\"},\"query-input\":{\"@type\":\"PropertyValueSpecification\",\"valueRequired\":true,\"valueName\":\"search_term_string\"}}],\"inLanguage\":\"en-US\"}]}<\/script>\n<!-- \/ Yoast SEO plugin. -->","yoast_head_json":{"title":"J\u00f6rg Br\u00fcgger & Co. - B\u00fcndnerfleisch","robots":{"index":"index","follow":"follow","max-snippet":"max-snippet:-1","max-image-preview":"max-image-preview:large","max-video-preview":"max-video-preview:-1"},"canonical":"https:\/\/www.buendnerfleisch.swiss\/en\/rezept\/mitglieder\/joerg-bruegger-co\/","og_locale":"en_US","og_type":"article","og_title":"J\u00f6rg Br\u00fcgger & Co. - B\u00fcndnerfleisch","og_url":"https:\/\/www.buendnerfleisch.swiss\/en\/rezept\/mitglieder\/joerg-bruegger-co\/","og_site_name":"B\u00fcndnerfleisch","article_modified_time":"2024-08-08T09:01:00+00:00","og_image":[{"width":1597,"height":1065,"url":"https:\/\/www.buendnerfleisch.swiss\/wp-content\/uploads\/2018\/06\/Q01A6236.jpg","type":"image\/jpeg"}],"twitter_card":"summary_large_image","twitter_misc":{"Est. reading time":"2 minutes"},"schema":{"@context":"https:\/\/schema.org","@graph":[{"@type":"WebPage","@id":"https:\/\/www.buendnerfleisch.swiss\/en\/rezept\/mitglieder\/joerg-bruegger-co\/","url":"https:\/\/www.buendnerfleisch.swiss\/en\/rezept\/mitglieder\/joerg-bruegger-co\/","name":"J\u00f6rg Br\u00fcgger & Co. - B\u00fcndnerfleisch","isPartOf":{"@id":"https:\/\/www.buendnerfleisch.swiss\/#website"},"primaryImageOfPage":{"@id":"https:\/\/www.buendnerfleisch.swiss\/en\/rezept\/mitglieder\/joerg-bruegger-co\/#primaryimage"},"image":{"@id":"https:\/\/www.buendnerfleisch.swiss\/en\/rezept\/mitglieder\/joerg-bruegger-co\/#primaryimage"},"thumbnailUrl":"https:\/\/www.buendnerfleisch.swiss\/wp-content\/uploads\/2018\/06\/Q01A6236.jpg","datePublished":"2018-08-09T06:17:15+00:00","dateModified":"2024-08-08T09:01:00+00:00","breadcrumb":{"@id":"https:\/\/www.buendnerfleisch.swiss\/en\/rezept\/mitglieder\/joerg-bruegger-co\/#breadcrumb"},"inLanguage":"en-US","potentialAction":[{"@type":"ReadAction","target":["https:\/\/www.buendnerfleisch.swiss\/en\/rezept\/mitglieder\/joerg-bruegger-co\/"]}]},{"@type":"ImageObject","inLanguage":"en-US","@id":"https:\/\/www.buendnerfleisch.swiss\/en\/rezept\/mitglieder\/joerg-bruegger-co\/#primaryimage","url":"https:\/\/www.buendnerfleisch.swiss\/wp-content\/uploads\/2018\/06\/Q01A6236.jpg","contentUrl":"https:\/\/www.buendnerfleisch.swiss\/wp-content\/uploads\/2018\/06\/Q01A6236.jpg","width":1597,"height":1065,"caption":"Bruegger Parpan"},{"@type":"BreadcrumbList","@id":"https:\/\/www.buendnerfleisch.swiss\/en\/rezept\/mitglieder\/joerg-bruegger-co\/#breadcrumb","itemListElement":[{"@type":"ListItem","position":1,"name":"Startseite","item":"https:\/\/www.buendnerfleisch.swiss\/en\/"},{"@type":"ListItem","position":2,"name":"J\u00f6rg Br\u00fcgger &#038; Co."}]},{"@type":"WebSite","@id":"https:\/\/www.buendnerfleisch.swiss\/#website","url":"https:\/\/www.buendnerfleisch.swiss\/","name":"B\u00fcndnerfleisch","description":"Verband B\u00fcndner Fleischfabrikanten  VBF","potentialAction":[{"@type":"SearchAction","target":{"@type":"EntryPoint","urlTemplate":"https:\/\/www.buendnerfleisch.swiss\/?s={search_term_string}"},"query-input":{"@type":"PropertyValueSpecification","valueRequired":true,"valueName":"search_term_string"}}],"inLanguage":"en-US"}]}},"_links":{"self":[{"href":"https:\/\/www.buendnerfleisch.swiss\/en\/wp-json\/wp\/v2\/portfolio\/1229"}],"collection":[{"href":"https:\/\/www.buendnerfleisch.swiss\/en\/wp-json\/wp\/v2\/portfolio"}],"about":[{"href":"https:\/\/www.buendnerfleisch.swiss\/en\/wp-json\/wp\/v2\/types\/portfolio"}],"replies":[{"embeddable":true,"href":"https:\/\/www.buendnerfleisch.swiss\/en\/wp-json\/wp\/v2\/comments?post=1229"}],"version-history":[{"count":8,"href":"https:\/\/www.buendnerfleisch.swiss\/en\/wp-json\/wp\/v2\/portfolio\/1229\/revisions"}],"predecessor-version":[{"id":2948,"href":"https:\/\/www.buendnerfleisch.swiss\/en\/wp-json\/wp\/v2\/portfolio\/1229\/revisions\/2948"}],"wp:featuredmedia":[{"embeddable":true,"href":"https:\/\/www.buendnerfleisch.swiss\/en\/wp-json\/wp\/v2\/media\/1237"}],"wp:attachment":[{"href":"https:\/\/www.buendnerfleisch.swiss\/en\/wp-json\/wp\/v2\/media?parent=1229"}],"wp:term":[{"taxonomy":"post_tag","embeddable":true,"href":"https:\/\/www.buendnerfleisch.swiss\/en\/wp-json\/wp\/v2\/tags?post=1229"},{"taxonomy":"portfolio_entries","embeddable":true,"href":"https:\/\/www.buendnerfleisch.swiss\/en\/wp-json\/wp\/v2\/portfolio_entries?post=1229"}],"curies":[{"name":"wp","href":"https:\/\/api.w.org\/{rel}","templated":true}]}}