{"id":1073,"date":"2018-08-08T16:51:16","date_gmt":"2018-08-08T14:51:16","guid":{"rendered":"https:\/\/www.buendnerfleisch.swiss\/?page_id=1073"},"modified":"2024-09-04T10:03:49","modified_gmt":"2024-09-04T08:03:49","slug":"la-vente","status":"publish","type":"page","link":"https:\/\/www.buendnerfleisch.swiss\/fr\/la-vente\/","title":{"rendered":"Vente"},"content":{"rendered":"<div   class='avia-fullscreen-slider main_color   avia-builder-el-0  el_before_av_one_fifth  avia-builder-el-first  container_wrap fullsize'  ><div  class='avia-slideshow av-lyzun94w-7c12ec4755a9cc077cc0f98b043b2aac avia-slideshow-extra_large av_fullscreen avia-slide-slider av-slideshow-ui av-control-hidden av-no-slider-navigation av-hide-nav-arrows av-slideshow-manual av-loop-once av-loop-manual-endless av-default-height-applied   avia-slideshow-1' data-slideshow-options=\"{&quot;animation&quot;:&quot;slide&quot;,&quot;autoplay&quot;:false,&quot;loop_autoplay&quot;:&quot;once&quot;,&quot;interval&quot;:5,&quot;loop_manual&quot;:&quot;manual-endless&quot;,&quot;autoplay_stopper&quot;:false,&quot;noNavigation&quot;:true,&quot;bg_slider&quot;:true,&quot;keep_padding&quot;:false,&quot;hoverpause&quot;:false,&quot;show_slide_delay&quot;:0,&quot;slide_height&quot;:&quot;100&quot;,&quot;image_attachment&quot;:&quot;scroll&quot;}\"  itemprop=\"image\" itemscope=\"itemscope\" itemtype=\"https:\/\/schema.org\/ImageObject\" ><ul class='avia-slideshow-inner ' style='padding-bottom: 56.266666666667%;'><li style='background-position:bottom center;' data-img-url='https:\/\/www.buendnerfleisch.swiss\/wp-content\/uploads\/2018\/07\/buendnerfleisch_180717160049-1-1500x844.jpg' class='avia-slideshow-slide av-lyzun94w-7c12ec4755a9cc077cc0f98b043b2aac__0  av-single-slide slide-1 slide-odd'><div data-rel='slideshow-1' class='avia-slide-wrap '   ><\/div><\/li><\/ul><div class='av-slideshow-caption av-lyzun94w-7c12ec4755a9cc077cc0f98b043b2aac__0 caption_fullwidth caption_bottom'><div class=\"container caption_container\"><div class=\"slideshow_caption\"><div class=\"slideshow_inner_caption\"><div class=\"slideshow_align_caption\"><h1 class='avia-caption-title '  itemprop=\"name\" >Vente<\/h1><div class='avia-caption-content '  itemprop=\"description\" ><p>Viande des Grisons<\/p>\n<\/div><\/div><\/div><\/div><\/div><\/div><\/div><\/div><div id='after_full_slider_1'  class='main_color av_default_container_wrap container_wrap fullsize'  ><div class='container av-section-cont-open' ><div class='template-page content  av-content-full alpha units'><div class='post-entry post-entry-type-page post-entry-1073'><div class='entry-content-wrapper clearfix'>\n<div  class='flex_column av-9rt9wh-91eb01397122192edc896a360c9044ee av_one_fifth  avia-builder-el-1  el_after_av_fullscreen  el_before_av_three_fifth  avia-builder-el-first  first flex_column_div  '     ><\/div>\n<div  class='flex_column av-7d5msx-58123d425f11ed160729106990d460e8 av_three_fifth  avia-builder-el-2  el_after_av_one_fifth  el_before_av_one_fifth  flex_column_div  '     ><p><section  class='av_textblock_section av-lyzunhrx-b157a58d073dffb2453fefd76cd21e3d '   itemscope=\"itemscope\" itemtype=\"https:\/\/schema.org\/CreativeWork\" ><div class='avia_textblock lead'  itemprop=\"text\" ><p>La boucherie traditionnelle dans un petit village rural. Le grand rayon \u00e9picerie fine des magasins. La viande des Grisons (B\u00fcndnerfleisch) est disponible dans des endroits tr\u00e8s diff\u00e9rents. \u00c0 la fois \u00e0 la boucherie de village et au rayon \u00e9picerie fine, on accorde de l&rsquo;importance \u00e0 la grande qualit\u00e9 des produits. Et la viande des Grisons offre cette qualit\u00e9 d&rsquo;une mani\u00e8re unique.<\/p>\n<\/div><\/section><br \/>\n<section  class='av_textblock_section av-lyzunl6k-382d8a6158d9d5eabe9a6197f7b29dac '   itemscope=\"itemscope\" itemtype=\"https:\/\/schema.org\/CreativeWork\" ><div class='avia_textblock'  itemprop=\"text\" ><p>Ici vous trouverez les producteurs et vendeurs de viande des Grisons et vous pouvez chercher les \u00e9tablissements selon diff\u00e9rents crit\u00e8res. D&rsquo;ailleurs, de nombreuses entreprises proposent aussi des visites. Afin que vous puissiez vivre en direct la fabrication de cette exceptionnelle viande des Grisons. Ces visites peuvent aussi \u00eatre organis\u00e9es pour vos sorties d&rsquo;entreprise et \u00e9v\u00e9nements d&rsquo;\u00e9quipe.<\/p>\n<p>Voil\u00e0 la viande des Grisons. Une qualit\u00e9 irr\u00e9prochable, et \u00e7a se voit. Et \u00e7a se sent.<\/p>\n<\/div><\/section><\/p><\/div>\n<div  class='flex_column av-566hep-45d8802bc9401755c4b338d652159e9a av_one_fifth  avia-builder-el-5  el_after_av_three_fifth  el_before_av_one_full  flex_column_div  '     ><\/div>\n<div  class='flex_column av-gf5ox-9fdcc882af63518d6dca664018c8a0ac av_one_full  avia-builder-el-6  el_after_av_one_fifth  avia-builder-el-last  first flex_column_div  column-top-margin'     ><div id='points-de-vente' class='av-masonry av-26mqox-22f08a5f03ddb3dd4699ec239ba52022 noHover av-fixed-size av-large-gap av-hover-overlay- av-masonry-animation-active av-masonry-col-3 av-caption-always av-caption-style- av-masonry-entries ' data-post_id=\"1073\"><div class='av-masonry-sort main_color av-sort-yes' data-masonry-id='1' ><div class='av-sort-by-term  ' data-av-allowed-sort='[\"livraison-approvisionnement-de-vendeurs-a-letranger_sort\",\"livraison-approvisionnement-de-vendeurs-en-suisse_sort\",\"vente-a-letranger_sort\",\"vente-dans-la-propre-boutique-sur-place_sort\",\"vente-en-suisse_sort\",\"visite-de-letablissement_sort\"]' ><a href=\"#\" data-filter=\"all_sort\" class=\"all_sort_button active_sort\"><span class=\"inner_sort_button\"><span>Tout<\/span><small class=\"avia-term-count\"> 22 <\/small><\/span><\/a><span class='text-sep bio-fr_sort_sep avia_hide_sort'>\/<\/span><a href=\"#\" data-filter=\"bio-fr_sort\" class=\"bio-fr_sort_button avia_hide_sort\" ><span class=\"inner_sort_button\"><span>Bio<\/span><small class='avia-term-count'> 0 <\/small><\/span><\/a><span class='text-sep keine-fr_sort_sep avia_hide_sort'>\/<\/span><a href=\"#\" data-filter=\"keine-fr_sort\" class=\"keine-fr_sort_button avia_hide_sort\" ><span class=\"inner_sort_button\"><span>keine<\/span><small class='avia-term-count'> 0 <\/small><\/span><\/a><span class='text-sep livraison-approvisionnement-de-vendeurs-a-letranger_sort_sep avia_show_sort'>\/<\/span><a href=\"#\" data-filter=\"livraison-approvisionnement-de-vendeurs-a-letranger_sort\" class=\"livraison-approvisionnement-de-vendeurs-a-letranger_sort_button avia_show_sort\" ><span class=\"inner_sort_button\"><span>Livraison\/approvisionnement de vendeurs \u00e0 l&#039;\u00e9tranger<\/span><small class='avia-term-count'> 7 <\/small><\/span><\/a><span class='text-sep livraison-approvisionnement-de-vendeurs-en-suisse_sort_sep avia_show_sort'>\/<\/span><a href=\"#\" data-filter=\"livraison-approvisionnement-de-vendeurs-en-suisse_sort\" class=\"livraison-approvisionnement-de-vendeurs-en-suisse_sort_button avia_show_sort\" ><span class=\"inner_sort_button\"><span>Livraison\/approvisionnement de vendeurs en Suisse<\/span><small class='avia-term-count'> 17 <\/small><\/span><\/a><span class='text-sep production-fr_sort_sep avia_hide_sort'>\/<\/span><a href=\"#\" data-filter=\"production-fr_sort\" class=\"production-fr_sort_button avia_hide_sort\" ><span class=\"inner_sort_button\"><span>Production<\/span><small class='avia-term-count'> 0 <\/small><\/span><\/a><span class='text-sep production-toute-lannee_sort_sep avia_hide_sort'>\/<\/span><a href=\"#\" data-filter=\"production-toute-lannee_sort\" class=\"production-toute-lannee_sort_button avia_hide_sort\" ><span class=\"inner_sort_button\"><span>Production toute l&#039;ann\u00e9e<\/span><small class='avia-term-count'> 0 <\/small><\/span><\/a><span class='text-sep sechage-naturel_sort_sep avia_hide_sort'>\/<\/span><a href=\"#\" data-filter=\"sechage-naturel_sort\" class=\"sechage-naturel_sort_button avia_hide_sort\" ><span class=\"inner_sort_button\"><span>S\u00e9chage naturel<\/span><small class='avia-term-count'> 0 <\/small><\/span><\/a><span class='text-sep suisse_sort_sep avia_hide_sort'>\/<\/span><a href=\"#\" data-filter=\"suisse_sort\" class=\"suisse_sort_button avia_hide_sort\" ><span class=\"inner_sort_button\"><span>Suisse<\/span><small class='avia-term-count'> 0 <\/small><\/span><\/a><span class='text-sep verkauf-fr_sort_sep avia_hide_sort'>\/<\/span><a href=\"#\" data-filter=\"verkauf-fr_sort\" class=\"verkauf-fr_sort_button avia_hide_sort\" ><span class=\"inner_sort_button\"><span>Vente<\/span><small class='avia-term-count'> 0 <\/small><\/span><\/a><span class='text-sep vente-a-letranger_sort_sep avia_show_sort'>\/<\/span><a href=\"#\" data-filter=\"vente-a-letranger_sort\" class=\"vente-a-letranger_sort_button avia_show_sort\" ><span class=\"inner_sort_button\"><span>Vente \u00e0 l&#039;\u00e9tranger<\/span><small class='avia-term-count'> 5 <\/small><\/span><\/a><span class='text-sep vente-dans-la-propre-boutique-sur-place_sort_sep avia_show_sort'>\/<\/span><a href=\"#\" data-filter=\"vente-dans-la-propre-boutique-sur-place_sort\" class=\"vente-dans-la-propre-boutique-sur-place_sort_button avia_show_sort\" ><span class=\"inner_sort_button\"><span>Vente dans la propre boutique sur place<\/span><small class='avia-term-count'> 16 <\/small><\/span><\/a><span class='text-sep vente-en-suisse_sort_sep avia_show_sort'>\/<\/span><a href=\"#\" data-filter=\"vente-en-suisse_sort\" class=\"vente-en-suisse_sort_button avia_show_sort\" ><span class=\"inner_sort_button\"><span>Vente en Suisse<\/span><small class='avia-term-count'> 19 <\/small><\/span><\/a><span class='text-sep viande-provenant-de-letranger_sort_sep avia_hide_sort'>\/<\/span><a href=\"#\" data-filter=\"viande-provenant-de-letranger_sort\" class=\"viande-provenant-de-letranger_sort_button avia_hide_sort\" ><span class=\"inner_sort_button\"><span>Viande provenant de l&#039;\u00e9tranger<\/span><small class='avia-term-count'> 0 <\/small><\/span><\/a><span class='text-sep viande-provenant-de-suisse_sort_sep avia_hide_sort'>\/<\/span><a href=\"#\" data-filter=\"viande-provenant-de-suisse_sort\" class=\"viande-provenant-de-suisse_sort_button avia_hide_sort\" ><span class=\"inner_sort_button\"><span>Viande provenant de Suisse<\/span><small class='avia-term-count'> 0 <\/small><\/span><\/a><span class='text-sep viande-provenant-des-grisons_sort_sep avia_hide_sort'>\/<\/span><a href=\"#\" data-filter=\"viande-provenant-des-grisons_sort\" class=\"viande-provenant-des-grisons_sort_button avia_hide_sort\" ><span class=\"inner_sort_button\"><span>Viande provenant des Grisons<\/span><small class='avia-term-count'> 0 <\/small><\/span><\/a><span class='text-sep visite-de-letablissement_sort_sep avia_show_sort'>\/<\/span><a href=\"#\" data-filter=\"visite-de-letablissement_sort\" class=\"visite-de-letablissement_sort_button avia_show_sort\" ><span class=\"inner_sort_button\"><span>Visite de l&#039;\u00e9tablissement<\/span><small class='avia-term-count'> 7 <\/small><\/span><\/a><\/div><\/div><div class=\"av-masonry-container isotope av-js-disabled\"><div class='av-masonry-entry isotope-item av-masonry-item-no-image all_sort bio-fr_sort  livraison-approvisionnement-de-vendeurs-a-letranger_sort  livraison-approvisionnement-de-vendeurs-en-suisse_sort  production-fr_sort  production-toute-lannee_sort  verkauf-fr_sort  vente-a-letranger_sort  vente-en-suisse_sort  viande-provenant-de-letranger_sort  viande-provenant-de-suisse_sort  suisse_sort  vente-dans-la-propre-boutique-sur-place_sort  viande-provenant-des-grisons_sort  visite-de-letablissement_sort  sechage-naturel_sort '><\/div><a href=\"https:\/\/www.buendnerfleisch.swiss\/fr\/rezept\/mitglieder\/albert-spiess-ag\/\"  id='av-masonry-1-item-1383' data-av-masonry-item='1383' class='av-masonry-entry isotope-item post-1383 portfolio type-portfolio status-publish has-post-thumbnail hentry tag-bio-fr tag-livraison-approvisionnement-de-vendeurs-a-letranger tag-livraison-approvisionnement-de-vendeurs-en-suisse tag-production-fr tag-production-toute-lannee tag-verkauf-fr tag-vente-a-letranger tag-vente-en-suisse tag-viande-provenant-de-letranger tag-viande-provenant-de-suisse all_sort bio-fr_sort  livraison-approvisionnement-de-vendeurs-a-letranger_sort  livraison-approvisionnement-de-vendeurs-en-suisse_sort  production-fr_sort  production-toute-lannee_sort  verkauf-fr_sort  vente-a-letranger_sort  vente-en-suisse_sort  viande-provenant-de-letranger_sort  viande-provenant-de-suisse_sort  av-masonry-item-with-image' title=\"Albert-Spiess_Stimmungsbild_People\"   itemscope=\"itemscope\" itemtype=\"https:\/\/schema.org\/CreativeWork\" ><div class='av-inner-masonry-sizer'><\/div><figure class='av-inner-masonry main_color'><div class=\"av-masonry-outerimage-container\"><div class='av-masonry-image-container' style=\"background-image: url(https:\/\/www.buendnerfleisch.swiss\/wp-content\/uploads\/2018\/08\/Albert-Spiess_Stimmungsbild_People-705x470.jpg);\"  title=\"Albert-Spiess_Stimmungsbild_People\" ><\/div><\/div><figcaption class='av-inner-masonry-content site-background'><div class='av-inner-masonry-content-pos'><div class='av-inner-masonry-content-pos-content'><div class='avia-arrow'><\/div><span class=\"masonry-cat\"><\/span><h3 class='av-masonry-entry-title entry-title '  itemprop=\"headline\" >Albert Spiess AG<\/h3><\/div><\/div><\/figcaption><\/figure><\/a><!--end av-masonry entry--><a href=\"https:\/\/www.buendnerfleisch.swiss\/fr\/rezept\/mitglieder\/metzgerei-mark-ag\/\"  id='av-masonry-1-item-1530' data-av-masonry-item='1530' class='av-masonry-entry isotope-item post-1530 portfolio type-portfolio status-publish has-post-thumbnail hentry tag-bio-fr tag-production-fr tag-production-toute-lannee tag-suisse tag-verkauf-fr tag-vente-dans-la-propre-boutique-sur-place tag-vente-en-suisse tag-viande-provenant-de-suisse tag-viande-provenant-des-grisons tag-visite-de-letablissement all_sort bio-fr_sort  production-fr_sort  production-toute-lannee_sort  suisse_sort  verkauf-fr_sort  vente-dans-la-propre-boutique-sur-place_sort  vente-en-suisse_sort  viande-provenant-de-suisse_sort  viande-provenant-des-grisons_sort  visite-de-letablissement_sort  av-masonry-item-with-image' title=\"Andymit Buendnerfleisch\"   itemscope=\"itemscope\" itemtype=\"https:\/\/schema.org\/CreativeWork\" ><div class='av-inner-masonry-sizer'><\/div><figure class='av-inner-masonry main_color'><div class=\"av-masonry-outerimage-container\"><div class='av-masonry-image-container' style=\"background-image: url(https:\/\/www.buendnerfleisch.swiss\/wp-content\/uploads\/2018\/06\/Andy_mit_buefleisch_3.jpg);\"  title=\"Andymit Buendnerfleisch\" ><\/div><\/div><figcaption class='av-inner-masonry-content site-background'><div class='av-inner-masonry-content-pos'><div class='av-inner-masonry-content-pos-content'><div class='avia-arrow'><\/div><span class=\"masonry-cat\"><\/span><h3 class='av-masonry-entry-title entry-title '  itemprop=\"headline\" >Andy Mark, Metzgerei Mark AG<\/h3><\/div><\/div><\/figcaption><\/figure><\/a><!--end av-masonry entry--><a href=\"https:\/\/www.buendnerfleisch.swiss\/fr\/rezept\/mitglieder\/bell-schweiz-ag\/\"  id='av-masonry-1-item-1408' data-av-masonry-item='1408' class='av-masonry-entry isotope-item post-1408 portfolio type-portfolio status-publish has-post-thumbnail hentry tag-livraison-approvisionnement-de-vendeurs-a-letranger tag-livraison-approvisionnement-de-vendeurs-en-suisse tag-production-fr tag-production-toute-lannee tag-sechage-naturel tag-verkauf-fr tag-vente-a-letranger tag-vente-en-suisse tag-viande-provenant-de-suisse all_sort livraison-approvisionnement-de-vendeurs-a-letranger_sort  livraison-approvisionnement-de-vendeurs-en-suisse_sort  production-fr_sort  production-toute-lannee_sort  sechage-naturel_sort  verkauf-fr_sort  vente-a-letranger_sort  vente-en-suisse_sort  viande-provenant-de-suisse_sort  av-masonry-item-with-image' title=\"Bell_Buendnerfleisch\"   itemscope=\"itemscope\" itemtype=\"https:\/\/schema.org\/CreativeWork\" ><div class='av-inner-masonry-sizer'><\/div><figure class='av-inner-masonry main_color'><div class=\"av-masonry-outerimage-container\"><div class='av-masonry-image-container' style=\"background-image: url(https:\/\/www.buendnerfleisch.swiss\/wp-content\/uploads\/2018\/06\/BA\u030andnerfleisch_quer-004-705x529.jpg);\"  title=\"Bell_Buendnerfleisch\" ><\/div><\/div><figcaption class='av-inner-masonry-content site-background'><div class='av-inner-masonry-content-pos'><div class='av-inner-masonry-content-pos-content'><div class='avia-arrow'><\/div><span class=\"masonry-cat\"><\/span><h3 class='av-masonry-entry-title entry-title '  itemprop=\"headline\" >Bell Schweiz AG<\/h3><\/div><\/div><\/figcaption><\/figure><\/a><!--end av-masonry entry--><a href=\"https:\/\/www.buendnerfleisch.swiss\/fr\/rezept\/mitglieder\/bigler-ag-fleischwaren\/\"  id='av-masonry-1-item-1414' data-av-masonry-item='1414' class='av-masonry-entry isotope-item post-1414 portfolio type-portfolio status-publish has-post-thumbnail hentry tag-livraison-approvisionnement-de-vendeurs-en-suisse tag-production-fr tag-production-toute-lannee tag-sechage-naturel tag-verkauf-fr tag-vente-en-suisse tag-viande-provenant-de-suisse all_sort livraison-approvisionnement-de-vendeurs-en-suisse_sort  production-fr_sort  production-toute-lannee_sort  sechage-naturel_sort  verkauf-fr_sort  vente-en-suisse_sort  viande-provenant-de-suisse_sort  av-masonry-item-with-image' title=\"bigler-beitragsbild-2\"   itemscope=\"itemscope\" itemtype=\"https:\/\/schema.org\/CreativeWork\" ><div class='av-inner-masonry-sizer'><\/div><figure class='av-inner-masonry main_color'><div class=\"av-masonry-outerimage-container\"><div class='av-masonry-image-container' style=\"background-image: url(https:\/\/www.buendnerfleisch.swiss\/wp-content\/uploads\/2019\/05\/bigler-beitragsbild-2-1-639x705.jpg);\"  title=\"bigler-beitragsbild-2\" ><\/div><\/div><figcaption class='av-inner-masonry-content site-background'><div class='av-inner-masonry-content-pos'><div class='av-inner-masonry-content-pos-content'><div class='avia-arrow'><\/div><span class=\"masonry-cat\"><\/span><h3 class='av-masonry-entry-title entry-title '  itemprop=\"headline\" >Bigler AG Fleischwaren<\/h3><\/div><\/div><\/figcaption><\/figure><\/a><!--end av-masonry entry--><a href=\"https:\/\/www.buendnerfleisch.swiss\/fr\/rezept\/mitglieder\/curschellas-sa\/\"  id='av-masonry-1-item-1433' data-av-masonry-item='1433' class='av-masonry-entry isotope-item post-1433 portfolio type-portfolio status-publish has-post-thumbnail hentry tag-bio-fr tag-livraison-approvisionnement-de-vendeurs-a-letranger tag-livraison-approvisionnement-de-vendeurs-en-suisse tag-production-fr tag-production-toute-lannee tag-verkauf-fr tag-vente-dans-la-propre-boutique-sur-place tag-vente-en-suisse tag-viande-provenant-de-letranger tag-viande-provenant-de-suisse tag-viande-provenant-des-grisons tag-visite-de-letablissement all_sort bio-fr_sort  livraison-approvisionnement-de-vendeurs-a-letranger_sort  livraison-approvisionnement-de-vendeurs-en-suisse_sort  production-fr_sort  production-toute-lannee_sort  verkauf-fr_sort  vente-dans-la-propre-boutique-sur-place_sort  vente-en-suisse_sort  viande-provenant-de-letranger_sort  viande-provenant-de-suisse_sort  viande-provenant-des-grisons_sort  visite-de-letablissement_sort  av-masonry-item-with-image' title=\"buendnerfleisch_curschellas\"   itemscope=\"itemscope\" itemtype=\"https:\/\/schema.org\/CreativeWork\" ><div class='av-inner-masonry-sizer'><\/div><figure class='av-inner-masonry main_color'><div class=\"av-masonry-outerimage-container\"><div class='av-masonry-image-container' style=\"background-image: url(https:\/\/www.buendnerfleisch.swiss\/wp-content\/uploads\/2018\/07\/050-705x470.jpg);\"  title=\"buendnerfleisch_curschellas\" ><\/div><\/div><figcaption class='av-inner-masonry-content site-background'><div class='av-inner-masonry-content-pos'><div class='av-inner-masonry-content-pos-content'><div class='avia-arrow'><\/div><span class=\"masonry-cat\"><\/span><h3 class='av-masonry-entry-title entry-title '  itemprop=\"headline\" >Curschellas SA<\/h3><\/div><\/div><\/figcaption><\/figure><\/a><!--end av-masonry entry--><a href=\"https:\/\/www.buendnerfleisch.swiss\/fr\/rezept\/mitglieder\/ernst-sutter-ag\/\"  id='av-masonry-1-item-1443' data-av-masonry-item='1443' class='av-masonry-entry isotope-item post-1443 portfolio type-portfolio status-publish has-post-thumbnail hentry tag-livraison-approvisionnement-de-vendeurs-a-letranger tag-livraison-approvisionnement-de-vendeurs-en-suisse tag-production-fr tag-production-toute-lannee tag-sechage-naturel tag-suisse tag-verkauf-fr tag-vente-a-letranger tag-vente-dans-la-propre-boutique-sur-place tag-viande-provenant-de-letranger tag-viande-provenant-de-suisse all_sort livraison-approvisionnement-de-vendeurs-a-letranger_sort  livraison-approvisionnement-de-vendeurs-en-suisse_sort  production-fr_sort  production-toute-lannee_sort  sechage-naturel_sort  suisse_sort  verkauf-fr_sort  vente-a-letranger_sort  vente-dans-la-propre-boutique-sur-place_sort  viande-provenant-de-letranger_sort  viande-provenant-de-suisse_sort  av-masonry-item-with-image' title=\"Ernst Sutter AG\"   itemscope=\"itemscope\" itemtype=\"https:\/\/schema.org\/CreativeWork\" ><div class='av-inner-masonry-sizer'><\/div><figure class='av-inner-masonry main_color'><div class=\"av-masonry-outerimage-container\"><div class='av-masonry-image-container' style=\"background-image: url(https:\/\/www.buendnerfleisch.swiss\/wp-content\/uploads\/2018\/06\/Bilder-Ernst-Sutter-AG_Sulai_5-705x470.jpg);\"  title=\"Ernst Sutter AG\" ><\/div><\/div><figcaption class='av-inner-masonry-content site-background'><div class='av-inner-masonry-content-pos'><div class='av-inner-masonry-content-pos-content'><div class='avia-arrow'><\/div><span class=\"masonry-cat\"><\/span><h3 class='av-masonry-entry-title entry-title '  itemprop=\"headline\" >Ernst Sutter AG<\/h3><\/div><\/div><\/figcaption><\/figure><\/a><!--end av-masonry entry--><a href=\"https:\/\/www.buendnerfleisch.swiss\/fr\/rezept\/mitglieder\/fleischhandel-cruezer-ag\/\"  id='av-masonry-1-item-1455' data-av-masonry-item='1455' class='av-masonry-entry isotope-item post-1455 portfolio type-portfolio status-publish has-post-thumbnail hentry tag-livraison-approvisionnement-de-vendeurs-en-suisse tag-verkauf-fr tag-vente-en-suisse tag-viande-provenant-de-suisse all_sort livraison-approvisionnement-de-vendeurs-en-suisse_sort  verkauf-fr_sort  vente-en-suisse_sort  viande-provenant-de-suisse_sort  av-masonry-item-with-image' title=\"buendnerfleisch_180717165350_beitrag\"   itemscope=\"itemscope\" itemtype=\"https:\/\/schema.org\/CreativeWork\" ><div class='av-inner-masonry-sizer'><\/div><figure class='av-inner-masonry main_color'><div class=\"av-masonry-outerimage-container\"><div class='av-masonry-image-container' style=\"background-image: url(https:\/\/www.buendnerfleisch.swiss\/wp-content\/uploads\/2018\/07\/buendnerfleisch_180717165350_beitrag-705x705.jpg);\"  title=\"buendnerfleisch_180717165350_beitrag\" ><\/div><\/div><figcaption class='av-inner-masonry-content site-background'><div class='av-inner-masonry-content-pos'><div class='av-inner-masonry-content-pos-content'><div class='avia-arrow'><\/div><span class=\"masonry-cat\"><\/span><h3 class='av-masonry-entry-title entry-title '  itemprop=\"headline\" >Fleischhandel Cr\u00fczer AG<\/h3><\/div><\/div><\/figcaption><\/figure><\/a><!--end av-masonry entry--><a href=\"https:\/\/www.buendnerfleisch.swiss\/fr\/rezept\/mitglieder\/fleischtrocknerei-churwalden-ag\/\"  id='av-masonry-1-item-1461' data-av-masonry-item='1461' class='av-masonry-entry isotope-item post-1461 portfolio type-portfolio status-publish has-post-thumbnail hentry tag-bio-fr tag-livraison-approvisionnement-de-vendeurs-a-letranger tag-livraison-approvisionnement-de-vendeurs-en-suisse tag-production-fr tag-production-toute-lannee tag-verkauf-fr tag-vente-a-letranger tag-vente-dans-la-propre-boutique-sur-place tag-viande-provenant-de-letranger tag-viande-provenant-de-suisse all_sort bio-fr_sort  livraison-approvisionnement-de-vendeurs-a-letranger_sort  livraison-approvisionnement-de-vendeurs-en-suisse_sort  production-fr_sort  production-toute-lannee_sort  verkauf-fr_sort  vente-a-letranger_sort  vente-dans-la-propre-boutique-sur-place_sort  viande-provenant-de-letranger_sort  viande-provenant-de-suisse_sort  av-masonry-item-with-image' title=\"FTCH_Buendnerfleisch4645\"   itemscope=\"itemscope\" itemtype=\"https:\/\/schema.org\/CreativeWork\" ><div class='av-inner-masonry-sizer'><\/div><figure class='av-inner-masonry main_color'><div class=\"av-masonry-outerimage-container\"><div class='av-masonry-image-container' style=\"background-image: url(https:\/\/www.buendnerfleisch.swiss\/wp-content\/uploads\/2018\/06\/FTCH_Buendnerfleisch4645-705x529.jpg);\"  title=\"FTCH_Buendnerfleisch4645\" ><\/div><\/div><figcaption class='av-inner-masonry-content site-background'><div class='av-inner-masonry-content-pos'><div class='av-inner-masonry-content-pos-content'><div class='avia-arrow'><\/div><span class=\"masonry-cat\"><\/span><h3 class='av-masonry-entry-title entry-title '  itemprop=\"headline\" >Fleischtrocknerei Churwalden AG<\/h3><\/div><\/div><\/figcaption><\/figure><\/a><!--end av-masonry entry--><a href=\"https:\/\/www.buendnerfleisch.swiss\/fr\/rezept\/mitglieder\/gurtner-metzgerei-ag\/\"  id='av-masonry-1-item-1473' data-av-masonry-item='1473' class='av-masonry-entry isotope-item post-1473 portfolio type-portfolio status-publish has-post-thumbnail hentry tag-bio-fr tag-livraison-approvisionnement-de-vendeurs-en-suisse tag-production-fr tag-production-toute-lannee tag-verkauf-fr tag-vente-dans-la-propre-boutique-sur-place tag-vente-en-suisse tag-viande-provenant-de-letranger tag-viande-provenant-de-suisse tag-viande-provenant-des-grisons all_sort bio-fr_sort  livraison-approvisionnement-de-vendeurs-en-suisse_sort  production-fr_sort  production-toute-lannee_sort  verkauf-fr_sort  vente-dans-la-propre-boutique-sur-place_sort  vente-en-suisse_sort  viande-provenant-de-letranger_sort  viande-provenant-de-suisse_sort  viande-provenant-des-grisons_sort  av-masonry-item-with-image' title=\"buendnerfleisch_180717165350_beitrag\"   itemscope=\"itemscope\" itemtype=\"https:\/\/schema.org\/CreativeWork\" ><div class='av-inner-masonry-sizer'><\/div><figure class='av-inner-masonry main_color'><div class=\"av-masonry-outerimage-container\"><div class='av-masonry-image-container' style=\"background-image: url(https:\/\/www.buendnerfleisch.swiss\/wp-content\/uploads\/2018\/07\/buendnerfleisch_180717165350_beitrag-705x705.jpg);\"  title=\"buendnerfleisch_180717165350_beitrag\" ><\/div><\/div><figcaption class='av-inner-masonry-content site-background'><div class='av-inner-masonry-content-pos'><div class='av-inner-masonry-content-pos-content'><div class='avia-arrow'><\/div><span class=\"masonry-cat\"><\/span><h3 class='av-masonry-entry-title entry-title '  itemprop=\"headline\" >Gurtner Metzgerei AG<\/h3><\/div><\/div><\/figcaption><\/figure><\/a><!--end av-masonry entry--><a href=\"https:\/\/www.buendnerfleisch.swiss\/fr\/rezept\/mitglieder\/h-r-kyburz\/\"  id='av-masonry-1-item-1647' data-av-masonry-item='1647' class='av-masonry-entry isotope-item post-1647 portfolio type-portfolio status-publish has-post-thumbnail hentry tag-livraison-approvisionnement-de-vendeurs-en-suisse tag-production-fr tag-vente-en-suisse all_sort livraison-approvisionnement-de-vendeurs-en-suisse_sort  production-fr_sort  vente-en-suisse_sort  av-masonry-item-with-image' title=\"Zentrum_Metzg_Buendnerfleisch\"   itemscope=\"itemscope\" itemtype=\"https:\/\/schema.org\/CreativeWork\" ><div class='av-inner-masonry-sizer'><\/div><figure class='av-inner-masonry main_color'><div class=\"av-masonry-outerimage-container\"><div class='av-masonry-image-container' style=\"background-image: url(https:\/\/www.buendnerfleisch.swiss\/wp-content\/uploads\/2018\/06\/Bu\u0308ndnerfleisch.jpg);\"  title=\"Zentrum_Metzg_Buendnerfleisch\" ><\/div><\/div><figcaption class='av-inner-masonry-content site-background'><div class='av-inner-masonry-content-pos'><div class='av-inner-masonry-content-pos-content'><div class='avia-arrow'><\/div><span class=\"masonry-cat\"><\/span><h3 class='av-masonry-entry-title entry-title '  itemprop=\"headline\" >H. R. Kyburz<\/h3><\/div><\/div><\/figcaption><\/figure><\/a><!--end av-masonry entry--><a href=\"https:\/\/www.buendnerfleisch.swiss\/fr\/rezept\/mitglieder\/heuberger-ag\/\"  id='av-masonry-1-item-1486' data-av-masonry-item='1486' class='av-masonry-entry isotope-item post-1486 portfolio type-portfolio status-publish has-post-thumbnail hentry tag-production-fr tag-production-toute-lannee tag-sechage-naturel tag-suisse tag-verkauf-fr tag-vente-dans-la-propre-boutique-sur-place tag-vente-en-suisse tag-viande-provenant-de-letranger tag-viande-provenant-de-suisse all_sort production-fr_sort  production-toute-lannee_sort  sechage-naturel_sort  suisse_sort  verkauf-fr_sort  vente-dans-la-propre-boutique-sur-place_sort  vente-en-suisse_sort  viande-provenant-de-letranger_sort  viande-provenant-de-suisse_sort  av-masonry-item-with-image' title=\"Heuberger_Buendnerfleisch\"   itemscope=\"itemscope\" itemtype=\"https:\/\/schema.org\/CreativeWork\" ><div class='av-inner-masonry-sizer'><\/div><figure class='av-inner-masonry main_color'><div class=\"av-masonry-outerimage-container\"><div class='av-masonry-image-container' style=\"background-image: url(https:\/\/www.buendnerfleisch.swiss\/wp-content\/uploads\/2018\/06\/Kopie-von-DSC03955-705x468.jpg);\"  title=\"Heuberger_Buendnerfleisch\" ><\/div><\/div><figcaption class='av-inner-masonry-content site-background'><div class='av-inner-masonry-content-pos'><div class='av-inner-masonry-content-pos-content'><div class='avia-arrow'><\/div><span class=\"masonry-cat\"><\/span><h3 class='av-masonry-entry-title entry-title '  itemprop=\"headline\" >Heuberger AG<\/h3><\/div><\/div><\/figcaption><\/figure><\/a><!--end av-masonry entry--><a href=\"https:\/\/www.buendnerfleisch.swiss\/fr\/rezept\/mitglieder\/joerg-bruegger-co\/\"  id='av-masonry-1-item-1505' data-av-masonry-item='1505' class='av-masonry-entry isotope-item post-1505 portfolio type-portfolio status-publish has-post-thumbnail hentry tag-bio-fr tag-livraison-approvisionnement-de-vendeurs-en-suisse tag-production-fr tag-sechage-naturel tag-suisse tag-verkauf-fr tag-vente-dans-la-propre-boutique-sur-place tag-vente-en-suisse tag-viande-provenant-de-suisse tag-viande-provenant-des-grisons tag-visite-de-letablissement all_sort bio-fr_sort  livraison-approvisionnement-de-vendeurs-en-suisse_sort  production-fr_sort  sechage-naturel_sort  suisse_sort  verkauf-fr_sort  vente-dans-la-propre-boutique-sur-place_sort  vente-en-suisse_sort  viande-provenant-de-suisse_sort  viande-provenant-des-grisons_sort  visite-de-letablissement_sort  av-masonry-item-with-image' title=\"Bruegger_Parpan\"   itemscope=\"itemscope\" itemtype=\"https:\/\/schema.org\/CreativeWork\" ><div class='av-inner-masonry-sizer'><\/div><figure class='av-inner-masonry main_color'><div class=\"av-masonry-outerimage-container\"><div class='av-masonry-image-container' style=\"background-image: url(https:\/\/www.buendnerfleisch.swiss\/wp-content\/uploads\/2018\/06\/Q01A6236-705x470.jpg);\"  title=\"Bruegger_Parpan\" ><\/div><\/div><figcaption class='av-inner-masonry-content site-background'><div class='av-inner-masonry-content-pos'><div class='av-inner-masonry-content-pos-content'><div class='avia-arrow'><\/div><span class=\"masonry-cat\"><\/span><h3 class='av-masonry-entry-title entry-title '  itemprop=\"headline\" >J\u00f6rg Br\u00fcgger &#038; Co.<\/h3><\/div><\/div><\/figcaption><\/figure><\/a><!--end av-masonry entry--><a href=\"https:\/\/www.buendnerfleisch.swiss\/fr\/rezept\/mitglieder\/ludwig-hatecke\/\"  id='av-masonry-1-item-1102' data-av-masonry-item='1102' class='av-masonry-entry isotope-item post-1102 portfolio type-portfolio status-publish has-post-thumbnail hentry tag-livraison-approvisionnement-de-vendeurs-en-suisse tag-production-fr tag-production-toute-lannee tag-sechage-naturel tag-suisse tag-verkauf-fr tag-vente-dans-la-propre-boutique-sur-place tag-vente-en-suisse tag-viande-provenant-de-suisse tag-viande-provenant-des-grisons tag-visite-de-letablissement all_sort livraison-approvisionnement-de-vendeurs-en-suisse_sort  production-fr_sort  production-toute-lannee_sort  sechage-naturel_sort  suisse_sort  verkauf-fr_sort  vente-dans-la-propre-boutique-sur-place_sort  vente-en-suisse_sort  viande-provenant-de-suisse_sort  viande-provenant-des-grisons_sort  visite-de-letablissement_sort  av-masonry-item-with-image' title=\"Ludwig Hatecke\"   itemscope=\"itemscope\" itemtype=\"https:\/\/schema.org\/CreativeWork\" ><div class='av-inner-masonry-sizer'><\/div><figure class='av-inner-masonry main_color'><div class=\"av-masonry-outerimage-container\"><div class='av-masonry-image-container' style=\"background-image: url(https:\/\/www.buendnerfleisch.swiss\/wp-content\/uploads\/2018\/03\/guede_ludwig_hatecke_trockenfleisch.jpg__663x372_q80_crop-1_subsampling-2_upscale-1-705x397.jpg);\"  title=\"Ludwig Hatecke\" ><\/div><\/div><figcaption class='av-inner-masonry-content site-background'><div class='av-inner-masonry-content-pos'><div class='av-inner-masonry-content-pos-content'><div class='avia-arrow'><\/div><span class=\"masonry-cat\"><\/span><h3 class='av-masonry-entry-title entry-title '  itemprop=\"headline\" >Ludwig Hatecke<\/h3><\/div><\/div><\/figcaption><\/figure><\/a><!--end av-masonry entry--><a href=\"https:\/\/www.buendnerfleisch.swiss\/fr\/rezept\/mitglieder\/metzgerei-buffoni-ag\/\"  id='av-masonry-1-item-1518' data-av-masonry-item='1518' class='av-masonry-entry isotope-item post-1518 portfolio type-portfolio status-publish has-post-thumbnail hentry tag-livraison-approvisionnement-de-vendeurs-a-letranger tag-livraison-approvisionnement-de-vendeurs-en-suisse tag-verkauf-fr tag-vente-dans-la-propre-boutique-sur-place tag-vente-en-suisse tag-viande-provenant-de-suisse tag-viande-provenant-des-grisons all_sort livraison-approvisionnement-de-vendeurs-a-letranger_sort  livraison-approvisionnement-de-vendeurs-en-suisse_sort  verkauf-fr_sort  vente-dans-la-propre-boutique-sur-place_sort  vente-en-suisse_sort  viande-provenant-de-suisse_sort  viande-provenant-des-grisons_sort  av-masonry-item-with-image' title=\"Buffoni_Trockenw\u00fcrste\"   itemscope=\"itemscope\" itemtype=\"https:\/\/schema.org\/CreativeWork\" ><div class='av-inner-masonry-sizer'><\/div><figure class='av-inner-masonry main_color'><div class=\"av-masonry-outerimage-container\"><div class='av-masonry-image-container' style=\"background-image: url(https:\/\/www.buendnerfleisch.swiss\/wp-content\/uploads\/2018\/06\/02_Trockenwu\u0308rste-705x527.jpg);\"  title=\"Buffoni_Trockenw\u00fcrste\" ><\/div><\/div><figcaption class='av-inner-masonry-content site-background'><div class='av-inner-masonry-content-pos'><div class='av-inner-masonry-content-pos-content'><div class='avia-arrow'><\/div><span class=\"masonry-cat\"><\/span><h3 class='av-masonry-entry-title entry-title '  itemprop=\"headline\" >Metzgerei Buffoni AG<\/h3><\/div><\/div><\/figcaption><\/figure><\/a><!--end av-masonry entry--><a href=\"https:\/\/www.buendnerfleisch.swiss\/fr\/rezept\/mitglieder\/metzgerei-peduzzi-ag\/\"  id='av-masonry-1-item-2703' data-av-masonry-item='2703' class='av-masonry-entry isotope-item post-2703 portfolio type-portfolio status-publish has-post-thumbnail hentry tag-verkauf-fr tag-vente-dans-la-propre-boutique-sur-place tag-vente-en-suisse tag-viande-provenant-de-suisse tag-viande-provenant-des-grisons all_sort verkauf-fr_sort  vente-dans-la-propre-boutique-sur-place_sort  vente-en-suisse_sort  viande-provenant-de-suisse_sort  viande-provenant-des-grisons_sort  av-masonry-item-with-image' title=\"Peduzzi_Savognin_1\"   itemscope=\"itemscope\" itemtype=\"https:\/\/schema.org\/CreativeWork\" ><div class='av-inner-masonry-sizer'><\/div><figure class='av-inner-masonry main_color'><div class=\"av-masonry-outerimage-container\"><div class='av-masonry-image-container' style=\"background-image: url(https:\/\/www.buendnerfleisch.swiss\/wp-content\/uploads\/2023\/12\/Peduzzi_Savognin_1-705x471.jpg);\"  title=\"Peduzzi_Savognin_1\" ><\/div><\/div><figcaption class='av-inner-masonry-content site-background'><div class='av-inner-masonry-content-pos'><div class='av-inner-masonry-content-pos-content'><div class='avia-arrow'><\/div><span class=\"masonry-cat\"><\/span><h3 class='av-masonry-entry-title entry-title '  itemprop=\"headline\" >Metzgerei Peduzzi AG<\/h3><\/div><\/div><\/figcaption><\/figure><\/a><!--end av-masonry entry--><a href=\"https:\/\/www.buendnerfleisch.swiss\/fr\/rezept\/mitglieder\/micarna-sa\/\"  id='av-masonry-1-item-1541' data-av-masonry-item='1541' class='av-masonry-entry isotope-item post-1541 portfolio type-portfolio status-publish has-post-thumbnail hentry tag-livraison-approvisionnement-de-vendeurs-en-suisse tag-production-fr tag-production-toute-lannee tag-verkauf-fr tag-vente-en-suisse all_sort livraison-approvisionnement-de-vendeurs-en-suisse_sort  production-fr_sort  production-toute-lannee_sort  verkauf-fr_sort  vente-en-suisse_sort  av-masonry-item-with-image' title=\"Micarna_Buendnerfleisch\"   itemscope=\"itemscope\" itemtype=\"https:\/\/schema.org\/CreativeWork\" ><div class='av-inner-masonry-sizer'><\/div><figure class='av-inner-masonry main_color'><div class=\"av-masonry-outerimage-container\"><div class='av-masonry-image-container' style=\"background-image: url(https:\/\/www.buendnerfleisch.swiss\/wp-content\/uploads\/2018\/06\/Micarna_Aug16_009-705x468.jpg);\"  title=\"Micarna_Buendnerfleisch\" ><\/div><\/div><figcaption class='av-inner-masonry-content site-background'><div class='av-inner-masonry-content-pos'><div class='av-inner-masonry-content-pos-content'><div class='avia-arrow'><\/div><span class=\"masonry-cat\"><\/span><h3 class='av-masonry-entry-title entry-title '  itemprop=\"headline\" >Micarna SA<\/h3><\/div><\/div><\/figcaption><\/figure><\/a><!--end av-masonry entry--><a href=\"https:\/\/www.buendnerfleisch.swiss\/fr\/rezept\/mitglieder\/ochsen-metzgerei-wattinger\/\"  id='av-masonry-1-item-1573' data-av-masonry-item='1573' class='av-masonry-entry isotope-item post-1573 portfolio type-portfolio status-publish has-post-thumbnail hentry tag-verkauf-fr tag-vente-dans-la-propre-boutique-sur-place tag-viande-provenant-de-suisse all_sort verkauf-fr_sort  vente-dans-la-propre-boutique-sur-place_sort  viande-provenant-de-suisse_sort  av-masonry-item-with-image' title=\"Wattinger_Landrauchschinken\"   itemscope=\"itemscope\" itemtype=\"https:\/\/schema.org\/CreativeWork\" ><div class='av-inner-masonry-sizer'><\/div><figure class='av-inner-masonry main_color'><div class=\"av-masonry-outerimage-container\"><div class='av-masonry-image-container' style=\"background-image: url(https:\/\/www.buendnerfleisch.swiss\/wp-content\/uploads\/2018\/06\/Foodshot_Landrauchschinken-705x467.jpg);\"  title=\"Wattinger_Landrauchschinken\" ><\/div><\/div><figcaption class='av-inner-masonry-content site-background'><div class='av-inner-masonry-content-pos'><div class='av-inner-masonry-content-pos-content'><div class='avia-arrow'><\/div><span class=\"masonry-cat\"><\/span><h3 class='av-masonry-entry-title entry-title '  itemprop=\"headline\" >Ochsen Metzgerei Wattinger<\/h3><\/div><\/div><\/figcaption><\/figure><\/a><!--end av-masonry entry--><a href=\"https:\/\/www.buendnerfleisch.swiss\/fr\/rezept\/mitglieder\/schmed-metzgerei-ag\/\"  id='av-masonry-1-item-1594' data-av-masonry-item='1594' class='av-masonry-entry isotope-item post-1594 portfolio type-portfolio status-publish has-post-thumbnail hentry tag-livraison-approvisionnement-de-vendeurs-en-suisse tag-production-fr tag-production-toute-lannee tag-verkauf-fr tag-vente-dans-la-propre-boutique-sur-place tag-vente-en-suisse tag-viande-provenant-de-suisse tag-viande-provenant-des-grisons tag-visite-de-letablissement all_sort livraison-approvisionnement-de-vendeurs-en-suisse_sort  production-fr_sort  production-toute-lannee_sort  verkauf-fr_sort  vente-dans-la-propre-boutique-sur-place_sort  vente-en-suisse_sort  viande-provenant-de-suisse_sort  viande-provenant-des-grisons_sort  visite-de-letablissement_sort  av-masonry-item-with-image' title=\"Schmed\"   itemscope=\"itemscope\" itemtype=\"https:\/\/schema.org\/CreativeWork\" ><div class='av-inner-masonry-sizer'><\/div><figure class='av-inner-masonry main_color'><div class=\"av-masonry-outerimage-container\"><div class='av-masonry-image-container' style=\"background-image: url(https:\/\/www.buendnerfleisch.swiss\/wp-content\/uploads\/2018\/06\/R_E_G_05_18270418_30-705x470.jpg);\"  title=\"Schmed\" ><\/div><\/div><figcaption class='av-inner-masonry-content site-background'><div class='av-inner-masonry-content-pos'><div class='av-inner-masonry-content-pos-content'><div class='avia-arrow'><\/div><span class=\"masonry-cat\"><\/span><h3 class='av-masonry-entry-title entry-title '  itemprop=\"headline\" >Schmed Metzgerei AG<\/h3><\/div><\/div><\/figcaption><\/figure><\/a><!--end av-masonry entry--><a href=\"https:\/\/www.buendnerfleisch.swiss\/fr\/rezept\/mitglieder\/sialm-ag-fleischtrocknerei\/\"  id='av-masonry-1-item-1601' data-av-masonry-item='1601' class='av-masonry-entry isotope-item post-1601 portfolio type-portfolio status-publish has-post-thumbnail hentry tag-bio-fr tag-livraison-approvisionnement-de-vendeurs-en-suisse tag-production-fr tag-production-toute-lannee tag-sechage-naturel tag-verkauf-fr tag-vente-dans-la-propre-boutique-sur-place tag-vente-en-suisse tag-viande-provenant-de-suisse tag-viande-provenant-des-grisons tag-visite-de-letablissement all_sort bio-fr_sort  livraison-approvisionnement-de-vendeurs-en-suisse_sort  production-fr_sort  production-toute-lannee_sort  sechage-naturel_sort  verkauf-fr_sort  vente-dans-la-propre-boutique-sur-place_sort  vente-en-suisse_sort  viande-provenant-de-suisse_sort  viande-provenant-des-grisons_sort  visite-de-letablissement_sort  av-masonry-item-with-image' title=\"_ADN3965\"   itemscope=\"itemscope\" itemtype=\"https:\/\/schema.org\/CreativeWork\" ><div class='av-inner-masonry-sizer'><\/div><figure class='av-inner-masonry main_color'><div class=\"av-masonry-outerimage-container\"><div class='av-masonry-image-container' style=\"background-image: url(https:\/\/www.buendnerfleisch.swiss\/wp-content\/uploads\/2018\/06\/ADN3965-705x470.jpg);\"  title=\"_ADN3965\" ><\/div><\/div><figcaption class='av-inner-masonry-content site-background'><div class='av-inner-masonry-content-pos'><div class='av-inner-masonry-content-pos-content'><div class='avia-arrow'><\/div><span class=\"masonry-cat\"><\/span><h3 class='av-masonry-entry-title entry-title '  itemprop=\"headline\" >Sialm AG Fleischtrocknerei<\/h3><\/div><\/div><\/figcaption><\/figure><\/a><!--end av-masonry entry--><a href=\"https:\/\/www.buendnerfleisch.swiss\/fr\/rezept\/mitglieder\/spiess-metzgerei-gmbh\/\"  id='av-masonry-1-item-1609' data-av-masonry-item='1609' class='av-masonry-entry isotope-item post-1609 portfolio type-portfolio status-publish has-post-thumbnail hentry tag-livraison-approvisionnement-de-vendeurs-en-suisse tag-verkauf-fr tag-vente-dans-la-propre-boutique-sur-place tag-vente-en-suisse tag-viande-provenant-de-suisse tag-viande-provenant-des-grisons all_sort livraison-approvisionnement-de-vendeurs-en-suisse_sort  verkauf-fr_sort  vente-dans-la-propre-boutique-sur-place_sort  vente-en-suisse_sort  viande-provenant-de-suisse_sort  viande-provenant-des-grisons_sort  av-masonry-item-with-image' title=\"Spiess_Metzgerei\"   itemscope=\"itemscope\" itemtype=\"https:\/\/schema.org\/CreativeWork\" ><div class='av-inner-masonry-sizer'><\/div><figure class='av-inner-masonry main_color'><div class=\"av-masonry-outerimage-container\"><div class='av-masonry-image-container' style=\"background-image: url(https:\/\/www.buendnerfleisch.swiss\/wp-content\/uploads\/2018\/06\/0K9A6413-705x470.jpg);\"  title=\"Spiess_Metzgerei\" ><\/div><\/div><figcaption class='av-inner-masonry-content site-background'><div class='av-inner-masonry-content-pos'><div class='av-inner-masonry-content-pos-content'><div class='avia-arrow'><\/div><span class=\"masonry-cat\"><\/span><h3 class='av-masonry-entry-title entry-title '  itemprop=\"headline\" >Spiess Metzgerei GmbH<\/h3><\/div><\/div><\/figcaption><\/figure><\/a><!--end av-masonry entry--><a href=\"https:\/\/www.buendnerfleisch.swiss\/fr\/rezept\/mitglieder\/wursteria-graubuenden\/\"  id='av-masonry-1-item-1621' data-av-masonry-item='1621' class='av-masonry-entry isotope-item post-1621 portfolio type-portfolio status-publish has-post-thumbnail hentry tag-production-fr tag-production-toute-lannee tag-verkauf-fr tag-vente-dans-la-propre-boutique-sur-place tag-vente-en-suisse tag-viande-provenant-de-suisse tag-viande-provenant-des-grisons all_sort production-fr_sort  production-toute-lannee_sort  verkauf-fr_sort  vente-dans-la-propre-boutique-sur-place_sort  vente-en-suisse_sort  viande-provenant-de-suisse_sort  viande-provenant-des-grisons_sort  av-masonry-item-with-image' title=\"Wursteria_Graub\u00fcnden\"   itemscope=\"itemscope\" itemtype=\"https:\/\/schema.org\/CreativeWork\" ><div class='av-inner-masonry-sizer'><\/div><figure class='av-inner-masonry main_color'><div class=\"av-masonry-outerimage-container\"><div class='av-masonry-image-container' style=\"background-image: url(https:\/\/www.buendnerfleisch.swiss\/wp-content\/uploads\/2018\/06\/FOTO-FLURY_DSC2171_1-705x470.jpg);\"  title=\"Wursteria_Graub\u00fcnden\" ><\/div><\/div><figcaption class='av-inner-masonry-content site-background'><div class='av-inner-masonry-content-pos'><div class='av-inner-masonry-content-pos-content'><div class='avia-arrow'><\/div><span class=\"masonry-cat\"><\/span><h3 class='av-masonry-entry-title entry-title '  itemprop=\"headline\" >Wursteria Graub\u00fcnden<\/h3><\/div><\/div><\/figcaption><\/figure><\/a><!--end av-masonry entry--><a href=\"https:\/\/www.buendnerfleisch.swiss\/fr\/rezept\/mitglieder\/zanetti-co\/\"  id='av-masonry-1-item-1633' data-av-masonry-item='1633' class='av-masonry-entry isotope-item post-1633 portfolio type-portfolio status-publish has-post-thumbnail hentry tag-bio-fr tag-livraison-approvisionnement-de-vendeurs-a-letranger tag-livraison-approvisionnement-de-vendeurs-en-suisse tag-production-fr tag-production-toute-lannee tag-sechage-naturel tag-verkauf-fr tag-vente-a-letranger tag-vente-dans-la-propre-boutique-sur-place tag-vente-en-suisse tag-viande-provenant-de-suisse tag-viande-provenant-des-grisons tag-visite-de-letablissement all_sort bio-fr_sort  livraison-approvisionnement-de-vendeurs-a-letranger_sort  livraison-approvisionnement-de-vendeurs-en-suisse_sort  production-fr_sort  production-toute-lannee_sort  sechage-naturel_sort  verkauf-fr_sort  vente-a-letranger_sort  vente-dans-la-propre-boutique-sur-place_sort  vente-en-suisse_sort  viande-provenant-de-suisse_sort  viande-provenant-des-grisons_sort  visite-de-letablissement_sort  av-masonry-item-with-image' title=\"Zanetti_Buendnerfleisch\"   itemscope=\"itemscope\" itemtype=\"https:\/\/schema.org\/CreativeWork\" ><div class='av-inner-masonry-sizer'><\/div><figure class='av-inner-masonry main_color'><div class=\"av-masonry-outerimage-container\"><div class='av-masonry-image-container' style=\"background-image: url(https:\/\/www.buendnerfleisch.swiss\/wp-content\/uploads\/2018\/06\/BGtzAw-gTd-Zwho5JpsOYZpkgSf112dbbQZAncRsomU4sopHRcxvhTToqMo_DseceqI2kqYYH-K8YolLmv6nMc1wFqkGAbJfNpeanX2cApDRcDqmiZrlFavMK6AoprGWA4g-705x469.jpg);\"  title=\"Zanetti_Buendnerfleisch\" ><\/div><\/div><figcaption class='av-inner-masonry-content site-background'><div class='av-inner-masonry-content-pos'><div class='av-inner-masonry-content-pos-content'><div class='avia-arrow'><\/div><span class=\"masonry-cat\"><\/span><h3 class='av-masonry-entry-title entry-title '  itemprop=\"headline\" >Zanetti &#038; Co.<\/h3><\/div><\/div><\/figcaption><\/figure><\/a><!--end av-masonry entry--><\/div><\/div><\/div>\n","protected":false},"excerpt":{"rendered":"","protected":false},"author":1,"featured_media":0,"parent":0,"menu_order":5,"comment_status":"closed","ping_status":"closed","template":"","meta":{"inline_featured_image":false,"footnotes":""},"class_list":["post-1073","page","type-page","status-publish","hentry"],"yoast_head":"<!-- This site is optimized with the Yoast SEO plugin v23.4 - https:\/\/yoast.com\/wordpress\/plugins\/seo\/ -->\n<title>Vente - B\u00fcndnerfleisch<\/title>\n<meta name=\"description\" content=\"Ici vous trouverez les producteurs et vendeurs de viande des Grisons et vous pouvez chercher les \u00e9tablissements selon diff\u00e9rents crit\u00e8res.\" \/>\n<meta name=\"robots\" content=\"index, follow, max-snippet:-1, max-image-preview:large, max-video-preview:-1\" \/>\n<link rel=\"canonical\" href=\"https:\/\/www.buendnerfleisch.swiss\/fr\/la-vente\/\" \/>\n<meta property=\"og:locale\" content=\"fr_FR\" \/>\n<meta property=\"og:type\" content=\"article\" \/>\n<meta property=\"og:title\" content=\"Vente - B\u00fcndnerfleisch\" \/>\n<meta property=\"og:description\" content=\"Ici vous trouverez les producteurs et vendeurs de viande des Grisons et vous pouvez chercher les \u00e9tablissements selon diff\u00e9rents crit\u00e8res.\" \/>\n<meta property=\"og:url\" content=\"https:\/\/www.buendnerfleisch.swiss\/fr\/la-vente\/\" \/>\n<meta property=\"og:site_name\" content=\"B\u00fcndnerfleisch\" \/>\n<meta property=\"article:modified_time\" content=\"2024-09-04T08:03:49+00:00\" \/>\n<meta name=\"twitter:card\" content=\"summary_large_image\" \/>\n<meta name=\"twitter:label1\" content=\"Dur\u00e9e de lecture estim\u00e9e\" \/>\n\t<meta name=\"twitter:data1\" content=\"2 minutes\" \/>\n<script type=\"application\/ld+json\" class=\"yoast-schema-graph\">{\"@context\":\"https:\/\/schema.org\",\"@graph\":[{\"@type\":\"WebPage\",\"@id\":\"https:\/\/www.buendnerfleisch.swiss\/fr\/la-vente\/\",\"url\":\"https:\/\/www.buendnerfleisch.swiss\/fr\/la-vente\/\",\"name\":\"Vente - B\u00fcndnerfleisch\",\"isPartOf\":{\"@id\":\"https:\/\/www.buendnerfleisch.swiss\/#website\"},\"datePublished\":\"2018-08-08T14:51:16+00:00\",\"dateModified\":\"2024-09-04T08:03:49+00:00\",\"description\":\"Ici vous trouverez les producteurs et vendeurs de viande des Grisons et vous pouvez chercher les \u00e9tablissements selon diff\u00e9rents crit\u00e8res.\",\"breadcrumb\":{\"@id\":\"https:\/\/www.buendnerfleisch.swiss\/fr\/la-vente\/#breadcrumb\"},\"inLanguage\":\"fr-FR\",\"potentialAction\":[{\"@type\":\"ReadAction\",\"target\":[\"https:\/\/www.buendnerfleisch.swiss\/fr\/la-vente\/\"]}]},{\"@type\":\"BreadcrumbList\",\"@id\":\"https:\/\/www.buendnerfleisch.swiss\/fr\/la-vente\/#breadcrumb\",\"itemListElement\":[{\"@type\":\"ListItem\",\"position\":1,\"name\":\"Startseite\",\"item\":\"https:\/\/www.buendnerfleisch.swiss\/fr\/\"},{\"@type\":\"ListItem\",\"position\":2,\"name\":\"Vente\"}]},{\"@type\":\"WebSite\",\"@id\":\"https:\/\/www.buendnerfleisch.swiss\/#website\",\"url\":\"https:\/\/www.buendnerfleisch.swiss\/\",\"name\":\"B\u00fcndnerfleisch\",\"description\":\"Verband B\u00fcndner Fleischfabrikanten  VBF\",\"potentialAction\":[{\"@type\":\"SearchAction\",\"target\":{\"@type\":\"EntryPoint\",\"urlTemplate\":\"https:\/\/www.buendnerfleisch.swiss\/?s={search_term_string}\"},\"query-input\":{\"@type\":\"PropertyValueSpecification\",\"valueRequired\":true,\"valueName\":\"search_term_string\"}}],\"inLanguage\":\"fr-FR\"}]}<\/script>\n<!-- \/ Yoast SEO plugin. -->","yoast_head_json":{"title":"Vente - B\u00fcndnerfleisch","description":"Ici vous trouverez les producteurs et vendeurs de viande des Grisons et vous pouvez chercher les \u00e9tablissements selon diff\u00e9rents crit\u00e8res.","robots":{"index":"index","follow":"follow","max-snippet":"max-snippet:-1","max-image-preview":"max-image-preview:large","max-video-preview":"max-video-preview:-1"},"canonical":"https:\/\/www.buendnerfleisch.swiss\/fr\/la-vente\/","og_locale":"fr_FR","og_type":"article","og_title":"Vente - B\u00fcndnerfleisch","og_description":"Ici vous trouverez les producteurs et vendeurs de viande des Grisons et vous pouvez chercher les \u00e9tablissements selon diff\u00e9rents crit\u00e8res.","og_url":"https:\/\/www.buendnerfleisch.swiss\/fr\/la-vente\/","og_site_name":"B\u00fcndnerfleisch","article_modified_time":"2024-09-04T08:03:49+00:00","twitter_card":"summary_large_image","twitter_misc":{"Dur\u00e9e de lecture estim\u00e9e":"2 minutes"},"schema":{"@context":"https:\/\/schema.org","@graph":[{"@type":"WebPage","@id":"https:\/\/www.buendnerfleisch.swiss\/fr\/la-vente\/","url":"https:\/\/www.buendnerfleisch.swiss\/fr\/la-vente\/","name":"Vente - B\u00fcndnerfleisch","isPartOf":{"@id":"https:\/\/www.buendnerfleisch.swiss\/#website"},"datePublished":"2018-08-08T14:51:16+00:00","dateModified":"2024-09-04T08:03:49+00:00","description":"Ici vous trouverez les producteurs et vendeurs de viande des Grisons et vous pouvez chercher les \u00e9tablissements selon diff\u00e9rents crit\u00e8res.","breadcrumb":{"@id":"https:\/\/www.buendnerfleisch.swiss\/fr\/la-vente\/#breadcrumb"},"inLanguage":"fr-FR","potentialAction":[{"@type":"ReadAction","target":["https:\/\/www.buendnerfleisch.swiss\/fr\/la-vente\/"]}]},{"@type":"BreadcrumbList","@id":"https:\/\/www.buendnerfleisch.swiss\/fr\/la-vente\/#breadcrumb","itemListElement":[{"@type":"ListItem","position":1,"name":"Startseite","item":"https:\/\/www.buendnerfleisch.swiss\/fr\/"},{"@type":"ListItem","position":2,"name":"Vente"}]},{"@type":"WebSite","@id":"https:\/\/www.buendnerfleisch.swiss\/#website","url":"https:\/\/www.buendnerfleisch.swiss\/","name":"B\u00fcndnerfleisch","description":"Verband B\u00fcndner Fleischfabrikanten  VBF","potentialAction":[{"@type":"SearchAction","target":{"@type":"EntryPoint","urlTemplate":"https:\/\/www.buendnerfleisch.swiss\/?s={search_term_string}"},"query-input":{"@type":"PropertyValueSpecification","valueRequired":true,"valueName":"search_term_string"}}],"inLanguage":"fr-FR"}]}},"_links":{"self":[{"href":"https:\/\/www.buendnerfleisch.swiss\/fr\/wp-json\/wp\/v2\/pages\/1073"}],"collection":[{"href":"https:\/\/www.buendnerfleisch.swiss\/fr\/wp-json\/wp\/v2\/pages"}],"about":[{"href":"https:\/\/www.buendnerfleisch.swiss\/fr\/wp-json\/wp\/v2\/types\/page"}],"author":[{"embeddable":true,"href":"https:\/\/www.buendnerfleisch.swiss\/fr\/wp-json\/wp\/v2\/users\/1"}],"replies":[{"embeddable":true,"href":"https:\/\/www.buendnerfleisch.swiss\/fr\/wp-json\/wp\/v2\/comments?post=1073"}],"version-history":[{"count":11,"href":"https:\/\/www.buendnerfleisch.swiss\/fr\/wp-json\/wp\/v2\/pages\/1073\/revisions"}],"predecessor-version":[{"id":3784,"href":"https:\/\/www.buendnerfleisch.swiss\/fr\/wp-json\/wp\/v2\/pages\/1073\/revisions\/3784"}],"wp:attachment":[{"href":"https:\/\/www.buendnerfleisch.swiss\/fr\/wp-json\/wp\/v2\/media?parent=1073"}],"curies":[{"name":"wp","href":"https:\/\/api.w.org\/{rel}","templated":true}]}}