{"id":1461,"date":"2018-08-09T09:31:46","date_gmt":"2018-08-09T07:31:46","guid":{"rendered":"https:\/\/www.buendnerfleisch.swiss\/?post_type=portfolio&#038;p=1461"},"modified":"2024-10-02T09:53:00","modified_gmt":"2024-10-02T07:53:00","slug":"fleischtrocknerei-churwalden-ag","status":"publish","type":"portfolio","link":"https:\/\/www.buendnerfleisch.swiss\/fr\/rezept\/mitglieder\/fleischtrocknerei-churwalden-ag\/","title":{"rendered":"Fleischtrocknerei Churwalden AG"},"content":{"rendered":"<div   class='avia-fullscreen-slider main_color   avia-builder-el-0  el_before_av_one_fifth  avia-builder-el-first  container_wrap fullsize'  ><div  class='avia-slideshow av-2cbv91-ee3aaa12604a755487777242bf3e1667 avia-slideshow-extra_large av_fullscreen avia-slide-slider av-slideshow-ui av-control-hidden av-no-slider-navigation av-hide-nav-arrows av-slideshow-manual av-loop-once av-loop-manual-endless av-default-height-applied   avia-slideshow-1' data-slideshow-options=\"{&quot;animation&quot;:&quot;slide&quot;,&quot;autoplay&quot;:false,&quot;loop_autoplay&quot;:&quot;once&quot;,&quot;interval&quot;:5,&quot;loop_manual&quot;:&quot;manual-endless&quot;,&quot;autoplay_stopper&quot;:false,&quot;noNavigation&quot;:true,&quot;bg_slider&quot;:true,&quot;keep_padding&quot;:false,&quot;hoverpause&quot;:false,&quot;show_slide_delay&quot;:0,&quot;slide_height&quot;:&quot;100&quot;,&quot;image_attachment&quot;:&quot;scroll&quot;}\"  itemprop=\"image\" itemscope=\"itemscope\" itemtype=\"https:\/\/schema.org\/ImageObject\" ><ul class='avia-slideshow-inner ' style='padding-bottom: 56%;'><li style='background-position:center center;' data-img-url='https:\/\/www.buendnerfleisch.swiss\/wp-content\/uploads\/2024\/09\/Titelbild-Grischuna-ohne-Logo-1500x840.jpg' class='avia-slideshow-slide av-2cbv91-ee3aaa12604a755487777242bf3e1667__0  av-single-slide slide-1 slide-odd'><div data-rel='slideshow-1' class='avia-slide-wrap '   ><\/div><\/li><\/ul><div class='av-slideshow-caption av-2cbv91-ee3aaa12604a755487777242bf3e1667__0 caption_fullwidth caption_bottom'><div class=\"container caption_container\"><div class=\"slideshow_caption\"><div class=\"slideshow_inner_caption\"><div class=\"slideshow_align_caption\"><h2 class='avia-caption-title '  itemprop=\"name\" >Fleischtrocknerei Churwalden AG<\/h2><div class='avia-caption-content '  itemprop=\"description\" ><p>Viande des Grisons<\/p>\n<\/div><\/div><\/div><\/div><\/div><\/div><\/div><\/div><div id='after_full_slider_1'  class='main_color av_default_container_wrap container_wrap fullsize'  ><div class='container av-section-cont-open' ><div class='template-page content  av-content-full alpha units'><div class='post-entry post-entry-type-page post-entry-1461'><div class='entry-content-wrapper clearfix'>\n<div  class='flex_column av-kmyn7p-8f8cc8eaa98753cbf43358440f1b9d07 av_one_fifth  avia-builder-el-1  el_after_av_fullscreen  el_before_av_three_fifth  avia-builder-el-first  first flex_column_div  '     ><\/div>\n<div  class='flex_column av-1xzypx-985a3843b6752f1cd81d801960b9ee26 av_three_fifth  avia-builder-el-2  el_after_av_one_fifth  el_before_av_one_fifth  flex_column_div  '     ><section  class='av_textblock_section av-lz88fs30-b516a0ddb37e2adba37d8d51fac1479e '   itemscope=\"itemscope\" itemtype=\"https:\/\/schema.org\/CreativeWork\" ><div class='avia_textblock lead'  itemprop=\"text\" ><p>Depuis 1962, la marque Grischuna de la Fleischtrocknerei Churwalden AG est synonyme de la plus d\u00e9licieuse viande des Grisons. L&rsquo;ar\u00f4me incomparable de cette sp\u00e9cialit\u00e9 prend sa source dans la r\u00e9gion spectaculaire de Churwalden. C&rsquo;est l\u00e0 que les morceaux de viande sont affin\u00e9s \u00e0 la main avec un m\u00e9lange d&rsquo;\u00e9pices de choix, selon une recette maison transmise de g\u00e9n\u00e9ration en g\u00e9n\u00e9ration. Le s\u00e9chage traditionnel \u00e0 l&rsquo;air pur des montagnes, \u00e0 plus de 1&rsquo;000 m\u00e8tres d&rsquo;altitude, parach\u00e8ve la d\u00e9licatesse de la viande et conf\u00e8re \u00e0 la viande des Grisons Grischuna une note incomparable. Outre la viande des Grisons la plus fine, l&rsquo;ic\u00f4ne suisse des snacks minipic fait \u00e9galement partie du r\u00e9pertoire de la Fleischtrocknerei Churwalden AG depuis plus de 50 ans.<\/p>\n<\/div><\/section><\/div>\n<div  class='flex_column av-1q7tud-b2e557802c1b9ea7aa0d174380d4c269 av_one_fifth  avia-builder-el-4  el_after_av_three_fifth  el_before_av_section  avia-builder-el-last  flex_column_div  '     ><\/div>\n<\/div><\/div><\/div><!-- close content main div --><\/div><\/div><div id='kurzportrait'  class='avia-section av-f1tchh-34745a3cf3291869364f661f0698dd68 main_color avia-section-no-padding avia-no-border-styling  avia-builder-el-5  el_after_av_one_fifth  el_before_av_section  avia-bg-style-scroll container_wrap fullsize'  ><div class='container av-section-cont-open' ><div class='template-page content  av-content-full alpha units'><div class='post-entry post-entry-type-page post-entry-1461'><div class='entry-content-wrapper clearfix'>\n<div class='flex_column_table av-ds0omt-69765b85c3913f59ded40799769a103c sc-av_one_full av-equal-height-column-flextable'>\n<style type=\"text\/css\" data-created_by=\"avia_inline_auto\" id=\"style-css-av-ds0omt-69765b85c3913f59ded40799769a103c\">\n.flex_column.av-ds0omt-69765b85c3913f59ded40799769a103c{\nborder-radius:0px 0px 0px 0px;\npadding:0px 0px 0px 0px;\n}\n<\/style>\n<div  class='flex_column av-ds0omt-69765b85c3913f59ded40799769a103c av_one_full  avia-builder-el-6  avia-builder-el-no-sibling  first no_margin flex_column_table_cell av-equal-height-column av-align-top av-zero-column-padding  '     ><section  class='av_textblock_section av-lz822ku7-954ae0595ecea01ba77721c868d24edf '   itemscope=\"itemscope\" itemtype=\"https:\/\/schema.org\/CreativeWork\" ><div class='avia_textblock'  itemprop=\"text\" ><h2>Portrait<\/h2>\n<h3>Fleischtrocknerei Churwalden AG<\/h3>\n<\/div><\/section><br \/>\n<div  class='avia-builder-widget-area clearfix  avia-builder-el-8  el_after_av_textblock  avia-builder-el-last '><div id=\"text-2\" class=\"widget clearfix widget_text\">\t\t\t<div class=\"textwidget\"><ul class=\"m--advantages\"><\/ul>\n<\/div>\n\t\t<\/div><\/div><\/p><\/div><\/div><!--close column table wrapper. Autoclose: 1 -->\n\n<\/div><\/div><\/div><!-- close content main div --><\/div><\/div><div id='av_section_2'  class='avia-section av-bddool-b1f83d5c1117d656707da7deed62b2fb main_color avia-section-default avia-no-border-styling  avia-builder-el-9  el_after_av_section  el_before_av_section  galerie_outer avia-bg-style-scroll container_wrap fullsize'  ><div class='container av-section-cont-open' ><div class='template-page content  av-content-full alpha units'><div class='post-entry post-entry-type-page post-entry-1461'><div class='entry-content-wrapper clearfix'>\n\n<style type=\"text\/css\" data-created_by=\"avia_inline_auto\" id=\"style-css-av-2rbrz9-b3165c55f03ebd9bb611916d9e9323da\">\n#top .avia-gallery.av-2rbrz9-b3165c55f03ebd9bb611916d9e9323da .avia-gallery-thumb a{\nwidth:20%;\n}\n<\/style>\n<div class='m-gallery' data-t-name='Gallery'><ul class=\"m-gallery__list js-list count-5\"><li class=\"m-gallery__item js-item\"><a href=\"https:\/\/www.buendnerfleisch.swiss\/wp-content\/uploads\/2018\/06\/FTCH_Buendnerfleisch4645-1030x773.jpg\" data-srcset=\"https:\/\/www.buendnerfleisch.swiss\/wp-content\/uploads\/2018\/06\/FTCH_Buendnerfleisch4645-1030x773.jpg 1030w, https:\/\/www.buendnerfleisch.swiss\/wp-content\/uploads\/2018\/06\/FTCH_Buendnerfleisch4645-300x225.jpg 300w, https:\/\/www.buendnerfleisch.swiss\/wp-content\/uploads\/2018\/06\/FTCH_Buendnerfleisch4645-768x577.jpg 768w, https:\/\/www.buendnerfleisch.swiss\/wp-content\/uploads\/2018\/06\/FTCH_Buendnerfleisch4645-705x529.jpg 705w, https:\/\/www.buendnerfleisch.swiss\/wp-content\/uploads\/2018\/06\/FTCH_Buendnerfleisch4645.jpg 1500w\" data-sizes=\"(max-width: 1030px) 100vw, 1030px\" data-rel='gallery-1' data-prev-img='https:\/\/www.buendnerfleisch.swiss\/wp-content\/uploads\/2018\/06\/FTCH_Buendnerfleisch4645-495x400.jpg' class='lightbox ' data-onclick='5' data-title='FTCH_Buendnerfleisch4645'  itemprop=\"thumbnailUrl\"  ><figure class=\"m-gallery__img-wrapper\"><img decoding=\"async\" src=\"https:\/\/www.buendnerfleisch.swiss\/wp-content\/uploads\/2018\/06\/FTCH_Buendnerfleisch4645-1030x773.jpg\" data-src='https:\/\/www.buendnerfleisch.swiss\/wp-content\/uploads\/2018\/06\/FTCH_Buendnerfleisch4645-1030x773.jpg' alt='' class='m-gallery__img js-img js-a-image-lazyload'><noscript><img decoding=\"async\" src=\"https:\/\/www.buendnerfleisch.swiss\/wp-content\/uploads\/2018\/06\/FTCH_Buendnerfleisch4645-495x400.jpg\" alt='' class='m-gallery__img js-img'><\/noscript><\/figure><span class=\"m-gallery__item-resizer\"><\/span><div class=\"m-gallery__img-ct-outer\"><div class=\"m-gallery__img-ct-inner\"><div class=\"m-gallery__caption-ct\"><span class='m-gallery__caption'>Montrer 5 photos<\/span><\/div><\/div><\/div><\/a><\/li><li class=\"m-gallery__item js-item\"><a href=\"https:\/\/www.buendnerfleisch.swiss\/wp-content\/uploads\/2018\/06\/FTCH_Buendnerfleisch_Quer-1030x687.jpg\" data-srcset=\"https:\/\/www.buendnerfleisch.swiss\/wp-content\/uploads\/2018\/06\/FTCH_Buendnerfleisch_Quer-1030x687.jpg 1030w, https:\/\/www.buendnerfleisch.swiss\/wp-content\/uploads\/2018\/06\/FTCH_Buendnerfleisch_Quer-300x200.jpg 300w, https:\/\/www.buendnerfleisch.swiss\/wp-content\/uploads\/2018\/06\/FTCH_Buendnerfleisch_Quer-768x512.jpg 768w, https:\/\/www.buendnerfleisch.swiss\/wp-content\/uploads\/2018\/06\/FTCH_Buendnerfleisch_Quer-705x470.jpg 705w, https:\/\/www.buendnerfleisch.swiss\/wp-content\/uploads\/2018\/06\/FTCH_Buendnerfleisch_Quer.jpg 1500w\" data-sizes=\"(max-width: 1030px) 100vw, 1030px\" data-rel='gallery-1' data-prev-img='https:\/\/www.buendnerfleisch.swiss\/wp-content\/uploads\/2018\/06\/FTCH_Buendnerfleisch_Quer-495x400.jpg' class='lightbox ' data-onclick='5' data-title='FTCH_Buendnerfleisch_Quer'  itemprop=\"thumbnailUrl\"  ><figure class=\"m-gallery__img-wrapper\"><img decoding=\"async\" src=\"https:\/\/www.buendnerfleisch.swiss\/wp-content\/uploads\/2018\/06\/FTCH_Buendnerfleisch_Quer-1030x687.jpg\" data-src='https:\/\/www.buendnerfleisch.swiss\/wp-content\/uploads\/2018\/06\/FTCH_Buendnerfleisch_Quer-1030x687.jpg' alt='' class='m-gallery__img js-img js-a-image-lazyload'><noscript><img decoding=\"async\" src=\"https:\/\/www.buendnerfleisch.swiss\/wp-content\/uploads\/2018\/06\/FTCH_Buendnerfleisch_Quer-495x400.jpg\" alt='' class='m-gallery__img js-img'><\/noscript><\/figure><span class=\"m-gallery__item-resizer\"><\/span><div class=\"m-gallery__img-ct-outer\"><div class=\"m-gallery__img-ct-inner\"><div class=\"m-gallery__caption-ct\"><span class='m-gallery__caption'>Montrer 5 photos<\/span><\/div><\/div><\/div><\/a><\/li><li class=\"m-gallery__item js-item\"><a href=\"https:\/\/www.buendnerfleisch.swiss\/wp-content\/uploads\/2018\/06\/Grischnuna_Trin_1945-1030x687.jpg\" data-srcset=\"https:\/\/www.buendnerfleisch.swiss\/wp-content\/uploads\/2018\/06\/Grischnuna_Trin_1945-1030x687.jpg 1030w, https:\/\/www.buendnerfleisch.swiss\/wp-content\/uploads\/2018\/06\/Grischnuna_Trin_1945-300x200.jpg 300w, https:\/\/www.buendnerfleisch.swiss\/wp-content\/uploads\/2018\/06\/Grischnuna_Trin_1945-768x512.jpg 768w, https:\/\/www.buendnerfleisch.swiss\/wp-content\/uploads\/2018\/06\/Grischnuna_Trin_1945-705x470.jpg 705w, https:\/\/www.buendnerfleisch.swiss\/wp-content\/uploads\/2018\/06\/Grischnuna_Trin_1945.jpg 1500w\" data-sizes=\"(max-width: 1030px) 100vw, 1030px\" data-rel='gallery-1' data-prev-img='https:\/\/www.buendnerfleisch.swiss\/wp-content\/uploads\/2018\/06\/Grischnuna_Trin_1945-495x400.jpg' class='lightbox ' data-onclick='5' data-title='Grischnuna_Trin_1945'  itemprop=\"thumbnailUrl\"  ><figure class=\"m-gallery__img-wrapper\"><img decoding=\"async\" src=\"https:\/\/www.buendnerfleisch.swiss\/wp-content\/uploads\/2018\/06\/Grischnuna_Trin_1945-1030x687.jpg\" data-src='https:\/\/www.buendnerfleisch.swiss\/wp-content\/uploads\/2018\/06\/Grischnuna_Trin_1945-1030x687.jpg' alt='' class='m-gallery__img js-img js-a-image-lazyload'><noscript><img decoding=\"async\" src=\"https:\/\/www.buendnerfleisch.swiss\/wp-content\/uploads\/2018\/06\/Grischnuna_Trin_1945-495x400.jpg\" alt='' class='m-gallery__img js-img'><\/noscript><\/figure><span class=\"m-gallery__item-resizer\"><\/span><div class=\"m-gallery__img-ct-outer\"><div class=\"m-gallery__img-ct-inner\"><div class=\"m-gallery__caption-ct\"><span class='m-gallery__caption'>Montrer 5 photos<\/span><\/div><\/div><\/div><\/a><\/li><li class=\"m-gallery__item js-item\"><a href=\"https:\/\/www.buendnerfleisch.swiss\/wp-content\/uploads\/2018\/06\/FTCH-Churwalden-9300-1030x687.jpg\" data-srcset=\"https:\/\/www.buendnerfleisch.swiss\/wp-content\/uploads\/2018\/06\/FTCH-Churwalden-9300-1030x687.jpg 1030w, https:\/\/www.buendnerfleisch.swiss\/wp-content\/uploads\/2018\/06\/FTCH-Churwalden-9300-300x200.jpg 300w, https:\/\/www.buendnerfleisch.swiss\/wp-content\/uploads\/2018\/06\/FTCH-Churwalden-9300-768x512.jpg 768w, https:\/\/www.buendnerfleisch.swiss\/wp-content\/uploads\/2018\/06\/FTCH-Churwalden-9300-705x470.jpg 705w, https:\/\/www.buendnerfleisch.swiss\/wp-content\/uploads\/2018\/06\/FTCH-Churwalden-9300.jpg 1500w\" data-sizes=\"(max-width: 1030px) 100vw, 1030px\" data-rel='gallery-1' data-prev-img='https:\/\/www.buendnerfleisch.swiss\/wp-content\/uploads\/2018\/06\/FTCH-Churwalden-9300-495x400.jpg' class='lightbox ' data-onclick='5' data-title='FTCH-Churwalden-9300'  itemprop=\"thumbnailUrl\"  ><figure class=\"m-gallery__img-wrapper\"><img decoding=\"async\" src=\"https:\/\/www.buendnerfleisch.swiss\/wp-content\/uploads\/2018\/06\/FTCH-Churwalden-9300-1030x687.jpg\" data-src='https:\/\/www.buendnerfleisch.swiss\/wp-content\/uploads\/2018\/06\/FTCH-Churwalden-9300-1030x687.jpg' alt='' class='m-gallery__img js-img js-a-image-lazyload'><noscript><img decoding=\"async\" src=\"https:\/\/www.buendnerfleisch.swiss\/wp-content\/uploads\/2018\/06\/FTCH-Churwalden-9300-495x400.jpg\" alt='' class='m-gallery__img js-img'><\/noscript><\/figure><span class=\"m-gallery__item-resizer\"><\/span><div class=\"m-gallery__img-ct-outer\"><div class=\"m-gallery__img-ct-inner\"><div class=\"m-gallery__caption-ct\"><span class='m-gallery__caption'>Montrer 5 photos<\/span><\/div><\/div><\/div><\/a><\/li><li class=\"m-gallery__item js-item\"><a href=\"https:\/\/www.buendnerfleisch.swiss\/wp-content\/uploads\/2018\/06\/Grischnuna_Trin_1979-1030x687.jpg\" data-srcset=\"https:\/\/www.buendnerfleisch.swiss\/wp-content\/uploads\/2018\/06\/Grischnuna_Trin_1979-1030x687.jpg 1030w, https:\/\/www.buendnerfleisch.swiss\/wp-content\/uploads\/2018\/06\/Grischnuna_Trin_1979-300x200.jpg 300w, https:\/\/www.buendnerfleisch.swiss\/wp-content\/uploads\/2018\/06\/Grischnuna_Trin_1979-768x512.jpg 768w, https:\/\/www.buendnerfleisch.swiss\/wp-content\/uploads\/2018\/06\/Grischnuna_Trin_1979-705x470.jpg 705w, https:\/\/www.buendnerfleisch.swiss\/wp-content\/uploads\/2018\/06\/Grischnuna_Trin_1979.jpg 1500w\" data-sizes=\"(max-width: 1030px) 100vw, 1030px\" data-rel='gallery-1' data-prev-img='https:\/\/www.buendnerfleisch.swiss\/wp-content\/uploads\/2018\/06\/Grischnuna_Trin_1979-495x400.jpg' class='lightbox ' data-onclick='5' data-title='Grischnuna_Trin_1979'  itemprop=\"thumbnailUrl\"  ><figure class=\"m-gallery__img-wrapper\"><img decoding=\"async\" src=\"https:\/\/www.buendnerfleisch.swiss\/wp-content\/uploads\/2018\/06\/Grischnuna_Trin_1979-1030x687.jpg\" data-src='https:\/\/www.buendnerfleisch.swiss\/wp-content\/uploads\/2018\/06\/Grischnuna_Trin_1979-1030x687.jpg' alt='' class='m-gallery__img js-img js-a-image-lazyload'><noscript><img decoding=\"async\" src=\"https:\/\/www.buendnerfleisch.swiss\/wp-content\/uploads\/2018\/06\/Grischnuna_Trin_1979-495x400.jpg\" alt='' class='m-gallery__img js-img'><\/noscript><\/figure><span class=\"m-gallery__item-resizer\"><\/span><div class=\"m-gallery__img-ct-outer\"><div class=\"m-gallery__img-ct-inner\"><div class=\"m-gallery__caption-ct\"><span class='m-gallery__caption'>Montrer 5 photos<\/span><\/div><\/div><\/div><\/a><\/li><\/ul><\/div>\n\n<\/div><\/div><\/div><!-- close content main div --><\/div><\/div><div id='kontakt'  class='avia-section av-8gre9h-539724e34d475a075d3b552d51ec5859 main_color avia-section-no-padding avia-no-border-styling  avia-builder-el-11  el_after_av_section  avia-builder-el-last  avia-bg-style-scroll container_wrap fullsize'  ><div class='container av-section-cont-open' ><div class='template-page content  av-content-full alpha units'><div class='post-entry post-entry-type-page post-entry-1461'><div class='entry-content-wrapper clearfix'>\n<div class='flex_column_table av-85uiqt-4b21386ec57346c956fa63466cca006a sc-av_three_fifth av-equal-height-column-flextable'>\n<style type=\"text\/css\" data-created_by=\"avia_inline_auto\" id=\"style-css-av-85uiqt-4b21386ec57346c956fa63466cca006a\">\n.flex_column.av-85uiqt-4b21386ec57346c956fa63466cca006a{\nborder-radius:0px 0px 0px 0px;\npadding:0px 0px 0px 0px;\n}\n<\/style>\n<div  class='flex_column av-85uiqt-4b21386ec57346c956fa63466cca006a av_three_fifth  avia-builder-el-12  el_before_av_two_fifth  avia-builder-el-first  first no_margin flex_column_table_cell av-equal-height-column av-align-top av-zero-column-padding  '     ><div  class='av_gmaps_sc_main_wrap av_gmaps_main_wrap '><div id='av_gmap_0' class='avia-google-map-container avia-google-map-sc av_gmaps_show_unconditionally av-no-fallback-img ' data-mapid='av_gmap_0'  style='padding-bottom: 100%;'><a class=\"av_gmaps_browser_disabled av_text_confirm_link av_text_confirm_link_visible\" href=\"https:\/\/www.google.com\/maps\/search\/?api=1&#038;query=Riedl\u00f6serstrasse%2011%20%207302%20Landquart\" target=\"_blank\" rel=\"noopener\">Les cartes ont \u00e9t\u00e9 d\u00e9sactiv\u00e9es par le visiteur sur ce site. Cliquer pour ouvrir la carte dans une nouvelle fen\u00eatre.<\/a><\/div><\/div><\/div>\n<style type=\"text\/css\" data-created_by=\"avia_inline_auto\" id=\"style-css-av-32s5np-bd1f51c3b778a51fc3a128c332e52348\">\n.flex_column.av-32s5np-bd1f51c3b778a51fc3a128c332e52348{\nborder-radius:0px 0px 0px 0px;\npadding:0px 0px 0px 0px;\nbackground-color:#ffffff;\n}\n<\/style>\n<div  class='flex_column av-32s5np-bd1f51c3b778a51fc3a128c332e52348 av_two_fifth  avia-builder-el-14  el_after_av_three_fifth  avia-builder-el-last  no_margin flex_column_table_cell av-equal-height-column av-align-top av-zero-column-padding  '     ><section  class='av_textblock_section av-lz822oux-e9b81407fed1f1e14a04882e74ccf094 '   itemscope=\"itemscope\" itemtype=\"https:\/\/schema.org\/CreativeWork\" ><div class='avia_textblock'  itemprop=\"text\" ><h2>Contact<\/h2>\n<p>Fleischtrocknerei Churwalden AG<br \/>\nRiedl\u00f6serstrasse 11<br \/>\n7302 Landquart<\/p>\n<p>Tel.: 081 307 87 87<br \/>\nFax: 081 307 87 88<br \/>\n<a href=\"mailto:info@grischuna.ch\">info@grischuna.ch<\/a><br \/>\n<a href=\"http:\/\/www.grischuna.ch\" target=\"_blank\" rel=\"noopener\">www.grischuna.ch<\/a><\/p>\n<\/div><\/section><\/div><\/div><!--close column table wrapper. Autoclose: 1 -->\n\n","protected":false},"excerpt":{"rendered":"","protected":false},"featured_media":3827,"comment_status":"closed","ping_status":"closed","template":"","tags":[52,62,63,57,56,80,59,61,53,54],"portfolio_entries":[],"class_list":["post-1461","portfolio","type-portfolio","status-publish","has-post-thumbnail","hentry","tag-bio-fr","tag-livraison-approvisionnement-de-vendeurs-a-letranger","tag-livraison-approvisionnement-de-vendeurs-en-suisse","tag-production-fr","tag-production-toute-lannee","tag-verkauf-fr","tag-vente-a-letranger","tag-vente-dans-la-propre-boutique-sur-place","tag-viande-provenant-de-letranger","tag-viande-provenant-de-suisse"],"yoast_head":"<!-- This site is optimized with the Yoast SEO plugin v23.4 - https:\/\/yoast.com\/wordpress\/plugins\/seo\/ -->\n<title>Fleischtrocknerei Churwalden AG - B\u00fcndnerfleisch<\/title>\n<meta name=\"robots\" content=\"index, follow, max-snippet:-1, max-image-preview:large, max-video-preview:-1\" \/>\n<link rel=\"canonical\" href=\"https:\/\/www.buendnerfleisch.swiss\/fr\/rezept\/mitglieder\/fleischtrocknerei-churwalden-ag\/\" \/>\n<meta property=\"og:locale\" content=\"fr_FR\" \/>\n<meta property=\"og:type\" content=\"article\" \/>\n<meta property=\"og:title\" content=\"Fleischtrocknerei Churwalden AG - B\u00fcndnerfleisch\" \/>\n<meta property=\"og:url\" content=\"https:\/\/www.buendnerfleisch.swiss\/fr\/rezept\/mitglieder\/fleischtrocknerei-churwalden-ag\/\" \/>\n<meta property=\"og:site_name\" content=\"B\u00fcndnerfleisch\" \/>\n<meta property=\"article:modified_time\" content=\"2024-10-02T07:53:00+00:00\" \/>\n<meta property=\"og:image\" content=\"https:\/\/www.buendnerfleisch.swiss\/wp-content\/uploads\/2018\/06\/FTCH_Buendnerfleisch4645.jpg\" \/>\n\t<meta property=\"og:image:width\" content=\"1500\" \/>\n\t<meta property=\"og:image:height\" content=\"1126\" \/>\n\t<meta property=\"og:image:type\" content=\"image\/jpeg\" \/>\n<meta name=\"twitter:card\" content=\"summary_large_image\" \/>\n<meta name=\"twitter:label1\" content=\"Dur\u00e9e de lecture estim\u00e9e\" \/>\n\t<meta name=\"twitter:data1\" content=\"3 minutes\" \/>\n<script type=\"application\/ld+json\" class=\"yoast-schema-graph\">{\"@context\":\"https:\/\/schema.org\",\"@graph\":[{\"@type\":\"WebPage\",\"@id\":\"https:\/\/www.buendnerfleisch.swiss\/fr\/rezept\/mitglieder\/fleischtrocknerei-churwalden-ag\/\",\"url\":\"https:\/\/www.buendnerfleisch.swiss\/fr\/rezept\/mitglieder\/fleischtrocknerei-churwalden-ag\/\",\"name\":\"Fleischtrocknerei Churwalden AG - B\u00fcndnerfleisch\",\"isPartOf\":{\"@id\":\"https:\/\/www.buendnerfleisch.swiss\/#website\"},\"primaryImageOfPage\":{\"@id\":\"https:\/\/www.buendnerfleisch.swiss\/fr\/rezept\/mitglieder\/fleischtrocknerei-churwalden-ag\/#primaryimage\"},\"image\":{\"@id\":\"https:\/\/www.buendnerfleisch.swiss\/fr\/rezept\/mitglieder\/fleischtrocknerei-churwalden-ag\/#primaryimage\"},\"thumbnailUrl\":\"https:\/\/www.buendnerfleisch.swiss\/wp-content\/uploads\/2018\/06\/FTCH_Buendnerfleisch4645.jpg\",\"datePublished\":\"2018-08-09T07:31:46+00:00\",\"dateModified\":\"2024-10-02T07:53:00+00:00\",\"breadcrumb\":{\"@id\":\"https:\/\/www.buendnerfleisch.swiss\/fr\/rezept\/mitglieder\/fleischtrocknerei-churwalden-ag\/#breadcrumb\"},\"inLanguage\":\"fr-FR\",\"potentialAction\":[{\"@type\":\"ReadAction\",\"target\":[\"https:\/\/www.buendnerfleisch.swiss\/fr\/rezept\/mitglieder\/fleischtrocknerei-churwalden-ag\/\"]}]},{\"@type\":\"ImageObject\",\"inLanguage\":\"fr-FR\",\"@id\":\"https:\/\/www.buendnerfleisch.swiss\/fr\/rezept\/mitglieder\/fleischtrocknerei-churwalden-ag\/#primaryimage\",\"url\":\"https:\/\/www.buendnerfleisch.swiss\/wp-content\/uploads\/2018\/06\/FTCH_Buendnerfleisch4645.jpg\",\"contentUrl\":\"https:\/\/www.buendnerfleisch.swiss\/wp-content\/uploads\/2018\/06\/FTCH_Buendnerfleisch4645.jpg\",\"width\":1500,\"height\":1126},{\"@type\":\"BreadcrumbList\",\"@id\":\"https:\/\/www.buendnerfleisch.swiss\/fr\/rezept\/mitglieder\/fleischtrocknerei-churwalden-ag\/#breadcrumb\",\"itemListElement\":[{\"@type\":\"ListItem\",\"position\":1,\"name\":\"Startseite\",\"item\":\"https:\/\/www.buendnerfleisch.swiss\/fr\/\"},{\"@type\":\"ListItem\",\"position\":2,\"name\":\"Fleischtrocknerei Churwalden AG\"}]},{\"@type\":\"WebSite\",\"@id\":\"https:\/\/www.buendnerfleisch.swiss\/#website\",\"url\":\"https:\/\/www.buendnerfleisch.swiss\/\",\"name\":\"B\u00fcndnerfleisch\",\"description\":\"Verband B\u00fcndner Fleischfabrikanten  VBF\",\"potentialAction\":[{\"@type\":\"SearchAction\",\"target\":{\"@type\":\"EntryPoint\",\"urlTemplate\":\"https:\/\/www.buendnerfleisch.swiss\/?s={search_term_string}\"},\"query-input\":{\"@type\":\"PropertyValueSpecification\",\"valueRequired\":true,\"valueName\":\"search_term_string\"}}],\"inLanguage\":\"fr-FR\"}]}<\/script>\n<!-- \/ Yoast SEO plugin. -->","yoast_head_json":{"title":"Fleischtrocknerei Churwalden AG - B\u00fcndnerfleisch","robots":{"index":"index","follow":"follow","max-snippet":"max-snippet:-1","max-image-preview":"max-image-preview:large","max-video-preview":"max-video-preview:-1"},"canonical":"https:\/\/www.buendnerfleisch.swiss\/fr\/rezept\/mitglieder\/fleischtrocknerei-churwalden-ag\/","og_locale":"fr_FR","og_type":"article","og_title":"Fleischtrocknerei Churwalden AG - B\u00fcndnerfleisch","og_url":"https:\/\/www.buendnerfleisch.swiss\/fr\/rezept\/mitglieder\/fleischtrocknerei-churwalden-ag\/","og_site_name":"B\u00fcndnerfleisch","article_modified_time":"2024-10-02T07:53:00+00:00","og_image":[{"width":1500,"height":1126,"url":"https:\/\/www.buendnerfleisch.swiss\/wp-content\/uploads\/2018\/06\/FTCH_Buendnerfleisch4645.jpg","type":"image\/jpeg"}],"twitter_card":"summary_large_image","twitter_misc":{"Dur\u00e9e de lecture estim\u00e9e":"3 minutes"},"schema":{"@context":"https:\/\/schema.org","@graph":[{"@type":"WebPage","@id":"https:\/\/www.buendnerfleisch.swiss\/fr\/rezept\/mitglieder\/fleischtrocknerei-churwalden-ag\/","url":"https:\/\/www.buendnerfleisch.swiss\/fr\/rezept\/mitglieder\/fleischtrocknerei-churwalden-ag\/","name":"Fleischtrocknerei Churwalden AG - B\u00fcndnerfleisch","isPartOf":{"@id":"https:\/\/www.buendnerfleisch.swiss\/#website"},"primaryImageOfPage":{"@id":"https:\/\/www.buendnerfleisch.swiss\/fr\/rezept\/mitglieder\/fleischtrocknerei-churwalden-ag\/#primaryimage"},"image":{"@id":"https:\/\/www.buendnerfleisch.swiss\/fr\/rezept\/mitglieder\/fleischtrocknerei-churwalden-ag\/#primaryimage"},"thumbnailUrl":"https:\/\/www.buendnerfleisch.swiss\/wp-content\/uploads\/2018\/06\/FTCH_Buendnerfleisch4645.jpg","datePublished":"2018-08-09T07:31:46+00:00","dateModified":"2024-10-02T07:53:00+00:00","breadcrumb":{"@id":"https:\/\/www.buendnerfleisch.swiss\/fr\/rezept\/mitglieder\/fleischtrocknerei-churwalden-ag\/#breadcrumb"},"inLanguage":"fr-FR","potentialAction":[{"@type":"ReadAction","target":["https:\/\/www.buendnerfleisch.swiss\/fr\/rezept\/mitglieder\/fleischtrocknerei-churwalden-ag\/"]}]},{"@type":"ImageObject","inLanguage":"fr-FR","@id":"https:\/\/www.buendnerfleisch.swiss\/fr\/rezept\/mitglieder\/fleischtrocknerei-churwalden-ag\/#primaryimage","url":"https:\/\/www.buendnerfleisch.swiss\/wp-content\/uploads\/2018\/06\/FTCH_Buendnerfleisch4645.jpg","contentUrl":"https:\/\/www.buendnerfleisch.swiss\/wp-content\/uploads\/2018\/06\/FTCH_Buendnerfleisch4645.jpg","width":1500,"height":1126},{"@type":"BreadcrumbList","@id":"https:\/\/www.buendnerfleisch.swiss\/fr\/rezept\/mitglieder\/fleischtrocknerei-churwalden-ag\/#breadcrumb","itemListElement":[{"@type":"ListItem","position":1,"name":"Startseite","item":"https:\/\/www.buendnerfleisch.swiss\/fr\/"},{"@type":"ListItem","position":2,"name":"Fleischtrocknerei Churwalden AG"}]},{"@type":"WebSite","@id":"https:\/\/www.buendnerfleisch.swiss\/#website","url":"https:\/\/www.buendnerfleisch.swiss\/","name":"B\u00fcndnerfleisch","description":"Verband B\u00fcndner Fleischfabrikanten  VBF","potentialAction":[{"@type":"SearchAction","target":{"@type":"EntryPoint","urlTemplate":"https:\/\/www.buendnerfleisch.swiss\/?s={search_term_string}"},"query-input":{"@type":"PropertyValueSpecification","valueRequired":true,"valueName":"search_term_string"}}],"inLanguage":"fr-FR"}]}},"_links":{"self":[{"href":"https:\/\/www.buendnerfleisch.swiss\/fr\/wp-json\/wp\/v2\/portfolio\/1461"}],"collection":[{"href":"https:\/\/www.buendnerfleisch.swiss\/fr\/wp-json\/wp\/v2\/portfolio"}],"about":[{"href":"https:\/\/www.buendnerfleisch.swiss\/fr\/wp-json\/wp\/v2\/types\/portfolio"}],"replies":[{"embeddable":true,"href":"https:\/\/www.buendnerfleisch.swiss\/fr\/wp-json\/wp\/v2\/comments?post=1461"}],"version-history":[{"count":8,"href":"https:\/\/www.buendnerfleisch.swiss\/fr\/wp-json\/wp\/v2\/portfolio\/1461\/revisions"}],"predecessor-version":[{"id":3872,"href":"https:\/\/www.buendnerfleisch.swiss\/fr\/wp-json\/wp\/v2\/portfolio\/1461\/revisions\/3872"}],"wp:featuredmedia":[{"embeddable":true,"href":"https:\/\/www.buendnerfleisch.swiss\/fr\/wp-json\/wp\/v2\/media\/3827"}],"wp:attachment":[{"href":"https:\/\/www.buendnerfleisch.swiss\/fr\/wp-json\/wp\/v2\/media?parent=1461"}],"wp:term":[{"taxonomy":"post_tag","embeddable":true,"href":"https:\/\/www.buendnerfleisch.swiss\/fr\/wp-json\/wp\/v2\/tags?post=1461"},{"taxonomy":"portfolio_entries","embeddable":true,"href":"https:\/\/www.buendnerfleisch.swiss\/fr\/wp-json\/wp\/v2\/portfolio_entries?post=1461"}],"curies":[{"name":"wp","href":"https:\/\/api.w.org\/{rel}","templated":true}]}}