{"id":1473,"date":"2018-08-09T09:33:29","date_gmt":"2018-08-09T07:33:29","guid":{"rendered":"https:\/\/www.buendnerfleisch.swiss\/?post_type=portfolio&#038;p=1473"},"modified":"2024-08-08T11:09:38","modified_gmt":"2024-08-08T09:09:38","slug":"gurtner-metzgerei-ag","status":"publish","type":"portfolio","link":"https:\/\/www.buendnerfleisch.swiss\/fr\/rezept\/mitglieder\/gurtner-metzgerei-ag\/","title":{"rendered":"Gurtner Metzgerei AG"},"content":{"rendered":"<div   class='avia-fullscreen-slider main_color   avia-builder-el-0  el_before_av_one_fifth  avia-builder-el-first  container_wrap fullsize'  ><div  class='avia-slideshow av-ru17e9-81a0d4878814f37a004e8ebc9779c17e avia-slideshow-extra_large av_fullscreen avia-slide-slider av-slideshow-ui av-control-hidden av-no-slider-navigation av-hide-nav-arrows av-slideshow-manual av-loop-once av-loop-manual-endless av-default-height-applied   avia-slideshow-1' data-slideshow-options=\"{&quot;animation&quot;:&quot;slide&quot;,&quot;autoplay&quot;:false,&quot;loop_autoplay&quot;:&quot;once&quot;,&quot;interval&quot;:5,&quot;loop_manual&quot;:&quot;manual-endless&quot;,&quot;autoplay_stopper&quot;:false,&quot;noNavigation&quot;:true,&quot;bg_slider&quot;:true,&quot;keep_padding&quot;:false,&quot;hoverpause&quot;:false,&quot;show_slide_delay&quot;:0,&quot;slide_height&quot;:&quot;100&quot;,&quot;image_attachment&quot;:&quot;scroll&quot;}\"  itemprop=\"image\" itemscope=\"itemscope\" itemtype=\"https:\/\/schema.org\/ImageObject\" ><ul class='avia-slideshow-inner ' style='padding-bottom: 56.266666666667%;'><li style='background-position:bottom center;' data-img-url='https:\/\/www.buendnerfleisch.swiss\/wp-content\/uploads\/2018\/07\/buendnerfleisch_180717165350-1-1500x844.jpg' class='avia-slideshow-slide av-ru17e9-81a0d4878814f37a004e8ebc9779c17e__0  av-single-slide slide-1 slide-odd'><div data-rel='slideshow-1' class='avia-slide-wrap '   ><\/div><\/li><\/ul><div class='av-slideshow-caption av-ru17e9-81a0d4878814f37a004e8ebc9779c17e__0 caption_fullwidth caption_bottom'><div class=\"container caption_container\"><div class=\"slideshow_caption\"><div class=\"slideshow_inner_caption\"><div class=\"slideshow_align_caption\"><h2 class='avia-caption-title '  itemprop=\"name\" >Gurtner Metzgerei AG<\/h2><div class='avia-caption-content '  itemprop=\"description\" ><p>Viande des Grisons<\/p>\n<\/div><\/div><\/div><\/div><\/div><\/div><\/div><\/div><div id='after_full_slider_1'  class='main_color av_default_container_wrap container_wrap fullsize'  ><div class='container av-section-cont-open' ><div class='template-page content  av-content-full alpha units'><div class='post-entry post-entry-type-page post-entry-1473'><div class='entry-content-wrapper clearfix'>\n<div  class='flex_column av-oezjsx-e431325f26d17b0d94d81e51805e8d13 av_one_fifth  avia-builder-el-1  el_after_av_fullscreen  el_before_av_three_fifth  avia-builder-el-first  first flex_column_div  '     ><\/div>\n<div  class='flex_column av-lxstdt-da37e30a767ee405954d7f7aeac10b0e av_three_fifth  avia-builder-el-2  el_after_av_one_fifth  el_before_av_one_fifth  flex_column_div  '     ><section  class='av_textblock_section av-lz880faq-e0b1ceb8b83e3e2f2842b3758c6dbf15 '   itemscope=\"itemscope\" itemtype=\"https:\/\/schema.org\/CreativeWork\" ><div class='avia_textblock lead'  itemprop=\"text\" ><p>Pour Fredy Gurtner, c&rsquo;est \u00e9vident: \u00ab Il faut trouver du plaisir dans ce qu&rsquo;on fait, sinon le r\u00e9sultat n&rsquo;est pas bon.\u00bb Ceux qui go\u00fbtent les sp\u00e9cialit\u00e9s de la boucherie Gurtner \u00e0 Flims sentent que Fredy Gurtner prend du plaisir \u00e0 ce qu&rsquo;il fait: une terrine de viande (Fleischk\u00e4se) par exemple ou du saucisson de cerf (Hirschsalsiz). Et bien entendu une viande des Grisons de grande qualit\u00e9.<\/p>\n<\/div><\/section><\/div>\n<div  class='flex_column av-kpwqo1-2bceb515f45795472eb7e9910504ad13 av_one_fifth  avia-builder-el-4  el_after_av_three_fifth  el_before_av_section  avia-builder-el-last  flex_column_div  '     ><\/div>\n<\/div><\/div><\/div><!-- close content main div --><\/div><\/div><div id='kurzportrait'  class='avia-section av-ijwb9t-55ab055d4d514a2e1dc74aa616623e06 main_color avia-section-no-padding avia-no-border-styling  avia-builder-el-5  el_after_av_one_fifth  el_before_av_section  avia-bg-style-scroll container_wrap fullsize'  ><div class='container av-section-cont-open' ><div class='template-page content  av-content-full alpha units'><div class='post-entry post-entry-type-page post-entry-1473'><div class='entry-content-wrapper clearfix'>\n<div class='flex_column_table av-hjry01-fabd151f7f0b4dca862e4ecf862f14f0 sc-av_one_full av-equal-height-column-flextable'>\n<style type=\"text\/css\" data-created_by=\"avia_inline_auto\" id=\"style-css-av-hjry01-fabd151f7f0b4dca862e4ecf862f14f0\">\n.flex_column.av-hjry01-fabd151f7f0b4dca862e4ecf862f14f0{\nborder-radius:0px 0px 0px 0px;\npadding:0px 0px 0px 0px;\n}\n<\/style>\n<div  class='flex_column av-hjry01-fabd151f7f0b4dca862e4ecf862f14f0 av_one_full  avia-builder-el-6  avia-builder-el-no-sibling  first no_margin flex_column_table_cell av-equal-height-column av-align-top av-zero-column-padding  '     ><section  class='av_textblock_section av-lz81qmfj-4e0c3438e33a8c92717e984c0cc7be1c '   itemscope=\"itemscope\" itemtype=\"https:\/\/schema.org\/CreativeWork\" ><div class='avia_textblock'  itemprop=\"text\" ><h2>Portrait<\/h2>\n<h3>Gurtner Metzgerei AG<\/h3>\n<\/div><\/section><br \/>\n<div  class='avia-builder-widget-area clearfix  avia-builder-el-8  el_after_av_textblock  avia-builder-el-last '><div id=\"text-2\" class=\"widget clearfix widget_text\">\t\t\t<div class=\"textwidget\"><ul class=\"m--advantages\"><\/ul>\n<\/div>\n\t\t<\/div><\/div><\/p><\/div><\/div><!--close column table wrapper. Autoclose: 1 -->\n\n<\/div><\/div><\/div><!-- close content main div --><\/div><\/div><div id='av_section_2'  class='avia-section av-e2ewv5-5ca1ab46c66e79b1e53b702412d423e2 main_color avia-section-default avia-no-border-styling  avia-builder-el-9  el_after_av_section  el_before_av_section  galerie_outer avia-bg-style-scroll container_wrap fullsize'  ><div class='container av-section-cont-open' ><div class='template-page content  av-content-full alpha units'><div class='post-entry post-entry-type-page post-entry-1473'><div class='entry-content-wrapper clearfix'>\n\n<style type=\"text\/css\" data-created_by=\"avia_inline_auto\" id=\"style-css-av-cs8j6p-35916111f23d938b428dc648f30cc3ee\">\n#top .avia-gallery.av-cs8j6p-35916111f23d938b428dc648f30cc3ee .avia-gallery-thumb a{\nwidth:20%;\n}\n<\/style>\n<div class='m-gallery' data-t-name='Gallery'><ul class=\"m-gallery__list js-list count-2\"><li class=\"m-gallery__item js-item\"><a href=\"https:\/\/www.buendnerfleisch.swiss\/wp-content\/uploads\/2018\/07\/buendnerfleisch_180717165350-1-1030x579.jpg\" data-srcset=\"https:\/\/www.buendnerfleisch.swiss\/wp-content\/uploads\/2018\/07\/buendnerfleisch_180717165350-1-1030x579.jpg 1030w, https:\/\/www.buendnerfleisch.swiss\/wp-content\/uploads\/2018\/07\/buendnerfleisch_180717165350-1-300x169.jpg 300w, https:\/\/www.buendnerfleisch.swiss\/wp-content\/uploads\/2018\/07\/buendnerfleisch_180717165350-1-768x432.jpg 768w, https:\/\/www.buendnerfleisch.swiss\/wp-content\/uploads\/2018\/07\/buendnerfleisch_180717165350-1-1500x844.jpg 1500w, https:\/\/www.buendnerfleisch.swiss\/wp-content\/uploads\/2018\/07\/buendnerfleisch_180717165350-1-705x397.jpg 705w, https:\/\/www.buendnerfleisch.swiss\/wp-content\/uploads\/2018\/07\/buendnerfleisch_180717165350-1-450x253.jpg 450w, https:\/\/www.buendnerfleisch.swiss\/wp-content\/uploads\/2018\/07\/buendnerfleisch_180717165350-1.jpg 2000w\" data-sizes=\"(max-width: 1030px) 100vw, 1030px\" data-rel='gallery-1' data-prev-img='https:\/\/www.buendnerfleisch.swiss\/wp-content\/uploads\/2018\/07\/buendnerfleisch_180717165350-1-495x400.jpg' class='lightbox ' data-onclick='2' data-title='buendnerfleisch_verband'  itemprop=\"thumbnailUrl\"  ><figure class=\"m-gallery__img-wrapper\"><img decoding=\"async\" src=\"https:\/\/www.buendnerfleisch.swiss\/wp-content\/uploads\/2018\/07\/buendnerfleisch_180717165350-1-1030x579.jpg\" data-src='https:\/\/www.buendnerfleisch.swiss\/wp-content\/uploads\/2018\/07\/buendnerfleisch_180717165350-1-1030x579.jpg' alt='' class='m-gallery__img js-img js-a-image-lazyload'><noscript><img decoding=\"async\" src=\"https:\/\/www.buendnerfleisch.swiss\/wp-content\/uploads\/2018\/07\/buendnerfleisch_180717165350-1-495x400.jpg\" alt='' class='m-gallery__img js-img'><\/noscript><\/figure><span class=\"m-gallery__item-resizer\"><\/span><div class=\"m-gallery__img-ct-outer\"><div class=\"m-gallery__img-ct-inner\"><div class=\"m-gallery__caption-ct\"><span class='m-gallery__caption'>Montrer 2 photos<\/span><\/div><\/div><\/div><\/a><\/li><li class=\"m-gallery__item js-item\"><a href=\"https:\/\/www.buendnerfleisch.swiss\/wp-content\/uploads\/2018\/06\/IMG_0615.jpg\" data-srcset=\"https:\/\/www.buendnerfleisch.swiss\/wp-content\/uploads\/2018\/06\/IMG_0615.jpg 531w, https:\/\/www.buendnerfleisch.swiss\/wp-content\/uploads\/2018\/06\/IMG_0615-300x230.jpg 300w, https:\/\/www.buendnerfleisch.swiss\/wp-content\/uploads\/2018\/06\/IMG_0615-450x345.jpg 450w\" data-sizes=\"(max-width: 531px) 100vw, 531px\" data-rel='gallery-1' data-prev-img='https:\/\/www.buendnerfleisch.swiss\/wp-content\/uploads\/2018\/06\/IMG_0615-495x400.jpg' class='lightbox ' data-onclick='2' data-title='Gurtner Metzgerei'  itemprop=\"thumbnailUrl\"  ><figure class=\"m-gallery__img-wrapper\"><img decoding=\"async\" src=\"https:\/\/www.buendnerfleisch.swiss\/wp-content\/uploads\/2018\/06\/IMG_0615.jpg\" data-src='https:\/\/www.buendnerfleisch.swiss\/wp-content\/uploads\/2018\/06\/IMG_0615.jpg' alt='' class='m-gallery__img js-img js-a-image-lazyload'><noscript><img decoding=\"async\" src=\"https:\/\/www.buendnerfleisch.swiss\/wp-content\/uploads\/2018\/06\/IMG_0615-495x400.jpg\" alt='' class='m-gallery__img js-img'><\/noscript><\/figure><span class=\"m-gallery__item-resizer\"><\/span><div class=\"m-gallery__img-ct-outer\"><div class=\"m-gallery__img-ct-inner\"><div class=\"m-gallery__caption-ct\"><span class='m-gallery__caption'>Montrer 2 photos<\/span><\/div><\/div><\/div><\/a><\/li><\/ul><\/div>\n\n<\/div><\/div><\/div><!-- close content main div --><\/div><\/div><div id='kontakt'  class='avia-section av-akn3bl-1d11f724d87261996a433e21d5b395ab main_color avia-section-no-padding avia-no-border-styling  avia-builder-el-11  el_after_av_section  avia-builder-el-last  avia-bg-style-scroll container_wrap fullsize'  ><div class='container av-section-cont-open' ><div class='template-page content  av-content-full alpha units'><div class='post-entry post-entry-type-page post-entry-1473'><div class='entry-content-wrapper clearfix'>\n<div class='flex_column_table av-8hyh75-144a748447411fb880a85ec81e41b619 sc-av_three_fifth av-equal-height-column-flextable'>\n<style type=\"text\/css\" data-created_by=\"avia_inline_auto\" id=\"style-css-av-8hyh75-144a748447411fb880a85ec81e41b619\">\n.flex_column.av-8hyh75-144a748447411fb880a85ec81e41b619{\nborder-radius:0px 0px 0px 0px;\npadding:0px 0px 0px 0px;\n}\n<\/style>\n<div  class='flex_column av-8hyh75-144a748447411fb880a85ec81e41b619 av_three_fifth  avia-builder-el-12  el_before_av_two_fifth  avia-builder-el-first  first no_margin flex_column_table_cell av-equal-height-column av-align-top av-zero-column-padding  '     ><div  class='av_gmaps_sc_main_wrap av_gmaps_main_wrap '><div id='av_gmap_0' class='avia-google-map-container avia-google-map-sc av_gmaps_show_unconditionally av-no-fallback-img ' data-mapid='av_gmap_0'  style='padding-bottom: 100%;'><a class=\"av_gmaps_browser_disabled av_text_confirm_link av_text_confirm_link_visible\" href=\"https:\/\/www.google.com\/maps\/search\/?api=1&#038;query=Vitg%20Pign%201%20%207017%20Flims%20Dorf\" target=\"_blank\" rel=\"noopener\">Les cartes ont \u00e9t\u00e9 d\u00e9sactiv\u00e9es par le visiteur sur ce site. Cliquer pour ouvrir la carte dans une nouvelle fen\u00eatre.<\/a><\/div><\/div><\/div>\n<style type=\"text\/css\" data-created_by=\"avia_inline_auto\" id=\"style-css-av-4sldox-71b0116b2daf40523653f04466ef3bd2\">\n.flex_column.av-4sldox-71b0116b2daf40523653f04466ef3bd2{\nborder-radius:0px 0px 0px 0px;\npadding:0px 0px 0px 0px;\nbackground-color:#ffffff;\n}\n<\/style>\n<div  class='flex_column av-4sldox-71b0116b2daf40523653f04466ef3bd2 av_two_fifth  avia-builder-el-14  el_after_av_three_fifth  avia-builder-el-last  no_margin flex_column_table_cell av-equal-height-column av-align-top av-zero-column-padding  '     ><p>\n<style type=\"text\/css\" data-created_by=\"avia_inline_auto\" id=\"style-css-av-28owr5-2216398262944cf6d398aad9fbe0a11c\">\n.avia-image-container.av-28owr5-2216398262944cf6d398aad9fbe0a11c img.avia_image{\nbox-shadow:none;\n}\n.avia-image-container.av-28owr5-2216398262944cf6d398aad9fbe0a11c .av-image-caption-overlay-center{\ncolor:#ffffff;\n}\n<\/style>\n<div  class='avia-image-container av-28owr5-2216398262944cf6d398aad9fbe0a11c av-styling-no-styling avia-align-left  avia-builder-el-15  el_before_av_textblock  avia-builder-el-first '   itemprop=\"image\" itemscope=\"itemscope\" itemtype=\"https:\/\/schema.org\/ImageObject\" ><div class=\"avia-image-container-inner\"><div class=\"avia-image-overlay-wrap\"><img decoding=\"async\" fetchpriority=\"high\" class='wp-image-858 avia-img-lazy-loading-not-858 avia_image ' src=\"https:\/\/www.buendnerfleisch.swiss\/wp-content\/uploads\/2018\/06\/gurtner_logo-300x163.png\" alt='' title='Logo Gurtner'  height=\"163\" width=\"300\"  itemprop=\"thumbnailUrl\" srcset=\"https:\/\/www.buendnerfleisch.swiss\/wp-content\/uploads\/2018\/06\/gurtner_logo-300x163.png 300w, https:\/\/www.buendnerfleisch.swiss\/wp-content\/uploads\/2018\/06\/gurtner_logo-768x418.png 768w, https:\/\/www.buendnerfleisch.swiss\/wp-content\/uploads\/2018\/06\/gurtner_logo-1030x561.png 1030w, https:\/\/www.buendnerfleisch.swiss\/wp-content\/uploads\/2018\/06\/gurtner_logo-705x384.png 705w, https:\/\/www.buendnerfleisch.swiss\/wp-content\/uploads\/2018\/06\/gurtner_logo-450x245.png 450w, https:\/\/www.buendnerfleisch.swiss\/wp-content\/uploads\/2018\/06\/gurtner_logo.png 1357w\" sizes=\"(max-width: 300px) 100vw, 300px\" \/><\/div><\/div><\/div><br \/>\n<section  class='av_textblock_section av-lz81qqtc-bdbfb7b800e21d14a532e2c80b77e8aa '   itemscope=\"itemscope\" itemtype=\"https:\/\/schema.org\/CreativeWork\" ><div class='avia_textblock'  itemprop=\"text\" ><h2>Contact<\/h2>\n<p>Gurtner Metzgerei AG<br \/>\nFredy Gurtner<br \/>\nVitg Pign 1<br \/>\n7017 Flims Dorf<\/p>\n<p>Tel.: 081 911 15 50<br \/>\nFax: 081 911 38 77<br \/>\n<a href=\"mailto:mf.gurtner@flims.ch\">mf.gurtner@flims.ch<\/a><br \/>\n<a href=\"https:\/\/www.metzgerei-gurtner.ch\/\" target=\"_blank\" rel=\"noopener\">www.metzgerei-gurtner.ch<\/a><\/p>\n<\/div><\/section><\/p><\/div><\/div><!--close column table wrapper. Autoclose: 1 -->\n\n","protected":false},"excerpt":{"rendered":"","protected":false},"featured_media":1458,"comment_status":"closed","ping_status":"closed","template":"","tags":[52,63,57,56,80,61,60,53,54,55],"portfolio_entries":[],"class_list":["post-1473","portfolio","type-portfolio","status-publish","has-post-thumbnail","hentry","tag-bio-fr","tag-livraison-approvisionnement-de-vendeurs-en-suisse","tag-production-fr","tag-production-toute-lannee","tag-verkauf-fr","tag-vente-dans-la-propre-boutique-sur-place","tag-vente-en-suisse","tag-viande-provenant-de-letranger","tag-viande-provenant-de-suisse","tag-viande-provenant-des-grisons"],"yoast_head":"<!-- This site is optimized with the Yoast SEO plugin v23.4 - https:\/\/yoast.com\/wordpress\/plugins\/seo\/ -->\n<title>Gurtner Metzgerei AG - B\u00fcndnerfleisch<\/title>\n<meta name=\"robots\" content=\"index, follow, max-snippet:-1, max-image-preview:large, max-video-preview:-1\" \/>\n<link rel=\"canonical\" href=\"https:\/\/www.buendnerfleisch.swiss\/rezept\/mitglieder\/gurtner\/\" \/>\n<meta property=\"og:locale\" content=\"fr_FR\" \/>\n<meta property=\"og:type\" content=\"article\" \/>\n<meta property=\"og:title\" content=\"Gurtner Metzgerei AG - B\u00fcndnerfleisch\" \/>\n<meta property=\"og:url\" content=\"https:\/\/www.buendnerfleisch.swiss\/rezept\/mitglieder\/gurtner\/\" \/>\n<meta property=\"og:site_name\" content=\"B\u00fcndnerfleisch\" \/>\n<meta property=\"article:modified_time\" content=\"2024-08-08T09:09:38+00:00\" \/>\n<meta property=\"og:image\" content=\"https:\/\/www.buendnerfleisch.swiss\/wp-content\/uploads\/2018\/07\/buendnerfleisch_180717165350_beitrag.jpg\" \/>\n\t<meta property=\"og:image:width\" content=\"1125\" \/>\n\t<meta property=\"og:image:height\" content=\"1125\" \/>\n\t<meta property=\"og:image:type\" content=\"image\/jpeg\" \/>\n<meta name=\"twitter:card\" content=\"summary_large_image\" \/>\n<meta name=\"twitter:label1\" content=\"Dur\u00e9e de lecture estim\u00e9e\" \/>\n\t<meta name=\"twitter:data1\" content=\"2 minutes\" \/>\n<script type=\"application\/ld+json\" class=\"yoast-schema-graph\">{\"@context\":\"https:\/\/schema.org\",\"@graph\":[{\"@type\":\"WebPage\",\"@id\":\"https:\/\/www.buendnerfleisch.swiss\/rezept\/mitglieder\/gurtner\/\",\"url\":\"https:\/\/www.buendnerfleisch.swiss\/rezept\/mitglieder\/gurtner\/\",\"name\":\"Gurtner Metzgerei AG - B\u00fcndnerfleisch\",\"isPartOf\":{\"@id\":\"https:\/\/www.buendnerfleisch.swiss\/#website\"},\"primaryImageOfPage\":{\"@id\":\"https:\/\/www.buendnerfleisch.swiss\/rezept\/mitglieder\/gurtner\/#primaryimage\"},\"image\":{\"@id\":\"https:\/\/www.buendnerfleisch.swiss\/rezept\/mitglieder\/gurtner\/#primaryimage\"},\"thumbnailUrl\":\"https:\/\/www.buendnerfleisch.swiss\/wp-content\/uploads\/2018\/07\/buendnerfleisch_180717165350_beitrag.jpg\",\"datePublished\":\"2018-08-09T07:33:29+00:00\",\"dateModified\":\"2024-08-08T09:09:38+00:00\",\"breadcrumb\":{\"@id\":\"https:\/\/www.buendnerfleisch.swiss\/rezept\/mitglieder\/gurtner\/#breadcrumb\"},\"inLanguage\":\"fr-FR\",\"potentialAction\":[{\"@type\":\"ReadAction\",\"target\":[\"https:\/\/www.buendnerfleisch.swiss\/rezept\/mitglieder\/gurtner\/\"]}]},{\"@type\":\"ImageObject\",\"inLanguage\":\"fr-FR\",\"@id\":\"https:\/\/www.buendnerfleisch.swiss\/rezept\/mitglieder\/gurtner\/#primaryimage\",\"url\":\"https:\/\/www.buendnerfleisch.swiss\/wp-content\/uploads\/2018\/07\/buendnerfleisch_180717165350_beitrag.jpg\",\"contentUrl\":\"https:\/\/www.buendnerfleisch.swiss\/wp-content\/uploads\/2018\/07\/buendnerfleisch_180717165350_beitrag.jpg\",\"width\":1125,\"height\":1125},{\"@type\":\"BreadcrumbList\",\"@id\":\"https:\/\/www.buendnerfleisch.swiss\/rezept\/mitglieder\/gurtner\/#breadcrumb\",\"itemListElement\":[{\"@type\":\"ListItem\",\"position\":1,\"name\":\"Startseite\",\"item\":\"https:\/\/www.buendnerfleisch.swiss\/fr\/\"},{\"@type\":\"ListItem\",\"position\":2,\"name\":\"Gurtner Metzgerei AG\"}]},{\"@type\":\"WebSite\",\"@id\":\"https:\/\/www.buendnerfleisch.swiss\/#website\",\"url\":\"https:\/\/www.buendnerfleisch.swiss\/\",\"name\":\"B\u00fcndnerfleisch\",\"description\":\"Verband B\u00fcndner Fleischfabrikanten  VBF\",\"potentialAction\":[{\"@type\":\"SearchAction\",\"target\":{\"@type\":\"EntryPoint\",\"urlTemplate\":\"https:\/\/www.buendnerfleisch.swiss\/?s={search_term_string}\"},\"query-input\":{\"@type\":\"PropertyValueSpecification\",\"valueRequired\":true,\"valueName\":\"search_term_string\"}}],\"inLanguage\":\"fr-FR\"}]}<\/script>\n<!-- \/ Yoast SEO plugin. -->","yoast_head_json":{"title":"Gurtner Metzgerei AG - B\u00fcndnerfleisch","robots":{"index":"index","follow":"follow","max-snippet":"max-snippet:-1","max-image-preview":"max-image-preview:large","max-video-preview":"max-video-preview:-1"},"canonical":"https:\/\/www.buendnerfleisch.swiss\/rezept\/mitglieder\/gurtner\/","og_locale":"fr_FR","og_type":"article","og_title":"Gurtner Metzgerei AG - B\u00fcndnerfleisch","og_url":"https:\/\/www.buendnerfleisch.swiss\/rezept\/mitglieder\/gurtner\/","og_site_name":"B\u00fcndnerfleisch","article_modified_time":"2024-08-08T09:09:38+00:00","og_image":[{"width":1125,"height":1125,"url":"https:\/\/www.buendnerfleisch.swiss\/wp-content\/uploads\/2018\/07\/buendnerfleisch_180717165350_beitrag.jpg","type":"image\/jpeg"}],"twitter_card":"summary_large_image","twitter_misc":{"Dur\u00e9e de lecture estim\u00e9e":"2 minutes"},"schema":{"@context":"https:\/\/schema.org","@graph":[{"@type":"WebPage","@id":"https:\/\/www.buendnerfleisch.swiss\/rezept\/mitglieder\/gurtner\/","url":"https:\/\/www.buendnerfleisch.swiss\/rezept\/mitglieder\/gurtner\/","name":"Gurtner Metzgerei AG - B\u00fcndnerfleisch","isPartOf":{"@id":"https:\/\/www.buendnerfleisch.swiss\/#website"},"primaryImageOfPage":{"@id":"https:\/\/www.buendnerfleisch.swiss\/rezept\/mitglieder\/gurtner\/#primaryimage"},"image":{"@id":"https:\/\/www.buendnerfleisch.swiss\/rezept\/mitglieder\/gurtner\/#primaryimage"},"thumbnailUrl":"https:\/\/www.buendnerfleisch.swiss\/wp-content\/uploads\/2018\/07\/buendnerfleisch_180717165350_beitrag.jpg","datePublished":"2018-08-09T07:33:29+00:00","dateModified":"2024-08-08T09:09:38+00:00","breadcrumb":{"@id":"https:\/\/www.buendnerfleisch.swiss\/rezept\/mitglieder\/gurtner\/#breadcrumb"},"inLanguage":"fr-FR","potentialAction":[{"@type":"ReadAction","target":["https:\/\/www.buendnerfleisch.swiss\/rezept\/mitglieder\/gurtner\/"]}]},{"@type":"ImageObject","inLanguage":"fr-FR","@id":"https:\/\/www.buendnerfleisch.swiss\/rezept\/mitglieder\/gurtner\/#primaryimage","url":"https:\/\/www.buendnerfleisch.swiss\/wp-content\/uploads\/2018\/07\/buendnerfleisch_180717165350_beitrag.jpg","contentUrl":"https:\/\/www.buendnerfleisch.swiss\/wp-content\/uploads\/2018\/07\/buendnerfleisch_180717165350_beitrag.jpg","width":1125,"height":1125},{"@type":"BreadcrumbList","@id":"https:\/\/www.buendnerfleisch.swiss\/rezept\/mitglieder\/gurtner\/#breadcrumb","itemListElement":[{"@type":"ListItem","position":1,"name":"Startseite","item":"https:\/\/www.buendnerfleisch.swiss\/fr\/"},{"@type":"ListItem","position":2,"name":"Gurtner Metzgerei AG"}]},{"@type":"WebSite","@id":"https:\/\/www.buendnerfleisch.swiss\/#website","url":"https:\/\/www.buendnerfleisch.swiss\/","name":"B\u00fcndnerfleisch","description":"Verband B\u00fcndner Fleischfabrikanten  VBF","potentialAction":[{"@type":"SearchAction","target":{"@type":"EntryPoint","urlTemplate":"https:\/\/www.buendnerfleisch.swiss\/?s={search_term_string}"},"query-input":{"@type":"PropertyValueSpecification","valueRequired":true,"valueName":"search_term_string"}}],"inLanguage":"fr-FR"}]}},"_links":{"self":[{"href":"https:\/\/www.buendnerfleisch.swiss\/fr\/wp-json\/wp\/v2\/portfolio\/1473"}],"collection":[{"href":"https:\/\/www.buendnerfleisch.swiss\/fr\/wp-json\/wp\/v2\/portfolio"}],"about":[{"href":"https:\/\/www.buendnerfleisch.swiss\/fr\/wp-json\/wp\/v2\/types\/portfolio"}],"replies":[{"embeddable":true,"href":"https:\/\/www.buendnerfleisch.swiss\/fr\/wp-json\/wp\/v2\/comments?post=1473"}],"version-history":[{"count":6,"href":"https:\/\/www.buendnerfleisch.swiss\/fr\/wp-json\/wp\/v2\/portfolio\/1473\/revisions"}],"predecessor-version":[{"id":3523,"href":"https:\/\/www.buendnerfleisch.swiss\/fr\/wp-json\/wp\/v2\/portfolio\/1473\/revisions\/3523"}],"wp:featuredmedia":[{"embeddable":true,"href":"https:\/\/www.buendnerfleisch.swiss\/fr\/wp-json\/wp\/v2\/media\/1458"}],"wp:attachment":[{"href":"https:\/\/www.buendnerfleisch.swiss\/fr\/wp-json\/wp\/v2\/media?parent=1473"}],"wp:term":[{"taxonomy":"post_tag","embeddable":true,"href":"https:\/\/www.buendnerfleisch.swiss\/fr\/wp-json\/wp\/v2\/tags?post=1473"},{"taxonomy":"portfolio_entries","embeddable":true,"href":"https:\/\/www.buendnerfleisch.swiss\/fr\/wp-json\/wp\/v2\/portfolio_entries?post=1473"}],"curies":[{"name":"wp","href":"https:\/\/api.w.org\/{rel}","templated":true}]}}