{"id":1530,"date":"2018-08-09T09:38:35","date_gmt":"2018-08-09T07:38:35","guid":{"rendered":"https:\/\/www.buendnerfleisch.swiss\/?post_type=portfolio&#038;p=1530"},"modified":"2024-08-19T13:36:30","modified_gmt":"2024-08-19T11:36:30","slug":"metzgerei-mark-ag","status":"publish","type":"portfolio","link":"https:\/\/www.buendnerfleisch.swiss\/fr\/rezept\/mitglieder\/metzgerei-mark-ag\/","title":{"rendered":"Andy Mark, Metzgerei Mark AG"},"content":{"rendered":"<div   class='avia-fullscreen-slider main_color   avia-builder-el-0  el_before_av_one_fifth  avia-builder-el-first  container_wrap fullsize'  ><div  class='avia-slideshow av-riaje2-1b5caeadcbb45f0edd5bfefe0b450c0b avia-slideshow-extra_large av_fullscreen avia-slide-slider av-slideshow-ui av-control-hidden av-no-slider-navigation av-hide-nav-arrows av-slideshow-manual av-loop-once av-loop-manual-endless av-default-height-applied   avia-slideshow-1' data-slideshow-options=\"{&quot;animation&quot;:&quot;slide&quot;,&quot;autoplay&quot;:false,&quot;loop_autoplay&quot;:&quot;once&quot;,&quot;interval&quot;:5,&quot;loop_manual&quot;:&quot;manual-endless&quot;,&quot;autoplay_stopper&quot;:false,&quot;noNavigation&quot;:true,&quot;bg_slider&quot;:true,&quot;keep_padding&quot;:false,&quot;hoverpause&quot;:false,&quot;show_slide_delay&quot;:0,&quot;slide_height&quot;:&quot;100&quot;,&quot;image_attachment&quot;:&quot;scroll&quot;}\"  itemprop=\"image\" itemscope=\"itemscope\" itemtype=\"https:\/\/schema.org\/ImageObject\" ><ul class='avia-slideshow-inner ' style='padding-bottom: 66.733333333333%;'><li style='background-position:center center;' data-img-url='https:\/\/www.buendnerfleisch.swiss\/wp-content\/uploads\/2018\/06\/web_72dpi-0569-1500x1001.jpg' class='avia-slideshow-slide av-riaje2-1b5caeadcbb45f0edd5bfefe0b450c0b__0  av-single-slide slide-1 slide-odd'><div data-rel='slideshow-1' class='avia-slide-wrap '   ><\/div><\/li><\/ul><div class='av-slideshow-caption av-riaje2-1b5caeadcbb45f0edd5bfefe0b450c0b__0 caption_fullwidth caption_bottom'><div class=\"container caption_container\"><div class=\"slideshow_caption\"><div class=\"slideshow_inner_caption\"><div class=\"slideshow_align_caption\"><h2 class='avia-caption-title '  itemprop=\"name\" >Andy Mark, Metzgerei Mark AG<\/h2><div class='avia-caption-content '  itemprop=\"description\" ><p>Viande des Grisons<\/p>\n<\/div><\/div><\/div><\/div><\/div><\/div><\/div><\/div><div id='after_full_slider_1'  class='main_color av_default_container_wrap container_wrap fullsize'  ><div class='container av-section-cont-open' ><div class='template-page content  av-content-full alpha units'><div class='post-entry post-entry-type-page post-entry-1530'><div class='entry-content-wrapper clearfix'>\n<div  class='flex_column av-nmu6d6-864ee27dfd7344adf9cd73db32c8a724 av_one_fifth  avia-builder-el-1  el_after_av_fullscreen  el_before_av_three_fifth  avia-builder-el-first  first flex_column_div  '     ><\/div>\n<div  class='flex_column av-n48t56-c875cfbf43012d75068eef71a8ddd22d av_three_fifth  avia-builder-el-2  el_after_av_one_fifth  el_before_av_one_fifth  flex_column_div  '     ><section  class='av_textblock_section av-lz87h8nw-c3b683f2b6b35007138d43a207ca407d '   itemscope=\"itemscope\" itemtype=\"https:\/\/schema.org\/CreativeWork\" ><div class='avia_textblock lead'  itemprop=\"text\" ><p>Avec son \u00e9quipe engag\u00e9e, la famille Mark g\u00e8re la boucherie Mark \u00e0 Schiers-Lunden dans le canton des Grisons. De l&rsquo;abattage \u00e0 la sp\u00e9cialit\u00e9 carn\u00e9e transform\u00e9e, tout est fait maison sous un seul toit. La boucherie Mark mise sur la viande r\u00e9gionale et le contact direct avec les familles d&rsquo;agriculteurs. Notre grand souci de qualit\u00e9 et l&rsquo;amour du m\u00e9tier de boucher traditionnel donnent un caract\u00e8re unique aux sp\u00e9cialit\u00e9s de viande et font de la d\u00e9gustation un \u00e9v\u00e9nement.<\/p>\n<\/div><\/section><\/div>\n<div  class='flex_column av-257qmi-7fe9dfc7448d85e99974024c0f1e678b av_one_fifth  avia-builder-el-4  el_after_av_three_fifth  el_before_av_section  avia-builder-el-last  flex_column_div  '     ><\/div>\n<\/div><\/div><\/div><!-- close content main div --><\/div><\/div><div id='kurzportrait'  class='avia-section av-j9go16-b9320737ec5ce33c9a4b6f0d1e4a4ef0 main_color avia-section-no-padding avia-no-border-styling  avia-builder-el-5  el_after_av_one_fifth  el_before_av_section  avia-bg-style-scroll container_wrap fullsize'  ><div class='container av-section-cont-open' ><div class='template-page content  av-content-full alpha units'><div class='post-entry post-entry-type-page post-entry-1530'><div class='entry-content-wrapper clearfix'>\n<div class='flex_column_table av-huqbkq-c490d49828faece309343fb23184d2e0 sc-av_one_full av-equal-height-column-flextable'>\n<style type=\"text\/css\" data-created_by=\"avia_inline_auto\" id=\"style-css-av-huqbkq-c490d49828faece309343fb23184d2e0\">\n.flex_column.av-huqbkq-c490d49828faece309343fb23184d2e0{\nborder-radius:0px 0px 0px 0px;\npadding:0px 0px 0px 0px;\n}\n<\/style>\n<div  class='flex_column av-huqbkq-c490d49828faece309343fb23184d2e0 av_one_full  avia-builder-el-6  avia-builder-el-no-sibling  first no_margin flex_column_table_cell av-equal-height-column av-align-top av-zero-column-padding  '     ><section  class='av_textblock_section av-lyzwgx89-74f281dbd2d6425956a5a337570f535b '   itemscope=\"itemscope\" itemtype=\"https:\/\/schema.org\/CreativeWork\" ><div class='avia_textblock'  itemprop=\"text\" ><h2>Portrait<\/h2>\n<h3>Andy Mark, Metzgerei Mark AG<\/h3>\n<\/div><\/section><br \/>\n<div  class='avia-builder-widget-area clearfix  avia-builder-el-8  el_after_av_textblock  avia-builder-el-last '><div id=\"text-2\" class=\"widget clearfix widget_text\">\t\t\t<div class=\"textwidget\"><ul class=\"m--advantages\"><\/ul>\n<\/div>\n\t\t<\/div><\/div><\/p><\/div><\/div><!--close column table wrapper. Autoclose: 1 --><\/div><\/div><\/div><!-- close content main div --><\/div><\/div><div id='av_section_2'  class='avia-section av-ehn6ka-847a5554f6f2375f62201d10c99ae8ae main_color avia-section-default avia-no-border-styling  avia-builder-el-9  el_after_av_section  el_before_av_section  galerie_outer avia-bg-style-scroll container_wrap fullsize'  ><div class='container av-section-cont-open' ><div class='template-page content  av-content-full alpha units'><div class='post-entry post-entry-type-page post-entry-1530'><div class='entry-content-wrapper clearfix'>\n\n<style type=\"text\/css\" data-created_by=\"avia_inline_auto\" id=\"style-css-av-clwwsa-4b91dd09ff7d187b6e61cd2ddf98a13e\">\n#top .avia-gallery.av-clwwsa-4b91dd09ff7d187b6e61cd2ddf98a13e .avia-gallery-thumb a{\nwidth:20%;\n}\n<\/style>\n<div class='m-gallery' data-t-name='Gallery'><ul class=\"m-gallery__list js-list count-6\"><li class=\"m-gallery__item js-item\"><a href=\"https:\/\/www.buendnerfleisch.swiss\/wp-content\/uploads\/2018\/06\/web_72dpi-1145-1030x688.jpg\" data-srcset=\"https:\/\/www.buendnerfleisch.swiss\/wp-content\/uploads\/2018\/06\/web_72dpi-1145-1030x688.jpg 1030w, https:\/\/www.buendnerfleisch.swiss\/wp-content\/uploads\/2018\/06\/web_72dpi-1145-300x200.jpg 300w, https:\/\/www.buendnerfleisch.swiss\/wp-content\/uploads\/2018\/06\/web_72dpi-1145-768x513.jpg 768w, https:\/\/www.buendnerfleisch.swiss\/wp-content\/uploads\/2018\/06\/web_72dpi-1145-1500x1001.jpg 1500w, https:\/\/www.buendnerfleisch.swiss\/wp-content\/uploads\/2018\/06\/web_72dpi-1145-705x471.jpg 705w, https:\/\/www.buendnerfleisch.swiss\/wp-content\/uploads\/2018\/06\/web_72dpi-1145-450x300.jpg 450w, https:\/\/www.buendnerfleisch.swiss\/wp-content\/uploads\/2018\/06\/web_72dpi-1145.jpg 1600w\" data-sizes=\"(max-width: 1030px) 100vw, 1030px\" data-rel='gallery-1' data-prev-img='https:\/\/www.buendnerfleisch.swiss\/wp-content\/uploads\/2018\/06\/web_72dpi-1145-495x400.jpg' class='lightbox ' data-onclick='6' data-title='Metzgerei Mark'  itemprop=\"thumbnailUrl\"  ><figure class=\"m-gallery__img-wrapper\"><img decoding=\"async\" src=\"https:\/\/www.buendnerfleisch.swiss\/wp-content\/uploads\/2018\/06\/web_72dpi-1145-1030x688.jpg\" data-src='https:\/\/www.buendnerfleisch.swiss\/wp-content\/uploads\/2018\/06\/web_72dpi-1145-1030x688.jpg' alt='' class='m-gallery__img js-img js-a-image-lazyload'><noscript><img decoding=\"async\" src=\"https:\/\/www.buendnerfleisch.swiss\/wp-content\/uploads\/2018\/06\/web_72dpi-1145-495x400.jpg\" alt='' class='m-gallery__img js-img'><\/noscript><\/figure><span class=\"m-gallery__item-resizer\"><\/span><div class=\"m-gallery__img-ct-outer\"><div class=\"m-gallery__img-ct-inner\"><div class=\"m-gallery__caption-ct\"><span class='m-gallery__caption'>Montrer 6 photos<\/span><\/div><\/div><\/div><\/a><\/li><li class=\"m-gallery__item js-item\"><a href=\"https:\/\/www.buendnerfleisch.swiss\/wp-content\/uploads\/2018\/06\/web_72dpi-1123-1030x688.jpg\" data-srcset=\"https:\/\/www.buendnerfleisch.swiss\/wp-content\/uploads\/2018\/06\/web_72dpi-1123-1030x688.jpg 1030w, https:\/\/www.buendnerfleisch.swiss\/wp-content\/uploads\/2018\/06\/web_72dpi-1123-300x200.jpg 300w, https:\/\/www.buendnerfleisch.swiss\/wp-content\/uploads\/2018\/06\/web_72dpi-1123-768x513.jpg 768w, https:\/\/www.buendnerfleisch.swiss\/wp-content\/uploads\/2018\/06\/web_72dpi-1123-1500x1001.jpg 1500w, https:\/\/www.buendnerfleisch.swiss\/wp-content\/uploads\/2018\/06\/web_72dpi-1123-705x471.jpg 705w, https:\/\/www.buendnerfleisch.swiss\/wp-content\/uploads\/2018\/06\/web_72dpi-1123-450x300.jpg 450w, https:\/\/www.buendnerfleisch.swiss\/wp-content\/uploads\/2018\/06\/web_72dpi-1123.jpg 1600w\" data-sizes=\"(max-width: 1030px) 100vw, 1030px\" data-rel='gallery-1' data-prev-img='https:\/\/www.buendnerfleisch.swiss\/wp-content\/uploads\/2018\/06\/web_72dpi-1123-495x400.jpg' class='lightbox ' data-onclick='6' data-title='Metzgerei Mark'  itemprop=\"thumbnailUrl\"  ><figure class=\"m-gallery__img-wrapper\"><img decoding=\"async\" src=\"https:\/\/www.buendnerfleisch.swiss\/wp-content\/uploads\/2018\/06\/web_72dpi-1123-1030x688.jpg\" data-src='https:\/\/www.buendnerfleisch.swiss\/wp-content\/uploads\/2018\/06\/web_72dpi-1123-1030x688.jpg' alt='' class='m-gallery__img js-img js-a-image-lazyload'><noscript><img decoding=\"async\" src=\"https:\/\/www.buendnerfleisch.swiss\/wp-content\/uploads\/2018\/06\/web_72dpi-1123-495x400.jpg\" alt='' class='m-gallery__img js-img'><\/noscript><\/figure><span class=\"m-gallery__item-resizer\"><\/span><div class=\"m-gallery__img-ct-outer\"><div class=\"m-gallery__img-ct-inner\"><div class=\"m-gallery__caption-ct\"><span class='m-gallery__caption'>Montrer 6 photos<\/span><\/div><\/div><\/div><\/a><\/li><li class=\"m-gallery__item js-item\"><a href=\"https:\/\/www.buendnerfleisch.swiss\/wp-content\/uploads\/2018\/06\/web_72dpi-0807-688x1030.jpg\" data-srcset=\"https:\/\/www.buendnerfleisch.swiss\/wp-content\/uploads\/2018\/06\/web_72dpi-0807-688x1030.jpg 688w, https:\/\/www.buendnerfleisch.swiss\/wp-content\/uploads\/2018\/06\/web_72dpi-0807-200x300.jpg 200w, https:\/\/www.buendnerfleisch.swiss\/wp-content\/uploads\/2018\/06\/web_72dpi-0807-768x1151.jpg 768w, https:\/\/www.buendnerfleisch.swiss\/wp-content\/uploads\/2018\/06\/web_72dpi-0807-1001x1500.jpg 1001w, https:\/\/www.buendnerfleisch.swiss\/wp-content\/uploads\/2018\/06\/web_72dpi-0807-471x705.jpg 471w, https:\/\/www.buendnerfleisch.swiss\/wp-content\/uploads\/2018\/06\/web_72dpi-0807-450x674.jpg 450w, https:\/\/www.buendnerfleisch.swiss\/wp-content\/uploads\/2018\/06\/web_72dpi-0807.jpg 1068w\" data-sizes=\"(max-width: 688px) 100vw, 688px\" data-rel='gallery-1' data-prev-img='https:\/\/www.buendnerfleisch.swiss\/wp-content\/uploads\/2018\/06\/web_72dpi-0807-495x400.jpg' class='lightbox ' data-onclick='6' data-title='Metzgerei Mark'  itemprop=\"thumbnailUrl\"  ><figure class=\"m-gallery__img-wrapper\"><img decoding=\"async\" src=\"https:\/\/www.buendnerfleisch.swiss\/wp-content\/uploads\/2018\/06\/web_72dpi-0807-688x1030.jpg\" data-src='https:\/\/www.buendnerfleisch.swiss\/wp-content\/uploads\/2018\/06\/web_72dpi-0807-688x1030.jpg' alt='' class='m-gallery__img js-img js-a-image-lazyload'><noscript><img decoding=\"async\" src=\"https:\/\/www.buendnerfleisch.swiss\/wp-content\/uploads\/2018\/06\/web_72dpi-0807-495x400.jpg\" alt='' class='m-gallery__img js-img'><\/noscript><\/figure><span class=\"m-gallery__item-resizer\"><\/span><div class=\"m-gallery__img-ct-outer\"><div class=\"m-gallery__img-ct-inner\"><div class=\"m-gallery__caption-ct\"><span class='m-gallery__caption'>Montrer 6 photos<\/span><\/div><\/div><\/div><\/a><\/li><li class=\"m-gallery__item js-item\"><a href=\"https:\/\/www.buendnerfleisch.swiss\/wp-content\/uploads\/2018\/06\/web_72dpi-0569-1030x688.jpg\" data-srcset=\"https:\/\/www.buendnerfleisch.swiss\/wp-content\/uploads\/2018\/06\/web_72dpi-0569-1030x688.jpg 1030w, https:\/\/www.buendnerfleisch.swiss\/wp-content\/uploads\/2018\/06\/web_72dpi-0569-300x200.jpg 300w, https:\/\/www.buendnerfleisch.swiss\/wp-content\/uploads\/2018\/06\/web_72dpi-0569-768x513.jpg 768w, https:\/\/www.buendnerfleisch.swiss\/wp-content\/uploads\/2018\/06\/web_72dpi-0569-1500x1001.jpg 1500w, https:\/\/www.buendnerfleisch.swiss\/wp-content\/uploads\/2018\/06\/web_72dpi-0569-705x471.jpg 705w, https:\/\/www.buendnerfleisch.swiss\/wp-content\/uploads\/2018\/06\/web_72dpi-0569-450x300.jpg 450w, https:\/\/www.buendnerfleisch.swiss\/wp-content\/uploads\/2018\/06\/web_72dpi-0569.jpg 1600w\" data-sizes=\"(max-width: 1030px) 100vw, 1030px\" data-rel='gallery-1' data-prev-img='https:\/\/www.buendnerfleisch.swiss\/wp-content\/uploads\/2018\/06\/web_72dpi-0569-495x400.jpg' class='lightbox ' data-onclick='6' data-title='Metzgerei Mark'  itemprop=\"thumbnailUrl\"  ><figure class=\"m-gallery__img-wrapper\"><img decoding=\"async\" src=\"https:\/\/www.buendnerfleisch.swiss\/wp-content\/uploads\/2018\/06\/web_72dpi-0569-1030x688.jpg\" data-src='https:\/\/www.buendnerfleisch.swiss\/wp-content\/uploads\/2018\/06\/web_72dpi-0569-1030x688.jpg' alt='' class='m-gallery__img js-img js-a-image-lazyload'><noscript><img decoding=\"async\" src=\"https:\/\/www.buendnerfleisch.swiss\/wp-content\/uploads\/2018\/06\/web_72dpi-0569-495x400.jpg\" alt='' class='m-gallery__img js-img'><\/noscript><\/figure><span class=\"m-gallery__item-resizer\"><\/span><div class=\"m-gallery__img-ct-outer\"><div class=\"m-gallery__img-ct-inner\"><div class=\"m-gallery__caption-ct\"><span class='m-gallery__caption'>Montrer 6 photos<\/span><\/div><\/div><\/div><\/a><\/li><li class=\"m-gallery__item js-item\"><a href=\"https:\/\/www.buendnerfleisch.swiss\/wp-content\/uploads\/2018\/06\/web_72dpi-0270-1030x688.jpg\" data-srcset=\"https:\/\/www.buendnerfleisch.swiss\/wp-content\/uploads\/2018\/06\/web_72dpi-0270-1030x688.jpg 1030w, https:\/\/www.buendnerfleisch.swiss\/wp-content\/uploads\/2018\/06\/web_72dpi-0270-300x200.jpg 300w, https:\/\/www.buendnerfleisch.swiss\/wp-content\/uploads\/2018\/06\/web_72dpi-0270-768x513.jpg 768w, https:\/\/www.buendnerfleisch.swiss\/wp-content\/uploads\/2018\/06\/web_72dpi-0270-1500x1001.jpg 1500w, https:\/\/www.buendnerfleisch.swiss\/wp-content\/uploads\/2018\/06\/web_72dpi-0270-705x471.jpg 705w, https:\/\/www.buendnerfleisch.swiss\/wp-content\/uploads\/2018\/06\/web_72dpi-0270-450x300.jpg 450w, https:\/\/www.buendnerfleisch.swiss\/wp-content\/uploads\/2018\/06\/web_72dpi-0270.jpg 1600w\" data-sizes=\"(max-width: 1030px) 100vw, 1030px\" data-rel='gallery-1' data-prev-img='https:\/\/www.buendnerfleisch.swiss\/wp-content\/uploads\/2018\/06\/web_72dpi-0270-495x400.jpg' class='lightbox ' data-onclick='6' data-title='Metzgerei Mark'  itemprop=\"thumbnailUrl\"  ><figure class=\"m-gallery__img-wrapper\"><img decoding=\"async\" src=\"https:\/\/www.buendnerfleisch.swiss\/wp-content\/uploads\/2018\/06\/web_72dpi-0270-1030x688.jpg\" data-src='https:\/\/www.buendnerfleisch.swiss\/wp-content\/uploads\/2018\/06\/web_72dpi-0270-1030x688.jpg' alt='' class='m-gallery__img js-img js-a-image-lazyload'><noscript><img decoding=\"async\" src=\"https:\/\/www.buendnerfleisch.swiss\/wp-content\/uploads\/2018\/06\/web_72dpi-0270-495x400.jpg\" alt='' class='m-gallery__img js-img'><\/noscript><\/figure><span class=\"m-gallery__item-resizer\"><\/span><div class=\"m-gallery__img-ct-outer\"><div class=\"m-gallery__img-ct-inner\"><div class=\"m-gallery__caption-ct\"><span class='m-gallery__caption'>Montrer 6 photos<\/span><\/div><\/div><\/div><\/a><\/li><li class=\"m-gallery__item js-item\"><a href=\"https:\/\/www.buendnerfleisch.swiss\/wp-content\/uploads\/2018\/06\/Andy_mit_buefleisch.jpg\" data-srcset=\"https:\/\/www.buendnerfleisch.swiss\/wp-content\/uploads\/2018\/06\/Andy_mit_buefleisch.jpg 600w, https:\/\/www.buendnerfleisch.swiss\/wp-content\/uploads\/2018\/06\/Andy_mit_buefleisch-300x200.jpg 300w, https:\/\/www.buendnerfleisch.swiss\/wp-content\/uploads\/2018\/06\/Andy_mit_buefleisch-450x300.jpg 450w\" data-sizes=\"(max-width: 600px) 100vw, 600px\" data-rel='gallery-1' data-prev-img='https:\/\/www.buendnerfleisch.swiss\/wp-content\/uploads\/2018\/06\/Andy_mit_buefleisch-495x400.jpg' class='lightbox ' data-onclick='6' data-title='Metzgerei Mark'  itemprop=\"thumbnailUrl\"  ><figure class=\"m-gallery__img-wrapper\"><img decoding=\"async\" src=\"https:\/\/www.buendnerfleisch.swiss\/wp-content\/uploads\/2018\/06\/Andy_mit_buefleisch.jpg\" data-src='https:\/\/www.buendnerfleisch.swiss\/wp-content\/uploads\/2018\/06\/Andy_mit_buefleisch.jpg' alt='' class='m-gallery__img js-img js-a-image-lazyload'><noscript><img decoding=\"async\" src=\"https:\/\/www.buendnerfleisch.swiss\/wp-content\/uploads\/2018\/06\/Andy_mit_buefleisch-495x400.jpg\" alt='' class='m-gallery__img js-img'><\/noscript><\/figure><span class=\"m-gallery__item-resizer\"><\/span><div class=\"m-gallery__img-ct-outer\"><div class=\"m-gallery__img-ct-inner\"><div class=\"m-gallery__caption-ct\"><span class='m-gallery__caption'>Montrer 6 photos<\/span><\/div><\/div><\/div><\/a><\/li><\/ul><\/div>\n<\/p>\n<\/div><\/div><\/div><!-- close content main div --><\/div><\/div><div id='kontakt'  class='avia-section av-ao9mfu-515d56faf17631a12480a41731ce6c0c main_color avia-section-no-padding avia-no-border-styling  avia-builder-el-11  el_after_av_section  avia-builder-el-last  avia-bg-style-scroll container_wrap fullsize'  ><div class='container av-section-cont-open' ><div class='template-page content  av-content-full alpha units'><div class='post-entry post-entry-type-page post-entry-1530'><div class='entry-content-wrapper clearfix'>\n<div class='flex_column_table av-9jwfmi-90be0d8f843e3a0866c0c9c97f001cc4 sc-av_three_fifth av-equal-height-column-flextable'>\n<style type=\"text\/css\" data-created_by=\"avia_inline_auto\" id=\"style-css-av-9jwfmi-90be0d8f843e3a0866c0c9c97f001cc4\">\n.flex_column.av-9jwfmi-90be0d8f843e3a0866c0c9c97f001cc4{\nborder-radius:0px 0px 0px 0px;\npadding:0px 0px 0px 0px;\n}\n<\/style>\n<div  class='flex_column av-9jwfmi-90be0d8f843e3a0866c0c9c97f001cc4 av_three_fifth  avia-builder-el-12  el_before_av_two_fifth  avia-builder-el-first  first no_margin flex_column_table_cell av-equal-height-column av-align-top av-zero-column-padding  '     ><div  class='av_gmaps_sc_main_wrap av_gmaps_main_wrap '><div id='av_gmap_0' class='avia-google-map-container avia-google-map-sc av_gmaps_show_unconditionally av-no-fallback-img ' data-mapid='av_gmap_0'  style='padding-bottom: 100%;'><a class=\"av_gmaps_browser_disabled av_text_confirm_link av_text_confirm_link_visible\" href=\"https:\/\/www.google.com\/maps\/search\/?api=1&#038;query=Lundnerstrasse%2069%20%207222%20Mittellunden\" target=\"_blank\" rel=\"noopener\">Les cartes ont \u00e9t\u00e9 d\u00e9sactiv\u00e9es par le visiteur sur ce site. Cliquer pour ouvrir la carte dans une nouvelle fen\u00eatre.<\/a><\/div><\/div><\/div>\n<style type=\"text\/css\" data-created_by=\"avia_inline_auto\" id=\"style-css-av-4ukbqy-7ae85caba5df412a548cea0f26e772c0\">\n.flex_column.av-4ukbqy-7ae85caba5df412a548cea0f26e772c0{\nborder-radius:0px 0px 0px 0px;\npadding:0px 0px 0px 0px;\nbackground-color:#ffffff;\n}\n<\/style>\n<div  class='flex_column av-4ukbqy-7ae85caba5df412a548cea0f26e772c0 av_two_fifth  avia-builder-el-14  el_after_av_three_fifth  avia-builder-el-last  no_margin flex_column_table_cell av-equal-height-column av-align-top av-zero-column-padding  '     ><p>\n<style type=\"text\/css\" data-created_by=\"avia_inline_auto\" id=\"style-css-av-2m1vm2-99311075e7204613b02c24d1db2034de\">\n.avia-image-container.av-2m1vm2-99311075e7204613b02c24d1db2034de img.avia_image{\nbox-shadow:none;\n}\n.avia-image-container.av-2m1vm2-99311075e7204613b02c24d1db2034de .av-image-caption-overlay-center{\ncolor:#ffffff;\n}\n<\/style>\n<div  class='avia-image-container av-2m1vm2-99311075e7204613b02c24d1db2034de av-styling-no-styling avia-align-left  avia-builder-el-15  el_before_av_textblock  avia-builder-el-first '   itemprop=\"image\" itemscope=\"itemscope\" itemtype=\"https:\/\/schema.org\/ImageObject\" ><div class=\"avia-image-container-inner\"><div class=\"avia-image-overlay-wrap\"><img decoding=\"async\" fetchpriority=\"high\" class='wp-image-720 avia-img-lazy-loading-not-720 avia_image ' src=\"https:\/\/www.buendnerfleisch.swiss\/wp-content\/uploads\/2018\/06\/Logo_Mark-300x38.jpg\" alt='' title='Logo_Mark'  height=\"38\" width=\"300\"  itemprop=\"thumbnailUrl\" srcset=\"https:\/\/www.buendnerfleisch.swiss\/wp-content\/uploads\/2018\/06\/Logo_Mark-300x38.jpg 300w, https:\/\/www.buendnerfleisch.swiss\/wp-content\/uploads\/2018\/06\/Logo_Mark-768x98.jpg 768w, https:\/\/www.buendnerfleisch.swiss\/wp-content\/uploads\/2018\/06\/Logo_Mark-1030x131.jpg 1030w, https:\/\/www.buendnerfleisch.swiss\/wp-content\/uploads\/2018\/06\/Logo_Mark-1500x191.jpg 1500w, https:\/\/www.buendnerfleisch.swiss\/wp-content\/uploads\/2018\/06\/Logo_Mark-705x90.jpg 705w, https:\/\/www.buendnerfleisch.swiss\/wp-content\/uploads\/2018\/06\/Logo_Mark-450x57.jpg 450w, https:\/\/www.buendnerfleisch.swiss\/wp-content\/uploads\/2018\/06\/Logo_Mark.jpg 1677w\" sizes=\"(max-width: 300px) 100vw, 300px\" \/><\/div><\/div><\/div><br \/>\n<section  class='av_textblock_section av-lyzwh2g3-6303f3bc80d3be2eaf9070e86b9ea6e7 '   itemscope=\"itemscope\" itemtype=\"https:\/\/schema.org\/CreativeWork\" ><div class='avia_textblock'  itemprop=\"text\" ><h2>Contact<\/h2>\n<p>Metzgerei Mark AG<br \/>\nLundnerstrasse 69<br \/>\n7222 Mittellunden<\/p>\n<p>Tel.: 081 328 16 16<br \/>\n<a href=\"mailto:info@metzgerei-mark.ch\">info@metzgerei-mark.ch<\/a><br \/>\n<a href=\"http:\/\/www.metzgerei-mark.ch\" target=\"_blank\" rel=\"noopener\">www.metzgerei-mark.ch<\/a><\/p>\n<\/div><\/section><\/p><\/div><\/div><!--close column table wrapper. Autoclose: 1 -->\n\n","protected":false},"excerpt":{"rendered":"","protected":false},"featured_media":2314,"comment_status":"closed","ping_status":"closed","template":"","tags":[52,57,56,66,80,61,60,54,55,64],"portfolio_entries":[],"class_list":["post-1530","portfolio","type-portfolio","status-publish","has-post-thumbnail","hentry","tag-bio-fr","tag-production-fr","tag-production-toute-lannee","tag-suisse","tag-verkauf-fr","tag-vente-dans-la-propre-boutique-sur-place","tag-vente-en-suisse","tag-viande-provenant-de-suisse","tag-viande-provenant-des-grisons","tag-visite-de-letablissement"],"yoast_head":"<!-- This site is optimized with the Yoast SEO plugin v23.4 - https:\/\/yoast.com\/wordpress\/plugins\/seo\/ -->\n<title>Andy Mark, Metzgerei Mark AG - B\u00fcndnerfleisch<\/title>\n<meta name=\"robots\" content=\"index, follow, max-snippet:-1, max-image-preview:large, max-video-preview:-1\" \/>\n<link rel=\"canonical\" href=\"https:\/\/www.buendnerfleisch.swiss\/fr\/rezept\/mitglieder\/metzgerei-mark-ag\/\" \/>\n<meta property=\"og:locale\" content=\"fr_FR\" \/>\n<meta property=\"og:type\" content=\"article\" \/>\n<meta property=\"og:title\" content=\"Andy Mark, Metzgerei Mark AG - B\u00fcndnerfleisch\" \/>\n<meta property=\"og:url\" content=\"https:\/\/www.buendnerfleisch.swiss\/fr\/rezept\/mitglieder\/metzgerei-mark-ag\/\" \/>\n<meta property=\"og:site_name\" content=\"B\u00fcndnerfleisch\" \/>\n<meta property=\"article:modified_time\" content=\"2024-08-19T11:36:30+00:00\" \/>\n<meta property=\"og:image\" content=\"https:\/\/www.buendnerfleisch.swiss\/wp-content\/uploads\/2018\/06\/Andy_mit_buefleisch_3.jpg\" \/>\n\t<meta property=\"og:image:width\" content=\"599\" \/>\n\t<meta property=\"og:image:height\" content=\"376\" \/>\n\t<meta property=\"og:image:type\" content=\"image\/jpeg\" \/>\n<meta name=\"twitter:card\" content=\"summary_large_image\" \/>\n<meta name=\"twitter:label1\" content=\"Dur\u00e9e de lecture estim\u00e9e\" \/>\n\t<meta name=\"twitter:data1\" content=\"3 minutes\" \/>\n<script type=\"application\/ld+json\" class=\"yoast-schema-graph\">{\"@context\":\"https:\/\/schema.org\",\"@graph\":[{\"@type\":\"WebPage\",\"@id\":\"https:\/\/www.buendnerfleisch.swiss\/fr\/rezept\/mitglieder\/metzgerei-mark-ag\/\",\"url\":\"https:\/\/www.buendnerfleisch.swiss\/fr\/rezept\/mitglieder\/metzgerei-mark-ag\/\",\"name\":\"Andy Mark, Metzgerei Mark AG - B\u00fcndnerfleisch\",\"isPartOf\":{\"@id\":\"https:\/\/www.buendnerfleisch.swiss\/#website\"},\"primaryImageOfPage\":{\"@id\":\"https:\/\/www.buendnerfleisch.swiss\/fr\/rezept\/mitglieder\/metzgerei-mark-ag\/#primaryimage\"},\"image\":{\"@id\":\"https:\/\/www.buendnerfleisch.swiss\/fr\/rezept\/mitglieder\/metzgerei-mark-ag\/#primaryimage\"},\"thumbnailUrl\":\"https:\/\/www.buendnerfleisch.swiss\/wp-content\/uploads\/2018\/06\/Andy_mit_buefleisch_3.jpg\",\"datePublished\":\"2018-08-09T07:38:35+00:00\",\"dateModified\":\"2024-08-19T11:36:30+00:00\",\"breadcrumb\":{\"@id\":\"https:\/\/www.buendnerfleisch.swiss\/fr\/rezept\/mitglieder\/metzgerei-mark-ag\/#breadcrumb\"},\"inLanguage\":\"fr-FR\",\"potentialAction\":[{\"@type\":\"ReadAction\",\"target\":[\"https:\/\/www.buendnerfleisch.swiss\/fr\/rezept\/mitglieder\/metzgerei-mark-ag\/\"]}]},{\"@type\":\"ImageObject\",\"inLanguage\":\"fr-FR\",\"@id\":\"https:\/\/www.buendnerfleisch.swiss\/fr\/rezept\/mitglieder\/metzgerei-mark-ag\/#primaryimage\",\"url\":\"https:\/\/www.buendnerfleisch.swiss\/wp-content\/uploads\/2018\/06\/Andy_mit_buefleisch_3.jpg\",\"contentUrl\":\"https:\/\/www.buendnerfleisch.swiss\/wp-content\/uploads\/2018\/06\/Andy_mit_buefleisch_3.jpg\",\"width\":599,\"height\":376},{\"@type\":\"BreadcrumbList\",\"@id\":\"https:\/\/www.buendnerfleisch.swiss\/fr\/rezept\/mitglieder\/metzgerei-mark-ag\/#breadcrumb\",\"itemListElement\":[{\"@type\":\"ListItem\",\"position\":1,\"name\":\"Startseite\",\"item\":\"https:\/\/www.buendnerfleisch.swiss\/fr\/\"},{\"@type\":\"ListItem\",\"position\":2,\"name\":\"Andy Mark, Metzgerei Mark AG\"}]},{\"@type\":\"WebSite\",\"@id\":\"https:\/\/www.buendnerfleisch.swiss\/#website\",\"url\":\"https:\/\/www.buendnerfleisch.swiss\/\",\"name\":\"B\u00fcndnerfleisch\",\"description\":\"Verband B\u00fcndner Fleischfabrikanten  VBF\",\"potentialAction\":[{\"@type\":\"SearchAction\",\"target\":{\"@type\":\"EntryPoint\",\"urlTemplate\":\"https:\/\/www.buendnerfleisch.swiss\/?s={search_term_string}\"},\"query-input\":{\"@type\":\"PropertyValueSpecification\",\"valueRequired\":true,\"valueName\":\"search_term_string\"}}],\"inLanguage\":\"fr-FR\"}]}<\/script>\n<!-- \/ Yoast SEO plugin. -->","yoast_head_json":{"title":"Andy Mark, Metzgerei Mark AG - B\u00fcndnerfleisch","robots":{"index":"index","follow":"follow","max-snippet":"max-snippet:-1","max-image-preview":"max-image-preview:large","max-video-preview":"max-video-preview:-1"},"canonical":"https:\/\/www.buendnerfleisch.swiss\/fr\/rezept\/mitglieder\/metzgerei-mark-ag\/","og_locale":"fr_FR","og_type":"article","og_title":"Andy Mark, Metzgerei Mark AG - B\u00fcndnerfleisch","og_url":"https:\/\/www.buendnerfleisch.swiss\/fr\/rezept\/mitglieder\/metzgerei-mark-ag\/","og_site_name":"B\u00fcndnerfleisch","article_modified_time":"2024-08-19T11:36:30+00:00","og_image":[{"width":599,"height":376,"url":"https:\/\/www.buendnerfleisch.swiss\/wp-content\/uploads\/2018\/06\/Andy_mit_buefleisch_3.jpg","type":"image\/jpeg"}],"twitter_card":"summary_large_image","twitter_misc":{"Dur\u00e9e de lecture estim\u00e9e":"3 minutes"},"schema":{"@context":"https:\/\/schema.org","@graph":[{"@type":"WebPage","@id":"https:\/\/www.buendnerfleisch.swiss\/fr\/rezept\/mitglieder\/metzgerei-mark-ag\/","url":"https:\/\/www.buendnerfleisch.swiss\/fr\/rezept\/mitglieder\/metzgerei-mark-ag\/","name":"Andy Mark, Metzgerei Mark AG - B\u00fcndnerfleisch","isPartOf":{"@id":"https:\/\/www.buendnerfleisch.swiss\/#website"},"primaryImageOfPage":{"@id":"https:\/\/www.buendnerfleisch.swiss\/fr\/rezept\/mitglieder\/metzgerei-mark-ag\/#primaryimage"},"image":{"@id":"https:\/\/www.buendnerfleisch.swiss\/fr\/rezept\/mitglieder\/metzgerei-mark-ag\/#primaryimage"},"thumbnailUrl":"https:\/\/www.buendnerfleisch.swiss\/wp-content\/uploads\/2018\/06\/Andy_mit_buefleisch_3.jpg","datePublished":"2018-08-09T07:38:35+00:00","dateModified":"2024-08-19T11:36:30+00:00","breadcrumb":{"@id":"https:\/\/www.buendnerfleisch.swiss\/fr\/rezept\/mitglieder\/metzgerei-mark-ag\/#breadcrumb"},"inLanguage":"fr-FR","potentialAction":[{"@type":"ReadAction","target":["https:\/\/www.buendnerfleisch.swiss\/fr\/rezept\/mitglieder\/metzgerei-mark-ag\/"]}]},{"@type":"ImageObject","inLanguage":"fr-FR","@id":"https:\/\/www.buendnerfleisch.swiss\/fr\/rezept\/mitglieder\/metzgerei-mark-ag\/#primaryimage","url":"https:\/\/www.buendnerfleisch.swiss\/wp-content\/uploads\/2018\/06\/Andy_mit_buefleisch_3.jpg","contentUrl":"https:\/\/www.buendnerfleisch.swiss\/wp-content\/uploads\/2018\/06\/Andy_mit_buefleisch_3.jpg","width":599,"height":376},{"@type":"BreadcrumbList","@id":"https:\/\/www.buendnerfleisch.swiss\/fr\/rezept\/mitglieder\/metzgerei-mark-ag\/#breadcrumb","itemListElement":[{"@type":"ListItem","position":1,"name":"Startseite","item":"https:\/\/www.buendnerfleisch.swiss\/fr\/"},{"@type":"ListItem","position":2,"name":"Andy Mark, Metzgerei Mark AG"}]},{"@type":"WebSite","@id":"https:\/\/www.buendnerfleisch.swiss\/#website","url":"https:\/\/www.buendnerfleisch.swiss\/","name":"B\u00fcndnerfleisch","description":"Verband B\u00fcndner Fleischfabrikanten  VBF","potentialAction":[{"@type":"SearchAction","target":{"@type":"EntryPoint","urlTemplate":"https:\/\/www.buendnerfleisch.swiss\/?s={search_term_string}"},"query-input":{"@type":"PropertyValueSpecification","valueRequired":true,"valueName":"search_term_string"}}],"inLanguage":"fr-FR"}]}},"_links":{"self":[{"href":"https:\/\/www.buendnerfleisch.swiss\/fr\/wp-json\/wp\/v2\/portfolio\/1530"}],"collection":[{"href":"https:\/\/www.buendnerfleisch.swiss\/fr\/wp-json\/wp\/v2\/portfolio"}],"about":[{"href":"https:\/\/www.buendnerfleisch.swiss\/fr\/wp-json\/wp\/v2\/types\/portfolio"}],"replies":[{"embeddable":true,"href":"https:\/\/www.buendnerfleisch.swiss\/fr\/wp-json\/wp\/v2\/comments?post=1530"}],"version-history":[{"count":8,"href":"https:\/\/www.buendnerfleisch.swiss\/fr\/wp-json\/wp\/v2\/portfolio\/1530\/revisions"}],"predecessor-version":[{"id":3677,"href":"https:\/\/www.buendnerfleisch.swiss\/fr\/wp-json\/wp\/v2\/portfolio\/1530\/revisions\/3677"}],"wp:featuredmedia":[{"embeddable":true,"href":"https:\/\/www.buendnerfleisch.swiss\/fr\/wp-json\/wp\/v2\/media\/2314"}],"wp:attachment":[{"href":"https:\/\/www.buendnerfleisch.swiss\/fr\/wp-json\/wp\/v2\/media?parent=1530"}],"wp:term":[{"taxonomy":"post_tag","embeddable":true,"href":"https:\/\/www.buendnerfleisch.swiss\/fr\/wp-json\/wp\/v2\/tags?post=1530"},{"taxonomy":"portfolio_entries","embeddable":true,"href":"https:\/\/www.buendnerfleisch.swiss\/fr\/wp-json\/wp\/v2\/portfolio_entries?post=1530"}],"curies":[{"name":"wp","href":"https:\/\/api.w.org\/{rel}","templated":true}]}}