{"id":1589,"date":"2018-08-09T09:42:49","date_gmt":"2018-08-09T07:42:49","guid":{"rendered":"https:\/\/www.buendnerfleisch.swiss\/?post_type=portfolio&#038;p=1589"},"modified":"2024-08-08T11:07:52","modified_gmt":"2024-08-08T09:07:52","slug":"raguth-tscharner-ulrich","status":"publish","type":"portfolio","link":"https:\/\/www.buendnerfleisch.swiss\/fr\/rezept\/mitglieder\/raguth-tscharner-ulrich\/","title":{"rendered":"Raguth Tscharner Ulrich"},"content":{"rendered":"<div   class='avia-fullscreen-slider main_color   avia-builder-el-0  el_before_av_one_fifth  avia-builder-el-first  container_wrap fullsize'  ><div  class='avia-slideshow av-oeqc3p-a12c5f6d8caedd1d42c5696e949e123e avia-slideshow-extra_large av_fullscreen avia-slide-slider av-slideshow-ui av-control-hidden av-no-slider-navigation av-hide-nav-arrows av-slideshow-manual av-loop-once av-loop-manual-endless av-default-height-applied   avia-slideshow-1' data-slideshow-options=\"{&quot;animation&quot;:&quot;slide&quot;,&quot;autoplay&quot;:false,&quot;loop_autoplay&quot;:&quot;once&quot;,&quot;interval&quot;:5,&quot;loop_manual&quot;:&quot;manual-endless&quot;,&quot;autoplay_stopper&quot;:false,&quot;noNavigation&quot;:true,&quot;bg_slider&quot;:true,&quot;keep_padding&quot;:false,&quot;hoverpause&quot;:false,&quot;show_slide_delay&quot;:0,&quot;slide_height&quot;:&quot;100&quot;,&quot;image_attachment&quot;:&quot;scroll&quot;}\"  itemprop=\"image\" itemscope=\"itemscope\" itemtype=\"https:\/\/schema.org\/ImageObject\" ><ul class='avia-slideshow-inner ' style='padding-bottom: 56.266666666667%;'><li style='background-position:bottom center;' data-img-url='https:\/\/www.buendnerfleisch.swiss\/wp-content\/uploads\/2018\/07\/buendnerfleisch_180717165638-1-1500x844.jpg' class='avia-slideshow-slide av-oeqc3p-a12c5f6d8caedd1d42c5696e949e123e__0  av-single-slide slide-1 slide-odd'><div data-rel='slideshow-1' class='avia-slide-wrap '   ><\/div><\/li><\/ul><div class='av-slideshow-caption av-oeqc3p-a12c5f6d8caedd1d42c5696e949e123e__0 caption_fullwidth caption_bottom'><div class=\"container caption_container\"><div class=\"slideshow_caption\"><div class=\"slideshow_inner_caption\"><div class=\"slideshow_align_caption\"><h2 class='avia-caption-title '  itemprop=\"name\" >Raguth Tscharner Ulrich Fleischtrocknerei<\/h2><div class='avia-caption-content '  itemprop=\"description\" ><p>Viande des Grisons<\/p>\n<\/div><\/div><\/div><\/div><\/div><\/div><\/div><\/div><div id='after_full_slider_1'  class='main_color av_default_container_wrap container_wrap fullsize'  ><div class='container av-section-cont-open' ><div class='template-page content  av-content-full alpha units'><div class='post-entry post-entry-type-page post-entry-1589'><div class='entry-content-wrapper clearfix'>\n<div  class='flex_column av-kv7pr9-dd49a94ff25baf2724776adbf7311591 av_one_fifth  avia-builder-el-1  el_after_av_fullscreen  el_before_av_three_fifth  avia-builder-el-first  first flex_column_div  '     ><\/div>\n<div  class='flex_column av-j5wa5x-8f10f848a73133401411a67d5c7a60bb av_three_fifth  avia-builder-el-2  el_after_av_one_fifth  el_before_av_one_fifth  flex_column_div  '     ><section  class='av_textblock_section av-lz88d9gn-1305561473ce362e9940edf34c6ff7b4 '   itemscope=\"itemscope\" itemtype=\"https:\/\/schema.org\/CreativeWork\" ><div class='avia_textblock lead'  itemprop=\"text\" ><p>Le site de s\u00e9chage de viande a \u00e9t\u00e9 ajout\u00e9 \u00e0 la petite exploitation agricole de la famille Raguth Tscharner en 1975. Pendant presque trente ans, Ulrich Raguth Tscharner a vendu sa propre viande sur le march\u00e9 hebdomadaire de Coire avec son \u00e9pouse Heidi. L&rsquo;\u00e9tablissement de Michael, le fils du couple, fait aussi partie des 13 exploitations agricoles qui fournissent le site de s\u00e9chage de viande de Scheid. Avec son \u00e9pouse Ursina et et leurs quatre enfants, mais aussi des apprentis, Michael Raguth Tscharner g\u00e8re une exploitation d&rsquo;environ 150 vaches et b\u0153ufs.<\/p>\n<\/div><\/section><\/div>\n<div  class='flex_column av-i3kto5-b3a6b7393d1c8d715984f3afa93b0318 av_one_fifth  avia-builder-el-4  el_after_av_three_fifth  el_before_av_section  avia-builder-el-last  flex_column_div  '     ><\/div>\n<\/div><\/div><\/div><!-- close content main div --><\/div><\/div><div id='kurzportrait'  class='avia-section av-g9qplh-97a6094644bd53b4e9848e0e5454e1ee main_color avia-section-no-padding avia-no-border-styling  avia-builder-el-5  el_after_av_one_fifth  el_before_av_section  avia-bg-style-scroll container_wrap fullsize'  ><div class='container av-section-cont-open' ><div class='template-page content  av-content-full alpha units'><div class='post-entry post-entry-type-page post-entry-1589'><div class='entry-content-wrapper clearfix'>\n<div class='flex_column_table av-dqqls5-33b85266922d8425ef3c2286bdb40b6f sc-av_one_full av-equal-height-column-flextable'>\n<style type=\"text\/css\" data-created_by=\"avia_inline_auto\" id=\"style-css-av-dqqls5-33b85266922d8425ef3c2286bdb40b6f\">\n.flex_column.av-dqqls5-33b85266922d8425ef3c2286bdb40b6f{\nborder-radius:0px 0px 0px 0px;\npadding:0px 0px 0px 0px;\n}\n<\/style>\n<div  class='flex_column av-dqqls5-33b85266922d8425ef3c2286bdb40b6f av_one_full  avia-builder-el-6  avia-builder-el-no-sibling  first no_margin flex_column_table_cell av-equal-height-column av-align-top av-zero-column-padding  '     ><section  class='av_textblock_section av-lz72s88k-17b9987c63f7d3b77a09ddf3ae928f8f '   itemscope=\"itemscope\" itemtype=\"https:\/\/schema.org\/CreativeWork\" ><div class='avia_textblock'  itemprop=\"text\" ><h2>Portrait<\/h2>\n<h3>Raguth Tscharner Ulrich Fleischtrocknerei<\/h3>\n<\/div><\/section><br \/>\n<div  class='avia-builder-widget-area clearfix  avia-builder-el-8  el_after_av_textblock  avia-builder-el-last '><div id=\"text-2\" class=\"widget clearfix widget_text\">\t\t\t<div class=\"textwidget\"><ul class=\"m--advantages\"><\/ul>\n<\/div>\n\t\t<\/div><\/div><\/p><\/div><\/div><!--close column table wrapper. Autoclose: 1 -->\n\n<\/div><\/div><\/div><!-- close content main div --><\/div><\/div><div id='av_section_2'  class='avia-section av-aefz05-8857c7862e4cfb792e0ac2f8f3a1bdb0 main_color avia-section-default avia-no-border-styling  avia-builder-el-9  el_after_av_section  el_before_av_section  galerie_outer avia-bg-style-scroll container_wrap fullsize'  ><div class='container av-section-cont-open' ><div class='template-page content  av-content-full alpha units'><div class='post-entry post-entry-type-page post-entry-1589'><div class='entry-content-wrapper clearfix'>\n<\/div><\/div><\/div><!-- close content main div --><\/div><\/div><div id='kontakt'  class='avia-section av-wt8dh-2af86812b81003f758a6714d08b7993a main_color avia-section-no-padding avia-no-border-styling  avia-builder-el-10  el_after_av_section  avia-builder-el-last  avia-bg-style-scroll container_wrap fullsize'  ><div class='container av-section-cont-open' ><div class='template-page content  av-content-full alpha units'><div class='post-entry post-entry-type-page post-entry-1589'><div class='entry-content-wrapper clearfix'>\n<div class='flex_column_table av-t09th-8d89ed9ded0723c3e9b00fa95922651f sc-av_three_fifth av-equal-height-column-flextable'>\n<style type=\"text\/css\" data-created_by=\"avia_inline_auto\" id=\"style-css-av-t09th-8d89ed9ded0723c3e9b00fa95922651f\">\n.flex_column.av-t09th-8d89ed9ded0723c3e9b00fa95922651f{\nborder-radius:0px 0px 0px 0px;\npadding:0px 0px 0px 0px;\n}\n<\/style>\n<div  class='flex_column av-t09th-8d89ed9ded0723c3e9b00fa95922651f av_three_fifth  avia-builder-el-11  el_before_av_two_fifth  avia-builder-el-first  first no_margin flex_column_table_cell av-equal-height-column av-align-top av-zero-column-padding  '     ><div  class='av_gmaps_sc_main_wrap av_gmaps_main_wrap '><div id='av_gmap_0' class='avia-google-map-container avia-google-map-sc av_gmaps_show_unconditionally av-no-fallback-img ' data-mapid='av_gmap_0'  style='padding-bottom: 100%;'><a class=\"av_gmaps_browser_disabled av_text_confirm_link av_text_confirm_link_visible\" href=\"https:\/\/www.google.com\/maps\/search\/?api=1&#038;query=Leulas%2010%20%207499%20Scheid\" target=\"_blank\" rel=\"noopener\">Les cartes ont \u00e9t\u00e9 d\u00e9sactiv\u00e9es par le visiteur sur ce site. Cliquer pour ouvrir la carte dans une nouvelle fen\u00eatre.<\/a><\/div><\/div><\/div>\n<style type=\"text\/css\" data-created_by=\"avia_inline_auto\" id=\"style-css-av-2k4ndh-af7b0a26fac07c5fdd4a3c92d1da5a6b\">\n.flex_column.av-2k4ndh-af7b0a26fac07c5fdd4a3c92d1da5a6b{\nborder-radius:0px 0px 0px 0px;\npadding:0px 0px 0px 0px;\nbackground-color:#ffffff;\n}\n<\/style>\n<div  class='flex_column av-2k4ndh-af7b0a26fac07c5fdd4a3c92d1da5a6b av_two_fifth  avia-builder-el-13  el_after_av_three_fifth  avia-builder-el-last  no_margin flex_column_table_cell av-equal-height-column av-align-top av-zero-column-padding  '     ><section  class='av_textblock_section av-lz72sbpw-74775d83d10a034d7656c7799f07d616 '   itemscope=\"itemscope\" itemtype=\"https:\/\/schema.org\/CreativeWork\" ><div class='avia_textblock'  itemprop=\"text\" ><h2>Contact<\/h2>\n<p>Raguth Tscharner Ulrich<br \/>\nFleischtrocknerei<br \/>\nLeulas 10<br \/>\n7499 Scheid<\/p>\n<p>Tel: 081 655 16 96<\/p>\n<\/div><\/section><\/div><\/div><!--close column table wrapper. Autoclose: 1 -->\n\n","protected":false},"excerpt":{"rendered":"","protected":false},"featured_media":1591,"comment_status":"closed","ping_status":"closed","template":"","tags":[57,56,65,54,55],"portfolio_entries":[],"class_list":["post-1589","portfolio","type-portfolio","status-publish","has-post-thumbnail","hentry","tag-production-fr","tag-production-toute-lannee","tag-sechage-naturel","tag-viande-provenant-de-suisse","tag-viande-provenant-des-grisons"],"yoast_head":"<!-- This site is optimized with the Yoast SEO plugin v23.4 - https:\/\/yoast.com\/wordpress\/plugins\/seo\/ -->\n<title>Raguth Tscharner Ulrich - B\u00fcndnerfleisch<\/title>\n<meta name=\"robots\" content=\"index, follow, max-snippet:-1, max-image-preview:large, max-video-preview:-1\" \/>\n<link rel=\"canonical\" href=\"https:\/\/www.buendnerfleisch.swiss\/fr\/rezept\/mitglieder\/raguth-tscharner-ulrich\/\" \/>\n<meta property=\"og:locale\" content=\"fr_FR\" \/>\n<meta property=\"og:type\" content=\"article\" \/>\n<meta property=\"og:title\" content=\"Raguth Tscharner Ulrich - B\u00fcndnerfleisch\" \/>\n<meta property=\"og:url\" content=\"https:\/\/www.buendnerfleisch.swiss\/fr\/rezept\/mitglieder\/raguth-tscharner-ulrich\/\" \/>\n<meta property=\"og:site_name\" content=\"B\u00fcndnerfleisch\" \/>\n<meta property=\"article:modified_time\" content=\"2024-08-08T09:07:52+00:00\" \/>\n<meta property=\"og:image\" content=\"https:\/\/www.buendnerfleisch.swiss\/wp-content\/uploads\/2018\/07\/buendnerfleisch_180717165638_beitrag.jpg\" \/>\n\t<meta property=\"og:image:width\" content=\"1125\" \/>\n\t<meta property=\"og:image:height\" content=\"1125\" \/>\n\t<meta property=\"og:image:type\" content=\"image\/jpeg\" \/>\n<meta name=\"twitter:card\" content=\"summary_large_image\" \/>\n<meta name=\"twitter:label1\" content=\"Dur\u00e9e de lecture estim\u00e9e\" \/>\n\t<meta name=\"twitter:data1\" content=\"1 minute\" \/>\n<script type=\"application\/ld+json\" class=\"yoast-schema-graph\">{\"@context\":\"https:\/\/schema.org\",\"@graph\":[{\"@type\":\"WebPage\",\"@id\":\"https:\/\/www.buendnerfleisch.swiss\/fr\/rezept\/mitglieder\/raguth-tscharner-ulrich\/\",\"url\":\"https:\/\/www.buendnerfleisch.swiss\/fr\/rezept\/mitglieder\/raguth-tscharner-ulrich\/\",\"name\":\"Raguth Tscharner Ulrich - B\u00fcndnerfleisch\",\"isPartOf\":{\"@id\":\"https:\/\/www.buendnerfleisch.swiss\/#website\"},\"primaryImageOfPage\":{\"@id\":\"https:\/\/www.buendnerfleisch.swiss\/fr\/rezept\/mitglieder\/raguth-tscharner-ulrich\/#primaryimage\"},\"image\":{\"@id\":\"https:\/\/www.buendnerfleisch.swiss\/fr\/rezept\/mitglieder\/raguth-tscharner-ulrich\/#primaryimage\"},\"thumbnailUrl\":\"https:\/\/www.buendnerfleisch.swiss\/wp-content\/uploads\/2018\/07\/buendnerfleisch_180717165638_beitrag.jpg\",\"datePublished\":\"2018-08-09T07:42:49+00:00\",\"dateModified\":\"2024-08-08T09:07:52+00:00\",\"breadcrumb\":{\"@id\":\"https:\/\/www.buendnerfleisch.swiss\/fr\/rezept\/mitglieder\/raguth-tscharner-ulrich\/#breadcrumb\"},\"inLanguage\":\"fr-FR\",\"potentialAction\":[{\"@type\":\"ReadAction\",\"target\":[\"https:\/\/www.buendnerfleisch.swiss\/fr\/rezept\/mitglieder\/raguth-tscharner-ulrich\/\"]}]},{\"@type\":\"ImageObject\",\"inLanguage\":\"fr-FR\",\"@id\":\"https:\/\/www.buendnerfleisch.swiss\/fr\/rezept\/mitglieder\/raguth-tscharner-ulrich\/#primaryimage\",\"url\":\"https:\/\/www.buendnerfleisch.swiss\/wp-content\/uploads\/2018\/07\/buendnerfleisch_180717165638_beitrag.jpg\",\"contentUrl\":\"https:\/\/www.buendnerfleisch.swiss\/wp-content\/uploads\/2018\/07\/buendnerfleisch_180717165638_beitrag.jpg\",\"width\":1125,\"height\":1125},{\"@type\":\"BreadcrumbList\",\"@id\":\"https:\/\/www.buendnerfleisch.swiss\/fr\/rezept\/mitglieder\/raguth-tscharner-ulrich\/#breadcrumb\",\"itemListElement\":[{\"@type\":\"ListItem\",\"position\":1,\"name\":\"Startseite\",\"item\":\"https:\/\/www.buendnerfleisch.swiss\/fr\/\"},{\"@type\":\"ListItem\",\"position\":2,\"name\":\"Raguth Tscharner Ulrich\"}]},{\"@type\":\"WebSite\",\"@id\":\"https:\/\/www.buendnerfleisch.swiss\/#website\",\"url\":\"https:\/\/www.buendnerfleisch.swiss\/\",\"name\":\"B\u00fcndnerfleisch\",\"description\":\"Verband B\u00fcndner Fleischfabrikanten  VBF\",\"potentialAction\":[{\"@type\":\"SearchAction\",\"target\":{\"@type\":\"EntryPoint\",\"urlTemplate\":\"https:\/\/www.buendnerfleisch.swiss\/?s={search_term_string}\"},\"query-input\":{\"@type\":\"PropertyValueSpecification\",\"valueRequired\":true,\"valueName\":\"search_term_string\"}}],\"inLanguage\":\"fr-FR\"}]}<\/script>\n<!-- \/ Yoast SEO plugin. -->","yoast_head_json":{"title":"Raguth Tscharner Ulrich - B\u00fcndnerfleisch","robots":{"index":"index","follow":"follow","max-snippet":"max-snippet:-1","max-image-preview":"max-image-preview:large","max-video-preview":"max-video-preview:-1"},"canonical":"https:\/\/www.buendnerfleisch.swiss\/fr\/rezept\/mitglieder\/raguth-tscharner-ulrich\/","og_locale":"fr_FR","og_type":"article","og_title":"Raguth Tscharner Ulrich - B\u00fcndnerfleisch","og_url":"https:\/\/www.buendnerfleisch.swiss\/fr\/rezept\/mitglieder\/raguth-tscharner-ulrich\/","og_site_name":"B\u00fcndnerfleisch","article_modified_time":"2024-08-08T09:07:52+00:00","og_image":[{"width":1125,"height":1125,"url":"https:\/\/www.buendnerfleisch.swiss\/wp-content\/uploads\/2018\/07\/buendnerfleisch_180717165638_beitrag.jpg","type":"image\/jpeg"}],"twitter_card":"summary_large_image","twitter_misc":{"Dur\u00e9e de lecture estim\u00e9e":"1 minute"},"schema":{"@context":"https:\/\/schema.org","@graph":[{"@type":"WebPage","@id":"https:\/\/www.buendnerfleisch.swiss\/fr\/rezept\/mitglieder\/raguth-tscharner-ulrich\/","url":"https:\/\/www.buendnerfleisch.swiss\/fr\/rezept\/mitglieder\/raguth-tscharner-ulrich\/","name":"Raguth Tscharner Ulrich - B\u00fcndnerfleisch","isPartOf":{"@id":"https:\/\/www.buendnerfleisch.swiss\/#website"},"primaryImageOfPage":{"@id":"https:\/\/www.buendnerfleisch.swiss\/fr\/rezept\/mitglieder\/raguth-tscharner-ulrich\/#primaryimage"},"image":{"@id":"https:\/\/www.buendnerfleisch.swiss\/fr\/rezept\/mitglieder\/raguth-tscharner-ulrich\/#primaryimage"},"thumbnailUrl":"https:\/\/www.buendnerfleisch.swiss\/wp-content\/uploads\/2018\/07\/buendnerfleisch_180717165638_beitrag.jpg","datePublished":"2018-08-09T07:42:49+00:00","dateModified":"2024-08-08T09:07:52+00:00","breadcrumb":{"@id":"https:\/\/www.buendnerfleisch.swiss\/fr\/rezept\/mitglieder\/raguth-tscharner-ulrich\/#breadcrumb"},"inLanguage":"fr-FR","potentialAction":[{"@type":"ReadAction","target":["https:\/\/www.buendnerfleisch.swiss\/fr\/rezept\/mitglieder\/raguth-tscharner-ulrich\/"]}]},{"@type":"ImageObject","inLanguage":"fr-FR","@id":"https:\/\/www.buendnerfleisch.swiss\/fr\/rezept\/mitglieder\/raguth-tscharner-ulrich\/#primaryimage","url":"https:\/\/www.buendnerfleisch.swiss\/wp-content\/uploads\/2018\/07\/buendnerfleisch_180717165638_beitrag.jpg","contentUrl":"https:\/\/www.buendnerfleisch.swiss\/wp-content\/uploads\/2018\/07\/buendnerfleisch_180717165638_beitrag.jpg","width":1125,"height":1125},{"@type":"BreadcrumbList","@id":"https:\/\/www.buendnerfleisch.swiss\/fr\/rezept\/mitglieder\/raguth-tscharner-ulrich\/#breadcrumb","itemListElement":[{"@type":"ListItem","position":1,"name":"Startseite","item":"https:\/\/www.buendnerfleisch.swiss\/fr\/"},{"@type":"ListItem","position":2,"name":"Raguth Tscharner Ulrich"}]},{"@type":"WebSite","@id":"https:\/\/www.buendnerfleisch.swiss\/#website","url":"https:\/\/www.buendnerfleisch.swiss\/","name":"B\u00fcndnerfleisch","description":"Verband B\u00fcndner Fleischfabrikanten  VBF","potentialAction":[{"@type":"SearchAction","target":{"@type":"EntryPoint","urlTemplate":"https:\/\/www.buendnerfleisch.swiss\/?s={search_term_string}"},"query-input":{"@type":"PropertyValueSpecification","valueRequired":true,"valueName":"search_term_string"}}],"inLanguage":"fr-FR"}]}},"_links":{"self":[{"href":"https:\/\/www.buendnerfleisch.swiss\/fr\/wp-json\/wp\/v2\/portfolio\/1589"}],"collection":[{"href":"https:\/\/www.buendnerfleisch.swiss\/fr\/wp-json\/wp\/v2\/portfolio"}],"about":[{"href":"https:\/\/www.buendnerfleisch.swiss\/fr\/wp-json\/wp\/v2\/types\/portfolio"}],"replies":[{"embeddable":true,"href":"https:\/\/www.buendnerfleisch.swiss\/fr\/wp-json\/wp\/v2\/comments?post=1589"}],"version-history":[{"count":6,"href":"https:\/\/www.buendnerfleisch.swiss\/fr\/wp-json\/wp\/v2\/portfolio\/1589\/revisions"}],"predecessor-version":[{"id":3515,"href":"https:\/\/www.buendnerfleisch.swiss\/fr\/wp-json\/wp\/v2\/portfolio\/1589\/revisions\/3515"}],"wp:featuredmedia":[{"embeddable":true,"href":"https:\/\/www.buendnerfleisch.swiss\/fr\/wp-json\/wp\/v2\/media\/1591"}],"wp:attachment":[{"href":"https:\/\/www.buendnerfleisch.swiss\/fr\/wp-json\/wp\/v2\/media?parent=1589"}],"wp:term":[{"taxonomy":"post_tag","embeddable":true,"href":"https:\/\/www.buendnerfleisch.swiss\/fr\/wp-json\/wp\/v2\/tags?post=1589"},{"taxonomy":"portfolio_entries","embeddable":true,"href":"https:\/\/www.buendnerfleisch.swiss\/fr\/wp-json\/wp\/v2\/portfolio_entries?post=1589"}],"curies":[{"name":"wp","href":"https:\/\/api.w.org\/{rel}","templated":true}]}}